{"id":54213,"date":"2026-08-31T13:27:59","date_gmt":"2026-08-31T10:27:59","guid":{"rendered":"https:\/\/www.tuky.fi\/etusivu\/?post_type=tribe_events&#038;p=54213"},"modified":"2026-08-31T13:39:05","modified_gmt":"2026-08-31T10:39:05","slug":"pupulikointi-08-09","status":"publish","type":"tribe_events","link":"https:\/\/www.tuky.fi\/etusivu\/tapahtumat\/pupulikointi-08-09\/","title":{"rendered":"Pupulikointi 08.09."},"content":{"rendered":"<p>&nbsp;<\/p>\n<p><em>(in English below)<\/em><\/p>\n<p><strong>Upeeta alkanutta viikkoa puput!!!!<\/strong><\/p>\n<p><em>Pikkuhiljaa on orientaatioviikon synnit kylvetty pois ja on aika alkaa pohtia, miten selvi\u00e4\u00e4 ensimm\u00e4isest\u00e4 periodista, kun pit\u00e4isi jaksaa opiskellakin. TSEl\u00e4isi\u00e4 olisi kiva kuitenkin n\u00e4hd\u00e4 tapahtuman merkeiss\u00e4, mutta t\u00e4h\u00e4n v\u00e4liin sopisi yksi darraton p\u00e4iv\u00e4. Mik\u00e4 avuksi tapahtuma himoon ja syksyn akateemiseen Lock Iniin??????????<\/em><\/p>\n<p>No todellaki\u00a0<strong>SAWUSAUNAN SYKSYN EKA TAPAHTUMA PUPULIKOINTI.\u00a0<\/strong>Syksyn rennoin tapahtuma l\u00e4mpenee<strong>\u00a0Ispoisten uimarannan\u00a0<\/strong>maalausmaisissa maisemissa. Laita siis kalenteriin<strong>\u00a0Pupulikointi tiistaina 08.09.<\/strong>, sill\u00e4 suuntana on<strong>\u00a0Ispoisten sauna klo 18.45\u00a0<\/strong>alkaen ja l\u00f6yly\u00e4 riitt\u00e4\u00e4 aina 20.45 asti.<\/p>\n<p>Paikan p\u00e4\u00e4ll\u00e4 odottaa rento meininki, mukavaa seuraa ja pient\u00e4 tarjoilua.\u00a0<strong>Liput kustantavat vain 12 \u20ac (Sawusaunan j\u00e4senille 10\u20ac)<\/strong>, joten \u00e4l\u00e4 missaa t\u00e4t\u00e4 t\u00e4ydellist\u00e4 mahdollisuutta unohtaa tenttikirjat ja nauttia hyv\u00e4st\u00e4 seurasta ja virkist\u00e4v\u00e4st\u00e4 merivedest\u00e4 unohtamatta l\u00e4mpimi\u00e4 l\u00f6ylyj\u00e4!<\/p>\n<p>Lipunmyynti tapahtuu formsin kautta\u00a0<strong>tiistaina 01.09. klo 11<\/strong>. Lipunmyyntilinkki tulee l\u00f6ytym\u00e4\u00e4n my\u00f6s Sawusaunan Instagramista myyntip\u00e4iv\u00e4n\u00e4<strong>\u00a0(@sawusauna)<\/strong>.<\/p>\n<p>Ispoisten uimarannalle p\u00e4\u00e4see esimerkiksi F\u00f6lin kyyditt\u00e4m\u00e4n\u00e4 mm. linjoilla 13, 9 ja 13A. Oikea pys\u00e4kki on Rusthollinkatu tai Rykmentintie linjasta riippuen. Bussimatka kest\u00e4\u00e4 keskustasta noin 15 minuuttia. Rannalla on my\u00f6s parkkitilaa, jos saavut omalla autolla.<\/p>\n<p>Osallistuessasi TuKYn alaiseen tapahtumaan sitoudut noudattamaan yhdistyksen\u00a0<a href=\"https:\/\/www.tuky.fi\/wp-content\/uploads\/2026\/01\/Turun-KY-Code-of-Conduct-2026.pdf\"><strong>Code of TuKY\u00a0<\/strong><\/a>-dokumenttia ja sen mukaisia toimintaperiaatteita.<\/p>\n<p><strong>MIT\u00c4:<\/strong>\u00a0Pupulikointi<\/p>\n<p><strong>MISS\u00c4:<\/strong>\u00a0Ispoisten sauna, Rykmentintie 51<\/p>\n<p><strong>MILLOIN:<\/strong>\u00a0Tiistai 08.09.2026<\/p>\n<p><strong>MIT\u00c4\u00a0P\u00c4\u00c4LLE:<\/strong>\u00a0uikkarit, salama mcqueen sl\u00e4b\u00e4rit(optional)<\/p>\n<p><strong>MIT\u00c4\u00a0MAKSAA:<\/strong>\u00a010\u20ac Sawusaunan j\u00e4senille, muille 12\u20ac<\/p>\n<p><strong>MIKSI:<\/strong>\u00a0\u201dno emm\u00e4 jaksa, ku siit tulee kauhee olo sit\u201d ei oo en\u00e4\u00e4 tekosyy<\/p>\n<p><strong>MUUTA<\/strong>: vain pulikoiville pupuille<\/p>\n<p>Muista, saunan takana on aina tilaa.<\/p>\n<p>***<\/p>\n<p><strong>Amazing start of a week for you Bunnies!!!!<\/strong><\/p>\n<p><em>We\u2019ve slowly shaken off the stress of orientation week, and it\u2019s time to start thinking about how to get through the first week of classes while still finding the energy to study. It would be nice to see some of you at the event, but a day off hangover would be perfect right now. What\u2019s the perfect remedy for event cravings and the academic \u201cLock In\u201d of fall??????????<\/em><\/p>\n<p>Well, of course,\u00a0<strong>SAWUSAUNA\u2019S FIRST FALL EVENT: PUPULIKOINTI<\/strong>. The most laid-back event of the fall will take place against the picturesque backdrop of\u00a0<strong>Ispoisten Beach<\/strong>. So, mark your calendars for\u00a0<strong>Pupulikointi<\/strong>\u00a0on\u00a0<strong>Tuesday 08.09<\/strong>, we\u2019ll be heading to\u00a0<strong>the Ispoisten sauna starting at<\/strong>\u00a0<strong>18:45<\/strong>, and the steam will keep going until 20.45.<\/p>\n<p>A laid-back vibe, great company, and light refreshments await you there. Tickets are only \u20ac12 (\u20ac10 for Sawusauna members), so don\u2019t miss this perfect opportunity to put your study materials aside and enjoy good company and refreshing seawater\u2014not to mention the warm sauna steam!<\/p>\n<p>Tickets will go on sale via Forms on Tuesday, September 1, at 11:00. The ticket sales link will also be available on Sawusauna\u2019s Instagram on the day of sale (@sawusauna).<\/p>\n<p>You can get to Ispoisten Beach by F\u00f6li bus, for example, on routes 13, 9, and 13A. The correct stop is Rusthollinkatu or Rykmentintie, depending on the route. The bus ride from downtown takes about 15 minutes. There\u2019s also parking available at the beach if you\u2019re driving your own car.<\/p>\n<p>By participating in an event organized by TuKY, you agree to abide by the association\u2019s\u00a0<a href=\"https:\/\/www.tuky.fi\/wp-content\/uploads\/2026\/01\/Turun-KY-Code-of-Conduct-2026.pdf\">Code of TuKY document<\/a>\u00a0and the operating principles outlined therein.<\/p>\n<p><strong>WHAT:<\/strong>\u00a0Pupulikointi<\/p>\n<p><strong>WHERE:<\/strong>\u00a0Ispoisten Sauna, Rykmentintie 51<\/p>\n<p><strong>WHEN:<\/strong>\u00a0Tuesday, September 8, 2026<\/p>\n<p><strong>WHAT TO WEAR:<\/strong>\u00a0swim trunks, Lightning McQueen crocs(optional)<\/p>\n<p>COST: \u20ac10 for Sawusauna members, \u20ac12 for others<\/p>\n<p><strong>WHY:<\/strong>\u00a0\u201cI can\u2019t be bothered\u2014it makes me feel terrible afterward\u201d is no longer an excuse<\/p>\n<p><strong>OTHER:<\/strong>\u00a0For Bunnies only<\/p>\n<p><span style=\"font-weight: 400;\">L\u00f6ylyterveisin,<\/span><\/p>\n<p style=\"font-weight: 400;\"><strong>Teemu Hoisko<\/strong><\/p>\n<p style=\"font-weight: 400;\">Sawusaunan puheenjohtaja<\/p>\n<p style=\"font-weight: 400;\">Tihois@utu.fi<\/p>\n<p style=\"font-weight: 400;\">SawuSauna<\/p>\n<p style=\"font-weight: 400;\">Turun kauppakorkeakoulun saunomis- ja rentoutumis kerho<\/p>\n","protected":false},"excerpt":{"rendered":"<p>&nbsp; (in English below) Upeeta alkanutta viikkoa puput!!!! Pikkuhiljaa on orientaatioviikon synnit kylvetty pois ja on aika alkaa pohtia, miten selvi\u00e4\u00e4 ensimm\u00e4isest\u00e4 periodista, kun pit\u00e4isi jaksaa opiskellakin. TSEl\u00e4isi\u00e4 olisi kiva [&hellip;]<\/p>\n","protected":false},"author":94,"featured_media":54216,"template":"","meta":{"_et_pb_use_builder":"","_et_pb_old_content":"","_et_gb_content_width":"","_tribe_events_status":"","_tribe_events_status_reason":"","footnotes":""},"tags":[],"tribe_events_cat":[597],"class_list":["post-54213","tribe_events","type-tribe_events","status-publish","has-post-thumbnail","hentry","tribe_events_cat-pupu-tapahtuma","cat_pupu-tapahtuma"],"yoast_head":"<!-- This site is optimized with the Yoast SEO plugin v27.2 - https:\/\/yoast.com\/product\/yoast-seo-wordpress\/ -->\n<title>Turun KY Pupulikointi 08.09.<\/title>\n<meta name=\"robots\" content=\"index, follow, max-snippet:-1, max-image-preview:large, max-video-preview:-1\" \/>\n<link rel=\"canonical\" href=\"https:\/\/www.tuky.fi\/etusivu\/tapahtumat\/pupulikointi-08-09\/\" \/>\n<meta property=\"og:locale\" content=\"fi_FI\" \/>\n<meta property=\"og:type\" content=\"article\" \/>\n<meta property=\"og:title\" content=\"Turun KY Pupulikointi 08.09.\" \/>\n<meta property=\"og:description\" content=\"&nbsp; (in English below) Upeeta alkanutta viikkoa puput!!!! Pikkuhiljaa on orientaatioviikon synnit kylvetty pois ja on aika alkaa pohtia, miten selvi\u00e4\u00e4 ensimm\u00e4isest\u00e4 periodista, kun pit\u00e4isi jaksaa opiskellakin. TSEl\u00e4isi\u00e4 olisi kiva [&hellip;]\" \/>\n<meta property=\"og:url\" content=\"https:\/\/www.tuky.fi\/etusivu\/tapahtumat\/pupulikointi-08-09\/\" \/>\n<meta property=\"og:site_name\" content=\"Turun KY\" \/>\n<meta property=\"article:modified_time\" content=\"2026-08-31T10:39:05+00:00\" \/>\n<meta property=\"og:image\" content=\"https:\/\/www.tuky.fi\/wp-content\/uploads\/2026\/08\/pupulikointisahkoposti.jpg\" \/>\n\t<meta property=\"og:image:width\" content=\"600\" \/>\n\t<meta property=\"og:image:height\" content=\"300\" \/>\n\t<meta property=\"og:image:type\" content=\"image\/jpeg\" \/>\n<meta name=\"twitter:card\" content=\"summary_large_image\" \/>\n<meta name=\"twitter:label1\" content=\"Arvioitu lukuaika\" \/>\n\t<meta name=\"twitter:data1\" content=\"4 minuuttia\" \/>\n<script type=\"application\/ld+json\" class=\"yoast-schema-graph\">{\"@context\":\"https:\/\/schema.org\",\"@graph\":[{\"@type\":\"WebPage\",\"@id\":\"https:\/\/www.tuky.fi\/etusivu\/tapahtumat\/pupulikointi-08-09\/\",\"url\":\"https:\/\/www.tuky.fi\/etusivu\/tapahtumat\/pupulikointi-08-09\/\",\"name\":\"Turun KY Pupulikointi 08.09.\",\"isPartOf\":{\"@id\":\"https:\/\/www.tuky.fi\/etusivu\/#website\"},\"primaryImageOfPage\":{\"@id\":\"https:\/\/www.tuky.fi\/etusivu\/tapahtumat\/pupulikointi-08-09\/#primaryimage\"},\"image\":{\"@id\":\"https:\/\/www.tuky.fi\/etusivu\/tapahtumat\/pupulikointi-08-09\/#primaryimage\"},\"thumbnailUrl\":\"https:\/\/www.tuky.fi\/wp-content\/uploads\/2026\/08\/pupulikointisahkoposti.jpg\",\"datePublished\":\"2026-08-31T10:27:59+00:00\",\"dateModified\":\"2026-08-31T10:39:05+00:00\",\"breadcrumb\":{\"@id\":\"https:\/\/www.tuky.fi\/etusivu\/tapahtumat\/pupulikointi-08-09\/#breadcrumb\"},\"inLanguage\":\"fi\",\"potentialAction\":[{\"@type\":\"ReadAction\",\"target\":[\"https:\/\/www.tuky.fi\/etusivu\/tapahtumat\/pupulikointi-08-09\/\"]}]},{\"@type\":\"ImageObject\",\"inLanguage\":\"fi\",\"@id\":\"https:\/\/www.tuky.fi\/etusivu\/tapahtumat\/pupulikointi-08-09\/#primaryimage\",\"url\":\"https:\/\/www.tuky.fi\/wp-content\/uploads\/2026\/08\/pupulikointisahkoposti.jpg\",\"contentUrl\":\"https:\/\/www.tuky.fi\/wp-content\/uploads\/2026\/08\/pupulikointisahkoposti.jpg\",\"width\":600,\"height\":300},{\"@type\":\"BreadcrumbList\",\"@id\":\"https:\/\/www.tuky.fi\/etusivu\/tapahtumat\/pupulikointi-08-09\/#breadcrumb\",\"itemListElement\":[{\"@type\":\"ListItem\",\"position\":1,\"name\":\"Etusivu\",\"item\":\"https:\/\/www.tuky.fi\/etusivu\/\"},{\"@type\":\"ListItem\",\"position\":2,\"name\":\"Tapahtumat\",\"item\":\"https:\/\/www.tuky.fi\/etusivu\/tapahtumakalenteri\/\"},{\"@type\":\"ListItem\",\"position\":3,\"name\":\"Pupulikointi 08.09.\"}]},{\"@type\":\"WebSite\",\"@id\":\"https:\/\/www.tuky.fi\/etusivu\/#website\",\"url\":\"https:\/\/www.tuky.fi\/etusivu\/\",\"name\":\"Turun KY\",\"description\":\"TuKY\",\"publisher\":{\"@id\":\"https:\/\/www.tuky.fi\/etusivu\/#organization\"},\"alternateName\":\"TuKY\",\"potentialAction\":[{\"@type\":\"SearchAction\",\"target\":{\"@type\":\"EntryPoint\",\"urlTemplate\":\"https:\/\/www.tuky.fi\/etusivu\/?s={search_term_string}\"},\"query-input\":{\"@type\":\"PropertyValueSpecification\",\"valueRequired\":true,\"valueName\":\"search_term_string\"}}],\"inLanguage\":\"fi\"},{\"@type\":\"Organization\",\"@id\":\"https:\/\/www.tuky.fi\/etusivu\/#organization\",\"name\":\"Turun KY\",\"alternateName\":\"TuKY\",\"url\":\"https:\/\/www.tuky.fi\/etusivu\/\",\"logo\":{\"@type\":\"ImageObject\",\"inLanguage\":\"fi\",\"@id\":\"https:\/\/www.tuky.fi\/etusivu\/#\/schema\/logo\/image\/\",\"url\":\"https:\/\/www.tuky.fi\/wp-content\/uploads\/2024\/09\/TuKY-logo-kulta-1.png\",\"contentUrl\":\"https:\/\/www.tuky.fi\/wp-content\/uploads\/2024\/09\/TuKY-logo-kulta-1.png\",\"width\":1080,\"height\":1080,\"caption\":\"Turun KY\"},\"image\":{\"@id\":\"https:\/\/www.tuky.fi\/etusivu\/#\/schema\/logo\/image\/\"},\"sameAs\":[\"https:\/\/instagram.com\/turunky\",\"https:\/\/linkedin.com\/turunky\"]}]}<\/script>\n<!-- \/ Yoast SEO plugin. -->","yoast_head_json":{"title":"Turun KY Pupulikointi 08.09.","robots":{"index":"index","follow":"follow","max-snippet":"max-snippet:-1","max-image-preview":"max-image-preview:large","max-video-preview":"max-video-preview:-1"},"canonical":"https:\/\/www.tuky.fi\/etusivu\/tapahtumat\/pupulikointi-08-09\/","og_locale":"fi_FI","og_type":"article","og_title":"Turun KY Pupulikointi 08.09.","og_description":"&nbsp; (in English below) Upeeta alkanutta viikkoa puput!!!! Pikkuhiljaa on orientaatioviikon synnit kylvetty pois ja on aika alkaa pohtia, miten selvi\u00e4\u00e4 ensimm\u00e4isest\u00e4 periodista, kun pit\u00e4isi jaksaa opiskellakin. TSEl\u00e4isi\u00e4 olisi kiva [&hellip;]","og_url":"https:\/\/www.tuky.fi\/etusivu\/tapahtumat\/pupulikointi-08-09\/","og_site_name":"Turun KY","article_modified_time":"2026-08-31T10:39:05+00:00","og_image":[{"width":600,"height":300,"url":"https:\/\/www.tuky.fi\/wp-content\/uploads\/2026\/08\/pupulikointisahkoposti.jpg","type":"image\/jpeg"}],"twitter_card":"summary_large_image","twitter_misc":{"Arvioitu lukuaika":"4 minuuttia"},"schema":{"@context":"https:\/\/schema.org","@graph":[{"@type":"WebPage","@id":"https:\/\/www.tuky.fi\/etusivu\/tapahtumat\/pupulikointi-08-09\/","url":"https:\/\/www.tuky.fi\/etusivu\/tapahtumat\/pupulikointi-08-09\/","name":"Turun KY Pupulikointi 08.09.","isPartOf":{"@id":"https:\/\/www.tuky.fi\/etusivu\/#website"},"primaryImageOfPage":{"@id":"https:\/\/www.tuky.fi\/etusivu\/tapahtumat\/pupulikointi-08-09\/#primaryimage"},"image":{"@id":"https:\/\/www.tuky.fi\/etusivu\/tapahtumat\/pupulikointi-08-09\/#primaryimage"},"thumbnailUrl":"https:\/\/www.tuky.fi\/wp-content\/uploads\/2026\/08\/pupulikointisahkoposti.jpg","datePublished":"2026-08-31T10:27:59+00:00","dateModified":"2026-08-31T10:39:05+00:00","breadcrumb":{"@id":"https:\/\/www.tuky.fi\/etusivu\/tapahtumat\/pupulikointi-08-09\/#breadcrumb"},"inLanguage":"fi","potentialAction":[{"@type":"ReadAction","target":["https:\/\/www.tuky.fi\/etusivu\/tapahtumat\/pupulikointi-08-09\/"]}]},{"@type":"ImageObject","inLanguage":"fi","@id":"https:\/\/www.tuky.fi\/etusivu\/tapahtumat\/pupulikointi-08-09\/#primaryimage","url":"https:\/\/www.tuky.fi\/wp-content\/uploads\/2026\/08\/pupulikointisahkoposti.jpg","contentUrl":"https:\/\/www.tuky.fi\/wp-content\/uploads\/2026\/08\/pupulikointisahkoposti.jpg","width":600,"height":300},{"@type":"BreadcrumbList","@id":"https:\/\/www.tuky.fi\/etusivu\/tapahtumat\/pupulikointi-08-09\/#breadcrumb","itemListElement":[{"@type":"ListItem","position":1,"name":"Etusivu","item":"https:\/\/www.tuky.fi\/etusivu\/"},{"@type":"ListItem","position":2,"name":"Tapahtumat","item":"https:\/\/www.tuky.fi\/etusivu\/tapahtumakalenteri\/"},{"@type":"ListItem","position":3,"name":"Pupulikointi 08.09."}]},{"@type":"WebSite","@id":"https:\/\/www.tuky.fi\/etusivu\/#website","url":"https:\/\/www.tuky.fi\/etusivu\/","name":"Turun KY","description":"TuKY","publisher":{"@id":"https:\/\/www.tuky.fi\/etusivu\/#organization"},"alternateName":"TuKY","potentialAction":[{"@type":"SearchAction","target":{"@type":"EntryPoint","urlTemplate":"https:\/\/www.tuky.fi\/etusivu\/?s={search_term_string}"},"query-input":{"@type":"PropertyValueSpecification","valueRequired":true,"valueName":"search_term_string"}}],"inLanguage":"fi"},{"@type":"Organization","@id":"https:\/\/www.tuky.fi\/etusivu\/#organization","name":"Turun KY","alternateName":"TuKY","url":"https:\/\/www.tuky.fi\/etusivu\/","logo":{"@type":"ImageObject","inLanguage":"fi","@id":"https:\/\/www.tuky.fi\/etusivu\/#\/schema\/logo\/image\/","url":"https:\/\/www.tuky.fi\/wp-content\/uploads\/2024\/09\/TuKY-logo-kulta-1.png","contentUrl":"https:\/\/www.tuky.fi\/wp-content\/uploads\/2024\/09\/TuKY-logo-kulta-1.png","width":1080,"height":1080,"caption":"Turun KY"},"image":{"@id":"https:\/\/www.tuky.fi\/etusivu\/#\/schema\/logo\/image\/"},"sameAs":["https:\/\/instagram.com\/turunky","https:\/\/linkedin.com\/turunky"]}]}},"lang":"fi","translations":{"fi":54213},"pll_sync_post":[],"_links":{"self":[{"href":"https:\/\/www.tuky.fi\/etusivu\/wp-json\/wp\/v2\/tribe_events\/54213","targetHints":{"allow":["GET"]}}],"collection":[{"href":"https:\/\/www.tuky.fi\/etusivu\/wp-json\/wp\/v2\/tribe_events"}],"about":[{"href":"https:\/\/www.tuky.fi\/etusivu\/wp-json\/wp\/v2\/types\/tribe_events"}],"author":[{"embeddable":true,"href":"https:\/\/www.tuky.fi\/etusivu\/wp-json\/wp\/v2\/users\/94"}],"version-history":[{"count":4,"href":"https:\/\/www.tuky.fi\/etusivu\/wp-json\/wp\/v2\/tribe_events\/54213\/revisions"}],"predecessor-version":[{"id":54219,"href":"https:\/\/www.tuky.fi\/etusivu\/wp-json\/wp\/v2\/tribe_events\/54213\/revisions\/54219"}],"wp:featuredmedia":[{"embeddable":true,"href":"https:\/\/www.tuky.fi\/etusivu\/wp-json\/wp\/v2\/media\/54216"}],"wp:attachment":[{"href":"https:\/\/www.tuky.fi\/etusivu\/wp-json\/wp\/v2\/media?parent=54213"}],"wp:term":[{"taxonomy":"post_tag","embeddable":true,"href":"https:\/\/www.tuky.fi\/etusivu\/wp-json\/wp\/v2\/tags?post=54213"},{"taxonomy":"tribe_events_cat","embeddable":true,"href":"https:\/\/www.tuky.fi\/etusivu\/wp-json\/wp\/v2\/tribe_events_cat?post=54213"}],"curies":[{"name":"wp","href":"https:\/\/api.w.org\/{rel}","templated":true}]}}