{"id":22999,"date":"2017-07-20T22:14:34","date_gmt":"2017-07-20T19:14:34","guid":{"rendered":"http:\/\/www.tuky.fi\/?page_id=22999"},"modified":"2026-04-16T20:09:59","modified_gmt":"2026-04-16T17:09:59","slug":"ylioppilaskunnan-hallitukset","status":"publish","type":"page","link":"https:\/\/www.tuky.fi\/etusivu\/ylioppilaskunnan-hallitukset\/","title":{"rendered":"Vanhat luottamushenkil\u00f6t"},"content":{"rendered":"<p>[et_pb_section fb_built=&#8221;1&#8243; fullwidth=&#8221;on&#8221; _builder_version=&#8221;4.16&#8243; global_colors_info=&#8221;{}&#8221;][et_pb_fullwidth_slider _builder_version=&#8221;4.27.4&#8243; custom_padding=&#8221;|||&#8221; custom_padding_tablet=&#8221;|||&#8221; custom_padding_phone=&#8221;|||&#8221; box_shadow_style=&#8221;preset6&#8243; box_shadow_blur=&#8221;10px&#8221; box_shadow_color=&#8221;rgba(0,0,0,0.1)&#8221; show_inner_shadow=&#8221;on&#8221; global_colors_info=&#8221;{}&#8221; button_text_size__hover_enabled=&#8221;off&#8221; button_one_text_size__hover_enabled=&#8221;off&#8221; button_two_text_size__hover_enabled=&#8221;off&#8221; button_text_color__hover_enabled=&#8221;off&#8221; button_one_text_color__hover_enabled=&#8221;off&#8221; button_two_text_color__hover_enabled=&#8221;off&#8221; button_border_width__hover_enabled=&#8221;off&#8221; button_one_border_width__hover_enabled=&#8221;off&#8221; button_two_border_width__hover_enabled=&#8221;off&#8221; button_border_color__hover_enabled=&#8221;off&#8221; button_one_border_color__hover_enabled=&#8221;off&#8221; button_two_border_color__hover_enabled=&#8221;off&#8221; button_border_radius__hover_enabled=&#8221;off&#8221; button_one_border_radius__hover_enabled=&#8221;off&#8221; button_two_border_radius__hover_enabled=&#8221;off&#8221; button_letter_spacing__hover_enabled=&#8221;off&#8221; button_one_letter_spacing__hover_enabled=&#8221;off&#8221; button_two_letter_spacing__hover_enabled=&#8221;off&#8221; button_bg_color__hover_enabled=&#8221;off&#8221; button_one_bg_color__hover_enabled=&#8221;off&#8221; button_two_bg_color__hover_enabled=&#8221;off&#8221;][et_pb_slide heading=&#8221;Luottamustoimet&#8221; _builder_version=&#8221;4.16&#8243; background_image=&#8221;http:\/\/www.tuky.fi\/wp-content\/uploads\/2017\/07\/14890459_1247729758631896_8442051062689037394_o.jpg&#8221; global_colors_info=&#8221;{}&#8221; button_text_size__hover_enabled=&#8221;off&#8221; button_one_text_size__hover_enabled=&#8221;off&#8221; button_two_text_size__hover_enabled=&#8221;off&#8221; button_text_color__hover_enabled=&#8221;off&#8221; button_one_text_color__hover_enabled=&#8221;off&#8221; button_two_text_color__hover_enabled=&#8221;off&#8221; button_border_width__hover_enabled=&#8221;off&#8221; button_one_border_width__hover_enabled=&#8221;off&#8221; button_two_border_width__hover_enabled=&#8221;off&#8221; button_border_color__hover_enabled=&#8221;off&#8221; button_one_border_color__hover_enabled=&#8221;off&#8221; button_two_border_color__hover_enabled=&#8221;off&#8221; button_border_radius__hover_enabled=&#8221;off&#8221; button_one_border_radius__hover_enabled=&#8221;off&#8221; button_two_border_radius__hover_enabled=&#8221;off&#8221; button_letter_spacing__hover_enabled=&#8221;off&#8221; button_one_letter_spacing__hover_enabled=&#8221;off&#8221; button_two_letter_spacing__hover_enabled=&#8221;off&#8221; button_bg_color__hover_enabled=&#8221;off&#8221; button_one_bg_color__hover_enabled=&#8221;off&#8221; button_two_bg_color__hover_enabled=&#8221;off&#8221; sticky_transition=&#8221;on&#8221;][\/et_pb_slide][\/et_pb_fullwidth_slider][\/et_pb_section][et_pb_section fb_built=&#8221;1&#8243; _builder_version=&#8221;4.16&#8243; global_colors_info=&#8221;{}&#8221;][et_pb_row column_structure=&#8221;1_2,1_2&#8243; _builder_version=&#8221;4.16&#8243; custom_padding=&#8221;|||&#8221; custom_padding_tablet=&#8221;|||&#8221; custom_padding_phone=&#8221;|||&#8221; box_shadow_style=&#8221;preset6&#8243; box_shadow_blur=&#8221;10px&#8221; box_shadow_color=&#8221;rgba(0,0,0,0.1)&#8221; global_colors_info=&#8221;{}&#8221;][et_pb_column type=&#8221;1_2&#8243; _builder_version=&#8221;4.16&#8243; custom_padding=&#8221;|||&#8221; global_colors_info=&#8221;{}&#8221; custom_padding__hover=&#8221;|||&#8221;][et_pb_image src=&#8221;http:\/\/www.tuky.fi\/wp-content\/uploads\/2017\/07\/14753315_1239305426140996_4534434545960036305_o.jpg&#8221; align_tablet=&#8221;center&#8221; align_phone=&#8221;&#8221; align_last_edited=&#8221;on|desktop&#8221; _builder_version=&#8221;4.16&#8243; animation_style=&#8221;slide&#8221; animation_direction=&#8221;left&#8221; animation_duration=&#8221;500ms&#8221; animation_intensity_slide=&#8221;10%&#8221; global_colors_info=&#8221;{}&#8221;][\/et_pb_image][\/et_pb_column][et_pb_column type=&#8221;1_2&#8243; _builder_version=&#8221;4.16&#8243; custom_padding=&#8221;|||&#8221; global_colors_info=&#8221;{}&#8221; custom_padding__hover=&#8221;|||&#8221;][et_pb_text _builder_version=&#8221;4.16&#8243; custom_padding=&#8221;|||&#8221; custom_padding_tablet=&#8221;|||&#8221; custom_padding_phone=&#8221;|||&#8221; box_shadow_style=&#8221;preset6&#8243; box_shadow_blur=&#8221;10px&#8221; box_shadow_color=&#8221;rgba(0,0,0,0.1)&#8221; global_colors_info=&#8221;{}&#8221;]<\/p>\n<h2 class=\"et_pb_slide_title et-fb-editable-element et-fb-editable-element__editing\" contenteditable=\"true\" data-shortcode-id=\"0.0.0-1500577786693\">Luottamustoimet<\/h2>\n<p>Turun KY:n toiminnan kirjon mahdollistaa suuri joukko aktiivisia toimijoita. Turun KY:ll\u00e4 ylint\u00e4 p\u00e4\u00e4t\u00e4nt\u00e4valtaa on ylioppilaskunta-aikana k\u00e4ytt\u00e4nyt edustajisto ja yhdistysaikana syyskokous. N\u00e4iden t\u00e4rkein teht\u00e4v\u00e4 on valita vuosittain hallitus, joka vastaa Turun KY:n toiminnasta toimikautensa ajan. Lis\u00e4ksi valitaan taloustoimikunnan puheenjohtaja, joka yhdess\u00e4 taloustoimikunnan kanssa vastaa talouden ohjauksesta.<\/p>\n<p>Hallitus valitsee itselleen toimihenkil\u00f6t. Ylioppilaskunta-aikana sihteerist\u00f6 vastasi Turun KY:n p\u00e4ivitt\u00e4isen toiminnan toteutumisesta. Sihteerist\u00f6n esimiehen\u00e4 ja hallituksen puheenjohtajan aisaparina toimi p\u00e4\u00e4sihteeri. Yhdistysaikana p\u00e4\u00e4sihteerin teht\u00e4vi\u00e4 hoitaa toiminnanjohtaja. Toiminnanjohtajan lis\u00e4ksi toimihenkil\u00f6ihin kuuluu nykyisin talousp\u00e4\u00e4llikk\u00f6 ja myyntip\u00e4\u00e4llikk\u00f6.<\/p>\n<p>Turun KY:n n\u00e4kyvimpi\u00e4 luottamustoimia on hallituksen vuosittain valitsemat em\u00e4nt\u00e4 ja is\u00e4nt\u00e4. Em\u00e4nt\u00e4 ja is\u00e4nt\u00e4 on valittu ensimm\u00e4isen kerran jo perustamisvuonna 1950. Alussa toimenkuva oli hyvin laaja k\u00e4sitt\u00e4en monia eri edustusteht\u00e4vi\u00e4. Nyky\u00e4\u00e4n em\u00e4nn\u00e4n ja is\u00e4nn\u00e4n vastuulla on j\u00e4rjest\u00e4\u00e4 Turun KY:n vuosijuhlat.<br \/>\n[\/et_pb_text][\/et_pb_column][\/et_pb_row][\/et_pb_section][et_pb_section fb_built=&#8221;1&#8243; _builder_version=&#8221;4.16&#8243; global_colors_info=&#8221;{}&#8221;][et_pb_row _builder_version=&#8221;4.16&#8243; custom_padding=&#8221;|||&#8221; custom_padding_tablet=&#8221;|||&#8221; custom_padding_phone=&#8221;|||&#8221; box_shadow_style=&#8221;preset6&#8243; box_shadow_blur=&#8221;10px&#8221; box_shadow_color=&#8221;rgba(0,0,0,0.1)&#8221; global_colors_info=&#8221;{}&#8221;][et_pb_column type=&#8221;4_4&#8243; _builder_version=&#8221;4.16&#8243; custom_padding=&#8221;|||&#8221; global_colors_info=&#8221;{}&#8221; custom_padding__hover=&#8221;|||&#8221;][et_pb_tabs active_tab_background_color=&#8221;#ffffff&#8221; inactive_tab_background_color=&#8221;#043464&#8243; _builder_version=&#8221;4.27.6&#8243; tab_text_color=&#8221;#043464&#8243; hover_enabled=&#8221;0&#8243; global_colors_info=&#8221;{}&#8221; sticky_enabled=&#8221;0&#8243;][et_pb_tab title=&#8221;P\u00e4\u00e4sihteerit ja toiminnanjohtajat&#8221; _builder_version=&#8221;4.27.5&#8243; tab_text_color=&#8221;#e4c400&#8243; global_colors_info=&#8221;{}&#8221;]<\/p>\n<table width=\"652\">\n<tbody>\n<tr>\n<td colspan=\"7\">\n<h2>Turun KY:n p\u00e4\u00e4sihteerit<\/h2>\n<\/td>\n<\/tr>\n<tr>\n<td style=\"vertical-align: top;\">\n<p><strong>1973-1974<\/strong><\/p>\n<address>Arjaluoto Ilkka<\/address>\n<\/td>\n<td style=\"vertical-align: top;\">\n<p><strong>1974<\/strong><\/p>\n<address>Manninen Antti<\/address>\n<\/td>\n<td style=\"vertical-align: top;\">\n<p><strong>1975-1976<\/strong><\/p>\n<address>Pyysalo Jouko<\/address>\n<\/td>\n<\/tr>\n<tr>\n<td style=\"vertical-align: top;\">\n<p><strong>1976<\/strong><\/p>\n<address>Kaihlanen Seppo<\/address>\n<\/td>\n<td style=\"vertical-align: top;\">\n<p><strong>1976-1978<\/strong><\/p>\n<address>Pitk\u00e4nen Risto<\/address>\n<\/td>\n<td style=\"vertical-align: top;\">\n<p><strong>1978-1979<\/strong><\/p>\n<address>Halminen Lauri<\/address>\n<\/td>\n<\/tr>\n<tr>\n<td style=\"vertical-align: top;\">\n<p><strong>1979<\/strong><\/p>\n<address>Rauhala Osmo<\/address>\n<\/td>\n<td style=\"vertical-align: top;\">\n<p><strong>1981<\/strong><\/p>\n<address>Ahponen Markku<\/address>\n<\/td>\n<td style=\"vertical-align: top;\">\n<p><strong>1982<\/strong><\/p>\n<address>Ekqvist Riitta<\/address>\n<\/td>\n<\/tr>\n<tr>\n<td style=\"vertical-align: top;\">\n<p><strong>1983<\/strong><\/p>\n<address>Hiltunen Rauno<\/address>\n<\/td>\n<td style=\"vertical-align: top;\">\n<p><strong>1984<\/strong><\/p>\n<address>Lehtonen Terhi<\/address>\n<\/td>\n<td style=\"vertical-align: top;\">\n<p><strong>1985-1986<\/strong><\/p>\n<address>Kaleva Kaarle<\/address>\n<\/td>\n<\/tr>\n<tr>\n<td style=\"vertical-align: top;\">\n<p><strong>1987-1988<\/strong><\/p>\n<address>Lalla Jyrki<\/address>\n<\/td>\n<td style=\"vertical-align: top;\">\n<p><strong>1989<\/strong><\/p>\n<address>Puhakka Petri<\/address>\n<\/td>\n<td style=\"vertical-align: top;\">\n<p><strong>1990-1991<\/strong><\/p>\n<address>Palom\u00e4ki Pekka<\/address>\n<\/td>\n<\/tr>\n<tr>\n<td style=\"vertical-align: top;\">\n<p><strong>1992-1993<\/strong><\/p>\n<address>Salin Jyri<\/address>\n<\/td>\n<td style=\"vertical-align: top;\">\n<p><strong>1994-1995<\/strong><\/p>\n<address>M\u00e4kikalli Jaakko<\/address>\n<\/td>\n<td style=\"vertical-align: top;\">\n<p><strong>1996-1997<\/strong><\/p>\n<address>Haavisto Jari<\/address>\n<\/td>\n<\/tr>\n<tr>\n<td style=\"vertical-align: top;\">\n<p><strong>1998-1999<\/strong><\/p>\n<address>Paalama Tommi<\/address>\n<\/td>\n<td style=\"vertical-align: top;\">\n<p><strong>2000-2001<\/strong><\/p>\n<address>Virtanen Marko<\/address>\n<\/td>\n<td style=\"vertical-align: top;\">\n<p><strong>2001-2003<\/strong><\/p>\n<address>Gorschelnik Hanna<\/address>\n<\/td>\n<\/tr>\n<tr>\n<td style=\"vertical-align: top;\">\n<p><strong>2003-2006<\/strong><\/p>\n<address>Koivisto Matti<\/address>\n<\/td>\n<td style=\"vertical-align: top;\">\n<p><strong>2006-2009<\/strong><\/p>\n<address>K\u00e4rki Johanna<\/address>\n<\/td>\n<\/tr>\n<\/tbody>\n<\/table>\n<table width=\"652\" style=\"width: 652px;\" height=\"401\">\n<tbody>\n<tr>\n<td colspan=\"3\" style=\"width: 642px;\">\n<h2>Turun KY:n toiminnanjohtajat<\/h2>\n<\/td>\n<\/tr>\n<tr>\n<td style=\"vertical-align: top; width: 231.383px;\">\n<p><strong>2010-2011<\/strong><\/p>\n<address>Mikkil\u00e4 Emma<\/address>\n<\/td>\n<td style=\"width: 202.406px;\">\n<p><strong>2011-2013<\/strong><\/p>\n<address>Kaleva Lotta<\/address>\n<\/td>\n<td style=\"width: 196.211px;\">\n<p><strong>2013-2015<\/strong><\/p>\n<address>Lunkka Henna<\/address>\n<\/td>\n<\/tr>\n<tr>\n<td style=\"vertical-align: top; width: 231.383px;\">\n<p><strong>2015-2017<\/strong><\/p>\n<address>Tyynel\u00e4 Maria<\/address>\n<\/td>\n<td style=\"width: 202.406px;\">\n<p><strong>2017-2019<\/strong><\/p>\n<address>Hannula Meeri<\/address>\n<\/td>\n<td style=\"width: 196.211px;\">\n<p><strong>2019-2021<\/strong><\/p>\n<address>M\u00e4kinen Aliisa<\/address>\n<\/td>\n<\/tr>\n<tr>\n<td style=\"vertical-align: top; width: 231.383px;\">\n<p><strong>2021-2022<\/strong><\/p>\n<p><em>Anna Veijalainen<\/em><\/p>\n<\/td>\n<td style=\"width: 202.406px;\">\n<p><strong>2022-2023<\/strong><\/p>\n<p><em>Elle Luukkala<\/em><\/p>\n<\/td>\n<td style=\"width: 196.211px;\">\n<p><strong>2023-2025<\/strong><\/p>\n<p>Minttu Agarth<\/p>\n<\/td>\n<\/tr>\n<tr>\n<td style=\"vertical-align: top; width: 231.383px;\">\n<p><strong>2025-<\/strong><\/p>\n<p>Helmi Kojola<\/p>\n<\/td>\n<td style=\"width: 202.406px;\">\n<p><strong>\u00a0<\/strong><\/p>\n<\/td>\n<td style=\"width: 196.211px;\">\n<p><strong>\u00a0<\/strong><\/p>\n<\/td>\n<\/tr>\n<\/tbody>\n<\/table>\n<p>[\/et_pb_tab][et_pb_tab title=&#8221;Edustajiston ja taloustoimikunnan puheenjohtajat&#8221; _builder_version=&#8221;4.27.5&#8243; tab_text_color=&#8221;#e4c400&#8243; global_colors_info=&#8221;{}&#8221;]<\/p>\n<table width=\"652\">\n<tbody>\n<tr>\n<td colspan=\"7\">\n<h2>Edustajiston puheenjohtajat<\/h2>\n<\/td>\n<\/tr>\n<tr>\n<td style=\"vertical-align: top;\">\n<p><strong>1971<\/strong><\/p>\n<address>Okko Paavo<\/address>\n<\/td>\n<td style=\"vertical-align: top;\">\n<p><strong>1972-1977<\/strong><\/p>\n<address>Paasio Antti<\/address>\n<\/td>\n<td style=\"vertical-align: top;\">\n<p><strong>1978<\/strong><\/p>\n<address>Fagerlund Harri<\/address>\n<\/td>\n<\/tr>\n<tr>\n<td style=\"vertical-align: top;\">\n<p><strong>1979<\/strong><\/p>\n<address>Vuorilehto Harri<\/address>\n<\/td>\n<td style=\"vertical-align: top;\">\n<p><strong>1980-1981<\/strong><\/p>\n<address>Rastas Jukka<\/address>\n<\/td>\n<td style=\"vertical-align: top;\">\n<p><strong>1982<\/strong><\/p>\n<address>M\u00e4kel\u00e4inen Risto<\/address>\n<\/td>\n<\/tr>\n<tr>\n<td style=\"vertical-align: top;\">\n<p><strong>1983<\/strong><\/p>\n<address>Hienonen Jukka<\/address>\n<\/td>\n<td style=\"vertical-align: top;\">\n<p><strong>1984<\/strong><\/p>\n<address>Kivinen Lauri<\/address>\n<\/td>\n<td style=\"vertical-align: top;\">\n<p><strong>1985<\/strong><\/p>\n<address>Lepp\u00e4nen Mika<\/address>\n<\/td>\n<\/tr>\n<tr>\n<td style=\"vertical-align: top;\">\n<p><strong>1986<\/strong><\/p>\n<address>Paajanen Mikko<\/address>\n<\/td>\n<td style=\"vertical-align: top;\">\n<p><strong>1987<\/strong><\/p>\n<address>Kuitunen Heikki<\/address>\n<\/td>\n<td style=\"vertical-align: top;\">\n<p><strong>1988<\/strong><\/p>\n<address>M\u00e4kikalli Juha-Veikko<\/address>\n<\/td>\n<\/tr>\n<tr>\n<td style=\"vertical-align: top;\">\n<p><strong>1988<\/strong><\/p>\n<address>Tulokas P\u00e4ivi<\/address>\n<\/td>\n<td style=\"vertical-align: top;\">\n<p><strong>1989<\/strong><\/p>\n<address>Korolainen Perttu<\/address>\n<\/td>\n<td style=\"vertical-align: top;\">\n<p><strong>1990<\/strong><\/p>\n<address>Pernu Ulla-Maija<\/address>\n<\/td>\n<\/tr>\n<tr>\n<td style=\"vertical-align: top;\">\n<p><strong>1991-1992<\/strong><\/p>\n<address>Rannikko Jaana<\/address>\n<\/td>\n<td style=\"vertical-align: top;\">\n<p><strong>1992-1993<\/strong><\/p>\n<address>Lev\u00e4pelto Kirsi<\/address>\n<\/td>\n<td style=\"vertical-align: top;\">\n<p><strong>1993<\/strong><\/p>\n<address>Matts\u00e9n Kristiina<\/address>\n<\/td>\n<\/tr>\n<tr>\n<td style=\"vertical-align: top;\">\n<p><strong>1994-1995<\/strong><\/p>\n<address>Nirvi Raissa<\/address>\n<\/td>\n<td style=\"vertical-align: top;\">\n<p><strong>1995-1996<\/strong><\/p>\n<address>Veijola Heikki<\/address>\n<\/td>\n<td style=\"vertical-align: top;\">\n<p><strong>1996-1997<\/strong><\/p>\n<address>H\u00e4m\u00e4l\u00e4inen Hanna<\/address>\n<\/td>\n<\/tr>\n<tr>\n<td style=\"vertical-align: top;\">\n<p><strong>1997-1998<\/strong><\/p>\n<address>Nordlund Satu<\/address>\n<\/td>\n<td style=\"vertical-align: top;\">\n<p><strong>1998<\/strong><\/p>\n<address>Neilimo Noora<\/address>\n<\/td>\n<td style=\"vertical-align: top;\">\n<p><strong>1999<\/strong><\/p>\n<address>Viita Kati<\/address>\n<\/td>\n<\/tr>\n<tr>\n<td style=\"vertical-align: top;\">\n<p><strong>2000<\/strong><\/p>\n<address>Lagerroos Kristina<\/address>\n<\/td>\n<td style=\"vertical-align: top;\">\n<p><strong>2000-2001<\/strong><\/p>\n<address>Anttila Minna<\/address>\n<\/td>\n<td style=\"vertical-align: top;\">\n<p><strong>2001-2002<\/strong><\/p>\n<address>Kinnari Stiina<\/address>\n<\/td>\n<\/tr>\n<tr>\n<td style=\"vertical-align: top;\">\n<p><strong>2002-2003<\/strong><\/p>\n<address>Vilkkunen Topi<\/address>\n<\/td>\n<td style=\"vertical-align: top;\">\n<p><strong>2003-2004<\/strong><\/p>\n<address>Pihkola Hanna<\/address>\n<\/td>\n<td style=\"vertical-align: top;\">\n<p><strong>2004-2005<\/strong><\/p>\n<address>Hassi Lotta<\/address>\n<\/td>\n<\/tr>\n<tr>\n<td style=\"vertical-align: top;\">\n<p><strong>2005-2006<\/strong><\/p>\n<address>Uotila Varpu<\/address>\n<\/td>\n<td style=\"vertical-align: top;\">\n<p><strong>2006<\/strong><\/p>\n<address>Cortez Monto Rosa<\/address>\n<\/td>\n<td style=\"vertical-align: top;\">\n<p><strong>2007<\/strong><\/p>\n<address>Ahokas Niina<\/address>\n<\/td>\n<\/tr>\n<tr>\n<td style=\"vertical-align: top;\">\n<p><strong>2007<\/strong><\/p>\n<address>Koponen Mikko<\/address>\n<\/td>\n<td style=\"vertical-align: top;\">\n<p><strong>2007-2008<\/strong><\/p>\n<address>Rahko Jonni<\/address>\n<\/td>\n<td style=\"vertical-align: top;\">\n<p><strong>2008<\/strong><\/p>\n<address>Haonper\u00e4 Viivi<\/address>\n<\/td>\n<\/tr>\n<tr>\n<td>\n<p><strong>2009<\/strong><\/p>\n<address>Mannfolk Niklas<\/address>\n<\/td>\n<\/tr>\n<\/tbody>\n<\/table>\n<table width=\"652\" style=\"height: 731px; width: 651px;\">\n<tbody>\n<tr style=\"height: 187px;\">\n<td colspan=\"3\" style=\"height: 65px; width: 641px;\">\n<h2>Taloustoimikunnan puheenjohtajat<\/h2>\n<\/td>\n<\/tr>\n<tr style=\"height: 80px;\">\n<td style=\"vertical-align: top; height: 80px; width: 201.305px;\">\n<p><strong>2000<\/strong><\/p>\n<address>Lyytinen Kai<\/address>\n<\/td>\n<td style=\"vertical-align: top; height: 80px; width: 201.305px;\">\n<p><strong>2001<\/strong><\/p>\n<address>Ailio Atte<\/address>\n<\/td>\n<td style=\"vertical-align: top; height: 80px; width: 226.391px;\">\n<p><strong>2002<\/strong><\/p>\n<address>Nummelin Jussi<\/address>\n<\/td>\n<\/tr>\n<tr style=\"height: 80px;\">\n<td style=\"vertical-align: top; height: 80px; width: 201.305px;\">\n<p><strong>2003<\/strong><\/p>\n<address>Heinonen Heikki<\/address>\n<\/td>\n<td style=\"vertical-align: top; height: 80px; width: 201.305px;\">\n<p><strong>2004<\/strong><\/p>\n<address>Ahto Ossi<\/address>\n<\/td>\n<td style=\"vertical-align: top; height: 80px; width: 226.391px;\">\n<p><strong>2005-2006<\/strong><\/p>\n<address>H\u00e4m\u00e4l\u00e4inen Antti<\/address>\n<\/td>\n<\/tr>\n<tr style=\"height: 80px;\">\n<td style=\"vertical-align: top; height: 80px; width: 201.305px;\">\n<p><strong>2006-2008<\/strong><\/p>\n<address>Karvinen Petri<\/address>\n<\/td>\n<td style=\"vertical-align: top; height: 80px; width: 201.305px;\">\n<p><strong>2008-2009<\/strong><\/p>\n<address>Mustonen Janne<\/address>\n<\/td>\n<td style=\"vertical-align: top; height: 80px; width: 226.391px;\">\n<p><strong>2010<\/strong><\/p>\n<address>Rauham\u00e4ki Joona<\/address>\n<\/td>\n<\/tr>\n<tr style=\"height: 80px;\">\n<td style=\"vertical-align: top; height: 80px; width: 201.305px;\">\n<p><strong>2011<\/strong><\/p>\n<address>Valkonen Ville<\/address>\n<\/td>\n<td style=\"vertical-align: top; height: 80px; width: 201.305px;\">\n<p><strong>2012<\/strong><\/p>\n<address>Syrj\u00e4l\u00e4 Kalle<\/address>\n<\/td>\n<td style=\"vertical-align: top; height: 80px; width: 226.391px;\">\n<p><strong>2013-2014<\/strong><\/p>\n<address>Sulin Otto<\/address>\n<\/td>\n<\/tr>\n<tr style=\"height: 80px;\">\n<td style=\"height: 80px; width: 201.305px;\">\n<p><strong>2015-2016<\/strong><\/p>\n<address>Mykk\u00e4nen Juuso<\/address>\n<\/td>\n<td style=\"height: 80px; width: 201.305px;\">\n<p><strong>2017-2018<\/strong><\/p>\n<address>Ilkka Laustola<\/address>\n<\/td>\n<td style=\"height: 80px; width: 226.391px;\">\n<p><strong>2019-2020<\/strong><\/p>\n<p><em>Solja Kontu<\/em><\/p>\n<\/td>\n<\/tr>\n<tr style=\"height: 136px;\">\n<td style=\"width: 201.305px; height: 90px;\">\n<p><strong>2021-2022<\/strong><\/p>\n<p><em>Alex Toiviainen<\/em><\/p>\n<\/td>\n<td style=\"height: 90px; width: 201.305px;\">\n<p><strong>2022-2023<\/strong><\/p>\n<p><em>Lauri Toivola<\/em><\/p>\n<\/td>\n<td style=\"height: 90px; width: 226.391px;\">\n<p><strong>2023-2025<\/strong><\/p>\n<p>Leevi Vesanen<\/p>\n<\/td>\n<\/tr>\n<tr style=\"height: 80px;\">\n<td style=\"height: 80px; width: 201.305px;\">\n<p><strong>2025-<\/strong><\/p>\n<p>Teijo Seikkula<\/p>\n<address><\/address>\n<\/td>\n<td style=\"height: 80px; width: 201.305px;\"><\/td>\n<td style=\"height: 80px; width: 226.391px;\"><\/td>\n<\/tr>\n<\/tbody>\n<\/table>\n<p>&nbsp;<\/p>\n<p>[\/et_pb_tab][et_pb_tab title=&#8221;Turun KY:n vuosijuhlatuottajat&#8221; _builder_version=&#8221;4.27.6&#8243; tab_text_color=&#8221;#e4c400&#8243; global_colors_info=&#8221;{}&#8221;]<\/p>\n<table width=\"652\" style=\"width: 556px;\" height=\"4907\">\n<tbody>\n<tr>\n<td colspan=\"3\" style=\"width: 546px;\">\n<h2>Turun KY:n vuosijuhlatuottajat<\/h2>\n<\/td>\n<\/tr>\n<tr>\n<td style=\"vertical-align: top; width: 182.586px;\">\n<p><strong>1950<\/strong><\/p>\n<address><strong>Em\u00e4nt\u00e4<\/strong><br \/>Grundstr\u00f6m Maija<br \/><strong>Is\u00e4nt\u00e4<\/strong><br \/>Valtanen Jyrki<\/address>\n<\/td>\n<td style=\"vertical-align: top; width: 175.281px;\">\n<p><strong>1951<\/strong><\/p>\n<address><strong>Em\u00e4nt\u00e4<\/strong><br \/>Aunio Hillevi<br \/><strong>Is\u00e4nt\u00e4<\/strong><br \/>Nordell Reijo<\/address>\n<\/td>\n<td style=\"vertical-align: top; width: 176.133px;\">\n<p><strong>1952<\/strong><\/p>\n<address><strong>Em\u00e4nt\u00e4<\/strong><br \/>Koski Terttu<br \/><strong>Is\u00e4nt\u00e4\u00a0<\/strong><br \/>Lahtinen Aaro\/<br \/>Salutskij Elis<\/address>\n<\/td>\n<\/tr>\n<tr>\n<td style=\"vertical-align: top; width: 182.586px;\">\n<p><strong>1953<\/strong><\/p>\n<address><strong>Em\u00e4nt\u00e4<\/strong><br \/>Nuotio Maiju\/<br \/>Salminen R.<br \/><strong>Is\u00e4nt\u00e4<\/strong><br \/>Mets\u00e4m\u00e4ki Teuvo<\/address>\n<\/td>\n<td style=\"vertical-align: top; width: 175.281px;\">\n<p><strong>1954<\/strong><\/p>\n<address><strong>Em\u00e4nt\u00e4<\/strong><br \/>Alanne Raili<br \/><strong>Is\u00e4nt\u00e4\u00a0<\/strong><br \/>Jansson Oiva<\/address>\n<\/td>\n<td style=\"vertical-align: top; width: 176.133px;\">\n<p><strong>1955<\/strong><\/p>\n<address><strong>Em\u00e4nt\u00e4\u00a0<\/strong><br \/>Gustafsson Ritva<br \/><strong>Is\u00e4nt\u00e4\u00a0<\/strong><br \/>Numminen Jarmo<\/address>\n<\/td>\n<\/tr>\n<tr>\n<td style=\"vertical-align: top; width: 182.586px;\">\n<p><strong>1956<\/strong><\/p>\n<address><strong>Em\u00e4nt\u00e4<\/strong><br \/>Kunnas Anja<br \/><strong>Is\u00e4nt\u00e4<\/strong><br \/>Koivurinta Matti<\/address>\n<\/td>\n<td style=\"vertical-align: top; width: 175.281px;\">\n<p><strong>1957<\/strong><\/p>\n<address><strong>Em\u00e4nt\u00e4<\/strong><br \/>Kerola Raili<br \/><strong>Is\u00e4nt\u00e4<\/strong><br \/>Suokko Kalervo<\/address>\n<\/td>\n<td style=\"vertical-align: top; width: 176.133px;\">\n<p><strong>1958<\/strong><\/p>\n<address><strong>Em\u00e4nt\u00e4<\/strong><br \/>Murto Lea<br \/><strong>Is\u00e4nt\u00e4<\/strong><br \/>Soini Kalevi<\/address>\n<\/td>\n<\/tr>\n<tr>\n<td style=\"vertical-align: top; width: 182.586px;\">\n<p><strong>1959<\/strong><\/p>\n<address><strong>Em\u00e4nt\u00e4<\/strong><br \/>Pulli Hilkka<br \/><strong>Is\u00e4nt\u00e4<\/strong><br \/>Mannola Tomi<\/address>\n<\/td>\n<td style=\"vertical-align: top; width: 175.281px;\">\n<p><strong>1960<\/strong><\/p>\n<address><strong>Em\u00e4nt\u00e4<\/strong><br \/>Salvos Sirpa<br \/><strong>Is\u00e4nt\u00e4<\/strong><br \/>Hertto Raimo<\/address>\n<\/td>\n<td style=\"vertical-align: top; width: 176.133px;\">\n<p><strong>1961<\/strong><\/p>\n<address><strong>Em\u00e4nt\u00e4<\/strong><br \/>Hy\u00f6dynmaa Mirja<br \/><strong>Is\u00e4nt\u00e4<\/strong><br \/>Bergstr\u00f6m Heikki<\/address>\n<\/td>\n<\/tr>\n<tr>\n<td style=\"vertical-align: top; width: 182.586px;\">\n<p><strong>1962<\/strong><\/p>\n<address><strong>Em\u00e4nt\u00e4<\/strong><br \/>Ristolainen Leena<br \/><strong>Is\u00e4nt\u00e4<\/strong><br \/>Kaitila Ky\u00f6sti<\/address>\n<\/td>\n<td style=\"vertical-align: top; width: 175.281px;\">\n<p><strong>1963<\/strong><\/p>\n<address><strong>Em\u00e4nt\u00e4<\/strong><br \/>Usvakari Tuula<br \/><strong>Is\u00e4nt\u00e4<\/strong><br \/>Saarto Jukka<\/address>\n<\/td>\n<td style=\"vertical-align: top; width: 176.133px;\">\n<p><strong>1963-1964<\/strong><\/p>\n<address><strong>Em\u00e4nt\u00e4<\/strong><br \/>Ahonen Hilkka-Liisa<br \/><strong>Is\u00e4nt\u00e4<\/strong><br \/>Saarto Jukka<\/address>\n<\/td>\n<\/tr>\n<tr>\n<td style=\"vertical-align: top; width: 182.586px;\">\n<p><strong>1964-1965<\/strong><\/p>\n<address><strong>Em\u00e4nt\u00e4<\/strong><br \/>Salo Liisa<br \/><strong>Is\u00e4nt\u00e4<\/strong><br \/>Grundstr\u00f6m Jaakko<\/address>\n<\/td>\n<td style=\"vertical-align: top; width: 175.281px;\">\n<p><strong>1966<\/strong><\/p>\n<address><strong>Em\u00e4nt\u00e4<\/strong><br \/>Tuomola Leila<br \/><strong>Is\u00e4nt\u00e4<\/strong><br \/>Vaarama Heikki<\/address>\n<\/td>\n<td style=\"vertical-align: top; width: 176.133px;\">\n<p><strong>1967<\/strong><\/p>\n<address><strong>Em\u00e4nt\u00e4<\/strong><br \/>H\u00e4nninen Irmeli<br \/><strong>Is\u00e4nt\u00e4<\/strong><br \/>Norha Kari<\/address>\n<\/td>\n<\/tr>\n<tr>\n<td style=\"vertical-align: top; width: 182.586px;\">\n<p><strong>1968<\/strong><\/p>\n<address><strong>Em\u00e4nt\u00e4<\/strong><br \/>Korenius Marja<br \/><strong>Is\u00e4nt\u00e4<\/strong><br \/>Norha Kari<\/address>\n<address>\u00a0<\/address>\n<\/td>\n<td style=\"vertical-align: top; width: 175.281px;\">\n<p><strong>1969<\/strong><\/p>\n<address><strong>Is\u00e4nt\u00e4<\/strong><br \/>Kauppila Esa<\/address>\n<address>\u00a0<\/address>\n<\/td>\n<td style=\"vertical-align: top; width: 176.133px;\">\n<p><strong>1970<\/strong><\/p>\n<address><strong>Em\u00e4nt\u00e4<\/strong><br \/>Reijonen P\u00e4ivi\/<br \/>Virevuo Maria<br \/><strong>Is\u00e4nt\u00e4<\/strong><br \/>Kauppila Esa\/<br \/>Kajander Reijo<\/address>\n<\/td>\n<\/tr>\n<tr>\n<td style=\"vertical-align: top; width: 182.586px;\">\n<p><strong>1971<\/strong><\/p>\n<address><strong>Em\u00e4nt\u00e4<\/strong><br \/>Nenonen Seija<br \/><strong>Is\u00e4nt\u00e4<\/strong><br \/>Niemi Pekka J.<\/address>\n<\/td>\n<td style=\"vertical-align: top; width: 175.281px;\">\n<p><strong>1972<\/strong><\/p>\n<address><strong>Em\u00e4nt\u00e4<\/strong><br \/>Kivim\u00e4ki Anja<br \/><strong>Is\u00e4nt\u00e4<\/strong><br \/>Pitk\u00e4 Veijo<\/address>\n<\/td>\n<td style=\"vertical-align: top; width: 176.133px;\">\n<p><strong>1973<\/strong><\/p>\n<address><strong>Em\u00e4nt\u00e4<\/strong><br \/>xx<br \/><strong>Is\u00e4nt\u00e4<\/strong><br \/>xx<\/address>\n<\/td>\n<\/tr>\n<tr>\n<td style=\"vertical-align: top; width: 182.586px;\">\n<p><strong>1974<\/strong><\/p>\n<address><strong>Em\u00e4nt\u00e4<\/strong><br \/>xx<br \/><strong>Is\u00e4nt\u00e4<\/strong><br \/>xx\u00a0<\/address>\n<\/td>\n<td style=\"vertical-align: top; width: 175.281px;\">\n<p><strong>1975<\/strong><\/p>\n<address><strong>Em\u00e4nt\u00e4<\/strong><br \/>xx<br \/><strong>Is\u00e4nt\u00e4<\/strong><br \/>xx\u00a0<\/address>\n<\/td>\n<td style=\"vertical-align: top; width: 176.133px;\">\n<p><strong>1976<\/strong><\/p>\n<address><strong>Em\u00e4nt\u00e4<\/strong><br \/>xx<br \/><strong>Is\u00e4nt\u00e4<\/strong><br \/>xx\u00a0<\/address>\n<\/td>\n<\/tr>\n<tr>\n<td style=\"vertical-align: top; width: 182.586px;\">\n<p><strong>1977<\/strong><\/p>\n<address><strong>Em\u00e4nt\u00e4<\/strong><br \/>Korhonen Ainomaija<br \/><strong>Is\u00e4nt\u00e4<\/strong><br \/>Helminen Riku<\/address>\n<\/td>\n<td style=\"vertical-align: top; width: 175.281px;\">\n<p><strong>1978<\/strong><\/p>\n<address><strong>Em\u00e4nt\u00e4<\/strong><br \/>Tuominen Kristiina<br \/><strong>Is\u00e4nt\u00e4<\/strong><br \/>J\u00e4rvenp\u00e4\u00e4 Juhani<\/address>\n<\/td>\n<td style=\"vertical-align: top; width: 176.133px;\">\n<p><strong>1979<\/strong><\/p>\n<address><strong>Em\u00e4nt\u00e4<\/strong><br \/>Tuominen Kristiina<br \/><strong>Is\u00e4nt\u00e4<\/strong><br \/>J\u00e4rvenp\u00e4\u00e4 Juhani<\/address>\n<\/td>\n<\/tr>\n<tr>\n<td style=\"vertical-align: top; width: 182.586px;\">\n<p><strong>1980<\/strong><\/p>\n<address><strong>Em\u00e4nt\u00e4<\/strong><br \/>xx<br \/><strong>Is\u00e4nt\u00e4<\/strong><br \/>xx\u00a0<\/address>\n<\/td>\n<td style=\"vertical-align: top; width: 175.281px;\">\n<p><strong>1981<\/strong><\/p>\n<address><strong>Em\u00e4nt\u00e4<\/strong><br \/>xx<br \/><strong>Is\u00e4nt\u00e4<\/strong><br \/>xx\u00a0<\/address>\n<\/td>\n<td style=\"vertical-align: top; width: 176.133px;\">\n<p><strong>1982<\/strong><\/p>\n<address><strong>Em\u00e4nt\u00e4<\/strong><br \/>xx<br \/><strong>Is\u00e4nt\u00e4<\/strong><br \/>xx\u00a0<\/address>\n<\/td>\n<\/tr>\n<tr>\n<td style=\"vertical-align: top; width: 182.586px;\">\n<p><strong>1983<\/strong><\/p>\n<address><strong>Em\u00e4nt\u00e4<\/strong><br \/>xx<br \/><strong>Is\u00e4nt\u00e4<\/strong><br \/>xx\u00a0<\/address>\n<\/td>\n<td style=\"vertical-align: top; width: 175.281px;\">\n<p><strong>1984<\/strong><\/p>\n<address><strong>Em\u00e4nt\u00e4<\/strong><br \/>xx<br \/><strong>Is\u00e4nt\u00e4<\/strong><br \/>xx\u00a0<\/address>\n<\/td>\n<td style=\"vertical-align: top; width: 176.133px;\">\n<p><strong>1985<\/strong><\/p>\n<address><strong>Em\u00e4nt\u00e4<\/strong><br \/>xx<br \/><strong>Is\u00e4nt\u00e4<\/strong><br \/>xx\u00a0<\/address>\n<\/td>\n<\/tr>\n<tr>\n<td style=\"vertical-align: top; width: 182.586px;\">\n<p><strong>1986<\/strong><\/p>\n<address><strong>Em\u00e4nt\u00e4<\/strong><br \/>Taina Anne-Marie<br \/><strong>Is\u00e4nt\u00e4<\/strong><br \/>Tonteri Hannu<\/address>\n<\/td>\n<td style=\"vertical-align: top; width: 175.281px;\">\n<p><strong>1987<\/strong><\/p>\n<address><strong>Em\u00e4nt\u00e4<\/strong><br \/>Tuokko Jaana<br \/><strong>Is\u00e4nt\u00e4<\/strong><br \/>Ojala Hannu<\/address>\n<\/td>\n<td style=\"vertical-align: top; width: 176.133px;\">\n<p><strong>1988<\/strong><\/p>\n<address><strong>Em\u00e4nt\u00e4<\/strong><br \/>Lassila Jaana<br \/><strong>Is\u00e4nt\u00e4<\/strong><br \/>Er\u00e4mets\u00e4 Eero<\/address>\n<\/td>\n<\/tr>\n<tr>\n<td style=\"vertical-align: top; width: 182.586px;\">\n<p><strong>1989<\/strong><\/p>\n<address><strong>Em\u00e4nt\u00e4<\/strong><br \/>xx<br \/><strong>Is\u00e4nt\u00e4<\/strong><br \/>xx\u00a0<\/address>\n<\/td>\n<td style=\"vertical-align: top; width: 175.281px;\">\n<p><strong>1990<\/strong><\/p>\n<address><strong>Em\u00e4nt\u00e4<\/strong><br \/>Johans Monica<br \/><strong>Is\u00e4nt\u00e4<\/strong><br \/>Granlund Markus<\/address>\n<\/td>\n<td style=\"vertical-align: top; width: 176.133px;\">\n<p><strong>1991-1992<\/strong><\/p>\n<address><strong>Em\u00e4nt\u00e4<\/strong><br \/>Ojala Hannele<br \/><strong>Is\u00e4nt\u00e4<\/strong><br \/>Blomqvist Kristian<\/address>\n<\/td>\n<\/tr>\n<tr>\n<td style=\"vertical-align: top; width: 182.586px;\">\n<p><strong>1993<\/strong><\/p>\n<address><strong>Em\u00e4nt\u00e4<\/strong><br \/>H\u00e4kkinen Heli<br \/><strong>Is\u00e4nt\u00e4<\/strong><br \/>Pulkkinen Mika<\/address>\n<\/td>\n<td style=\"vertical-align: top; width: 175.281px;\">\n<p><strong>1994<\/strong><\/p>\n<address><strong>Em\u00e4nt\u00e4<\/strong><br \/>Nylander Sari<br \/><strong>Is\u00e4nt\u00e4<\/strong><br \/>Virtanen Juha-Pekka<\/address>\n<\/td>\n<td style=\"vertical-align: top; width: 176.133px;\">\n<p><strong>1995<\/strong><\/p>\n<address><strong>Em\u00e4nt\u00e4<\/strong><br \/>Kvist Sirpa<br \/><strong>Is\u00e4nt\u00e4<\/strong><br \/>Tolonen Jyrki<\/address>\n<\/td>\n<\/tr>\n<tr>\n<td style=\"vertical-align: top; width: 182.586px;\">\n<p><strong>1996<\/strong><\/p>\n<address><strong>Em\u00e4nt\u00e4<\/strong><br \/>Keskinen Mirja<br \/><strong>Is\u00e4nt\u00e4<\/strong><br \/>Anttila Pasi<\/address>\n<\/td>\n<td style=\"vertical-align: top; width: 175.281px;\">\n<p><strong>1997<\/strong><\/p>\n<address><strong>Em\u00e4nt\u00e4\u00a0<\/strong><br \/>Lehtinen Noora<br \/><strong>Is\u00e4nt\u00e4<\/strong><br \/>Nystr\u00f6m Mikko<\/address>\n<\/td>\n<td style=\"vertical-align: top; width: 176.133px;\">\n<p><strong>1998<\/strong><\/p>\n<address><strong>Em\u00e4nt\u00e4<\/strong><br \/>Noramaa Inka<br \/><strong>Is\u00e4nt\u00e4<\/strong><br \/>Palmi Ville<\/address>\n<\/td>\n<\/tr>\n<tr>\n<td style=\"vertical-align: top; width: 182.586px;\">\n<p><strong>1999<\/strong><\/p>\n<address><strong>Em\u00e4nt\u00e4<\/strong><br \/>Paananen Virpi<br \/><strong>Is\u00e4nt\u00e4<\/strong><br \/>Juoalasmaa Lauri<\/address>\n<\/td>\n<td style=\"vertical-align: top; width: 175.281px;\">\n<p><strong>2000<\/strong><\/p>\n<address><strong>Em\u00e4nt\u00e4<\/strong><br \/>Lepp\u00e4nen Jonna<br \/><strong>Is\u00e4nt\u00e4<\/strong><br \/>Ailio Atte<\/address>\n<\/td>\n<td style=\"vertical-align: top; width: 176.133px;\">\n<p><strong>2001<\/strong><\/p>\n<address><strong>Em\u00e4nt\u00e4<\/strong><br \/>Tuominen H.<br \/><strong>Is\u00e4nt\u00e4<\/strong><br \/>Lindholm M.\u00a0\u00a0<\/address>\n<\/td>\n<\/tr>\n<tr>\n<td style=\"vertical-align: top; width: 182.586px;\">\n<p><strong>2002<\/strong><\/p>\n<address><strong>Em\u00e4nt\u00e4<\/strong><br \/>Bergius N.<br \/><strong>Is\u00e4nt\u00e4<\/strong><br \/>Kl\u00f6f M.\u00a0<\/address>\n<\/td>\n<td style=\"vertical-align: top; width: 175.281px;\">\n<p><strong>2003<\/strong><\/p>\n<address><strong>Em\u00e4nt\u00e4<\/strong><br \/>Lujala E.<br \/><strong>Is\u00e4nt\u00e4<\/strong><br \/>xx\u00a0<\/address>\n<\/td>\n<td style=\"vertical-align: top; width: 176.133px;\">\n<p><strong>2004<\/strong><\/p>\n<address><strong>Em\u00e4nt\u00e4<\/strong><br \/>Reinil\u00e4 A-M.<br \/><strong>Is\u00e4nt\u00e4<\/strong><br \/>Raukko M.\u00a0<\/address>\n<\/td>\n<\/tr>\n<tr>\n<td style=\"vertical-align: top; width: 182.586px;\">\n<p><strong>2005<\/strong><\/p>\n<address><strong>Em\u00e4nt\u00e4<\/strong><br \/>Junttila J.<br \/><strong>Is\u00e4nt\u00e4<\/strong><br \/>Virtanen Tomi\u00a0<\/address>\n<\/td>\n<td style=\"vertical-align: top; width: 175.281px;\">\n<p><strong>2006<\/strong><\/p>\n<address><strong>Em\u00e4nt\u00e4<\/strong><br \/>Noukka R.<br \/><strong>Is\u00e4nt\u00e4<\/strong><br \/>Jokinen P.\u00a0<\/address>\n<\/td>\n<td style=\"vertical-align: top; width: 176.133px;\">\n<p><strong>2007<\/strong><\/p>\n<address><strong>Em\u00e4nt\u00e4<\/strong><br \/>Peltom\u00e4ki N.<br \/><strong>Is\u00e4nt\u00e4<\/strong><br \/>L\u00e4hteenm\u00e4ki Heikki\u00a0<\/address>\n<\/td>\n<\/tr>\n<tr>\n<td style=\"vertical-align: top; width: 182.586px;\">\n<p><strong>2008<\/strong><\/p>\n<address><strong>Em\u00e4nt\u00e4<\/strong><br \/>Kasurinen R.<br \/><strong>Is\u00e4nt\u00e4<\/strong><br \/>Jokela Antti\u00a0<\/address>\n<\/td>\n<td style=\"vertical-align: top; width: 175.281px;\">\n<p><strong>2009<\/strong><\/p>\n<address><strong>Em\u00e4nt\u00e4<\/strong><br \/>Kokkila Sari<br \/><strong>Is\u00e4nt\u00e4<\/strong><br \/>Kyll\u00f6nen Heikki\u00a0<\/address>\n<\/td>\n<td style=\"vertical-align: top; width: 176.133px;\">\n<p><strong>2010<\/strong><\/p>\n<address><strong>Em\u00e4nt\u00e4<\/strong><br \/>Laaksonen Sanna<br \/><strong>Is\u00e4nt\u00e4<\/strong><br \/>Haikonen Janne<\/address>\n<\/td>\n<\/tr>\n<tr>\n<td style=\"vertical-align: top; width: 182.586px;\">\n<p><strong>2011<\/strong><\/p>\n<address><strong>Em\u00e4nt\u00e4<\/strong><br \/>Iliev Veera<br \/><strong>Is\u00e4nt\u00e4<\/strong><br \/>Kulmala Eetu-Petteri\u00a0<\/address>\n<\/td>\n<td style=\"vertical-align: top; width: 175.281px;\">\n<p><strong>2012<\/strong><\/p>\n<address><strong>Em\u00e4nt\u00e4<\/strong><br \/>Hurskainen Maisa<br \/><strong>Is\u00e4nt\u00e4<\/strong><br \/>Jokinen Tommi-Juhani<\/address>\n<\/td>\n<td style=\"vertical-align: top; width: 176.133px;\">\n<p><strong>2013<\/strong><\/p>\n<address><strong>Em\u00e4nt\u00e4<\/strong><br \/>Laakio Salli<br \/><strong>Is\u00e4nt\u00e4<\/strong><br \/>Sillanp\u00e4\u00e4 Otto<\/address>\n<\/td>\n<\/tr>\n<tr>\n<td style=\"vertical-align: top; width: 182.586px;\">\n<p><strong>2014<\/strong><\/p>\n<address><strong>Em\u00e4nt\u00e4<\/strong><br \/>P\u00e4iv\u00f6l\u00e4 Viivi-Anna<br \/><strong>Is\u00e4nt\u00e4<\/strong><br \/>Keskipoikela Veli-Matti<\/address>\n<\/td>\n<td style=\"vertical-align: top; width: 175.281px;\">\n<p><strong>2015<\/strong><\/p>\n<address><strong>Em\u00e4nt\u00e4<\/strong><br \/>M\u00e4nty Tiina<br \/><strong>Is\u00e4nt\u00e4<\/strong><br \/>Vahe Ristomatti\u00a0<\/address>\n<\/td>\n<td style=\"vertical-align: top; width: 176.133px;\">\n<p><strong>2016<\/strong><\/p>\n<address><strong>Em\u00e4nt\u00e4<\/strong><br \/>Kailaj\u00e4rvi Tuulia<br \/><strong>Is\u00e4nt\u00e4<\/strong><br \/>Rantanen Roope<\/address>\n<\/td>\n<\/tr>\n<tr>\n<td style=\"vertical-align: top; width: 182.586px;\">\n<p><b>2017<\/b><\/p>\n<p><em>Inka Helaniemi<\/em><\/p>\n<p><em>Santeri Kangas<\/em><\/p>\n<\/td>\n<td style=\"vertical-align: top; width: 175.281px;\">\n<p><b>2018<\/b><\/p>\n<p><em style=\"font-family: inherit; font-size: inherit;\">Kiia Rouhelo<\/em><\/p>\n<p><em style=\"font-family: inherit; font-size: inherit;\">Atte M\u00e4kinen<\/em><\/p>\n<\/td>\n<td style=\"vertical-align: top; width: 176.133px;\">\n<p><b>2019<\/b><\/p>\n<p><em style=\"font-family: inherit; font-size: inherit;\">Melisa M\u00e4ntyl\u00e4<\/em><\/p>\n<p><i>Henna Saramola<\/i><\/p>\n<\/td>\n<\/tr>\n<tr>\n<td style=\"vertical-align: top; width: 182.586px;\">\n<p><b>2020<\/b><\/p>\n<p><em>Teresa Niittum\u00e4ki<\/em><\/p>\n<p><em>Taneli Kaleva<\/em><\/p>\n<\/td>\n<td style=\"vertical-align: top; width: 175.281px;\">\n<p><strong>2021<\/strong><b><\/b><\/p>\n<p><em>Anna Sand<\/em><strong><\/strong><\/p>\n<p><em>Anastasia Goryshina<\/em><strong><\/strong><\/p>\n<\/td>\n<td style=\"vertical-align: top; width: 176.133px;\">\n<p><strong>2022<\/strong><b><\/b><\/p>\n<p><em>Roosa Toivanen<\/em><strong><\/strong><\/p>\n<p><em>Juho Kuokkanen<\/em><b><\/b><\/p>\n<\/td>\n<\/tr>\n<tr>\n<td style=\"vertical-align: top; width: 182.586px;\">\n<p><strong>2023<\/strong><b><\/b><\/p>\n<p><em>Suvi Ahonen<\/em><strong><\/strong><\/p>\n<p><em>Olivia Vilhonen<\/em><\/p>\n<\/td>\n<td style=\"vertical-align: top; width: 175.281px;\">\n<p><strong>\u00a02024<\/strong><\/p>\n<p>Amanda Ruuhij\u00e4rvi<\/p>\n<p>Matilda Mankonen<\/p>\n<\/td>\n<td style=\"vertical-align: top; width: 176.133px;\">\n<p><strong>\u00a02025<\/strong><\/p>\n<p>Totte Pajuniemi<\/p>\n<p>Samu Ruikka<\/p>\n<\/td>\n<\/tr>\n<tr>\n<td style=\"vertical-align: top; width: 182.586px;\">\n<p><strong>2026<\/strong><\/p>\n<p>Aada Rehnberg<\/p>\n<p>Joni Talvinen<\/p>\n<\/td>\n<td style=\"vertical-align: top; width: 175.281px;\"><strong>\u00a0<\/strong><\/td>\n<td style=\"vertical-align: top; width: 176.133px;\"><strong>\u00a0<\/strong><\/td>\n<\/tr>\n<\/tbody>\n<\/table>\n<p>[\/et_pb_tab][et_pb_tab title=&#8221;Yhdistyksen hallitukset&#8221; _builder_version=&#8221;4.27.6&#8243; tab_text_color=&#8221;#e4c400&#8243; hover_enabled=&#8221;0&#8243; global_colors_info=&#8221;{}&#8221; sticky_enabled=&#8221;0&#8243;]<\/p>\n<p>\u200b<\/p>\n<table width=\"648\" style=\"height: 3010px; width: 534px;\">\n<tbody>\n<tr style=\"height: 90px;\">\n<td colspan=\"6\" style=\"height: 90px; width: 564.305px;\">\n<h1 class=\"theme-header\">Yhdistyksen hallitukset<\/h1>\n<\/td>\n<\/tr>\n<tr style=\"height: 728px;\">\n<td style=\"vertical-align: top; height: 728px; width: 178.102px;\">\n<p><strong>2010<\/strong><\/p>\n<address><strong>Puheenjohtaja\u00a0<\/strong><br \/>Mikko Leino<br \/><strong>Varapuheenjohtaja, yrityssuhteet\u00a0<\/strong><br \/>Miikka M\u00e4ki\u00f6<br \/><strong>Koulutuspoliittinen vastaava\u00a0<\/strong><br \/>Saila Kokkonen<br \/><strong>Talousvastaava\u00a0<\/strong><br \/>Joona Rauham\u00e4ki<br \/><strong>Klubimestari<\/strong><br \/>Arttu Kujala<br \/><strong>Viestint\u00e4vastaava\u00a0<\/strong><br \/>Tinja Veikkolainen<br \/><strong>Hyvinvointi- ja tutorointivastaava<\/strong><br \/>Jouko Kiuru<br \/><strong>Vapaa-ajan vastaava<\/strong><br \/>Janne Siltanen<br \/><strong>Liikuntavastaava<\/strong><br \/>Antti Napola<br \/><strong>Kulttuuri- ja perinnevastaava<\/strong><br \/>Sanna Laaksonen<br \/><strong>NESU-vastaava<\/strong><br \/>Isadora Kamotskin\/<br \/>Joonas Hamunen<\/address>\n<address>\u00a0<\/address>\n<\/td>\n<td style=\"vertical-align: top; height: 728px; width: 178.102px;\">\n<p><strong>2011<\/strong><\/p>\n<address><strong>Puheenjohtaja<\/strong><br \/>Juho Harmaa<br \/><strong>Varapuheenjohtaja, yrityssuhteet<\/strong><br \/>Tommi-Juhani Jokinen<br \/><strong>Koulutuspoliittinen vastaava<\/strong><br \/>Jussi Heikkonen<br \/><strong>Talousvastaava<\/strong><br \/>Ville Valkonen<br \/><strong>Klubimestari<\/strong><br \/>Mikael Vainio<br \/><strong>Viestint\u00e4vastaava<\/strong><br \/>Lauri Liljenb\u00e4ck<br \/><strong>Hyvinvointi- ja tutorointivastaava<\/strong><br \/>Joonas Hamunen<br \/><strong>Vapaa-ajan vastaava<\/strong><br \/>Otto Sulin<br \/><strong>Liikuntavastaava<\/strong><br \/>Aku K\u00e4hk\u00f6nen<br \/><strong>Kulttuuri- ja perinnevastaava<\/strong><br \/>Pia Rawlins<br \/><strong>NESU-vastaava<\/strong><br \/>Juho Lassila<\/address>\n<address>\u00a0<\/address>\n<\/td>\n<td style=\"vertical-align: top; height: 728px; width: 178.102px;\">\n<p><strong>2012<\/strong><\/p>\n<address><strong>Puheenjohtaja<\/strong><br \/>Jussi Heikkonen<br \/><strong>Varapuheenjohtaja<\/strong><br \/>Otto Sulin<br \/><strong>Talousvastaava<\/strong><br \/>Kalle Syrj\u00e4l\u00e4<br \/><strong>Koulutuspoliittinen vastaava<\/strong><br \/>Jukka Kujala<br \/><strong>Kuntamestari<\/strong><br \/>Olli Tehikari<br \/><strong>Viestint\u00e4vastaava<\/strong><br \/>Sanni Sirki\u00e4<br \/><strong>Hyvinvointi- ja tutorointivastaava<\/strong><br \/>Santeri Laine<br \/><strong>Yrityssuhdevastaava<\/strong><br \/>Ristomatti Vahe<br \/><strong>Vapaa-ajan vastaava<\/strong><br \/>Laura Haakana<br \/><strong>Liikuntavastaava<\/strong><br \/>Aleksi Huttunen<br \/><strong>Kulttuuri- ja perinnevastaava<\/strong><br \/>Henna Lunkka<br \/><strong>NESU-vastaava<\/strong><br \/>Ida Tuononen<\/address>\n<address>\u00a0<\/address>\n<\/td>\n<td style=\"width: 0px;\"><\/td>\n<td style=\"width: 0px;\"><\/td>\n<td style=\"width: 0px;\"><\/td>\n<\/tr>\n<tr style=\"height: 752px;\">\n<td style=\"vertical-align: top; height: 752px; width: 178.102px;\">\n<p><strong>2013<\/strong><\/p>\n<address><strong>Puheenjohtaja<\/strong><br \/>Olli Tehikari<br \/><strong>Varapuheenjohtaja<\/strong><br \/>Jussi Nieminen<br \/><strong>Kansainv\u00e4listen asioiden vastaava<\/strong><br \/>Timo Kovala<br \/><strong>Koulutuspoliittinen vastaava<\/strong><br \/>Jarkko Louhelainen<br \/><strong>Kuntamestari<\/strong><br \/>Ossi Tursas<br \/><strong>Viestint\u00e4vastaava<\/strong><br \/>Joonas Hokka<br \/><strong>Hyvinvointi- ja tutorointivastaava<\/strong><br \/>Sofi Laiho<br \/><strong>Yrityssuhdevastaava<\/strong><br \/>Markus H\u00e4kli<br \/><strong>Vapaa-ajan vastaava<\/strong><br \/>Miro Korhonen<br \/><strong>Liikuntavastaava<\/strong><br \/>Antti Rikkil\u00e4<br \/><strong>Kulttuuri- ja perinnevastaava<\/strong><br \/>Ilona H\u00e4s\u00e4nen<br \/><strong>NESU-vastaava<\/strong><br \/>Ann-Sofie Leimu<\/address>\n<address>\u00a0<\/address>\n<\/td>\n<td style=\"vertical-align: top; height: 752px; width: 178.102px;\">\n<p><strong>2014<\/strong><\/p>\n<address><strong>Puheenjohtaja<\/strong><br \/>Ann-Sofie Leimu<br \/><strong>Varapuheenjohtaja<\/strong><br \/>Otto Rouhiainen<br \/><strong>Kansainv\u00e4listen asioiden vastaava<\/strong><br \/>Milla Anttonen<br \/><strong>Koulutuspoliittinen vastaava<\/strong><br \/>Sofi Laiho<br \/><strong>Kuntamestari<\/strong><br \/>Arttu Tuuppa<br \/><strong>Viestint\u00e4vastaava<\/strong><br \/>Riku Hietarinta<br \/><strong>Hyvinvointi- ja tutorointivastaava<\/strong><br \/>Laura V\u00e4h\u00e4saari<br \/><strong>Yrityssuhdevastaava<\/strong><br \/>Oskari Rankamo<br \/><strong>Vapaa-ajan vastaava<\/strong><br \/>Tuulia Valaja<br \/><strong>Liikuntavastaava<\/strong><br \/>Juuso Mykk\u00e4nen<br \/><strong>Kulttuuri- ja perinnevastaava<\/strong><br \/>Anna Lamberg<br \/><strong>NESU-vastaava<\/strong><br \/>Antti Rikkil\u00e4<\/address>\n<address>\u00a0<\/address>\n<\/td>\n<td style=\"vertical-align: top; height: 752px; width: 178.102px;\">\n<p><strong>2015<\/strong><\/p>\n<address><strong>Puheenjohtaja<\/strong><br \/>Laura V\u00e4h\u00e4saari<br \/><strong>Varapuheenjohtaja<\/strong><br \/>Riku Hietarinta<br \/><strong>Kansainv\u00e4listen asioiden vastaava<\/strong><br \/>Maria Helle<br \/><strong>Koulutuspoliittinen vastaava<\/strong><br \/>Paula Peltomaa<br \/><strong>Kuntamestari<\/strong><br \/>Santeri Kangas<br \/><strong>Viestint\u00e4vastaava<\/strong><br \/>Niko Nauholz<br \/><strong>Sosiaalipoliittinen vastaava<\/strong><br \/>Salla Maijala<br \/><strong>Vapaa-ajan vastaava<\/strong><br \/>Samuli Salo<br \/><strong>Liikuntavastaava<\/strong><br \/>Erika Ojala<br \/><strong>Kulttuuri- ja perinnevastaava<\/strong><br \/>Vilhelmiina Merta<br \/><strong>NESU-vastaava<\/strong><br \/>Miika Tiainen<\/address>\n<address>\u00a0<\/address>\n<\/td>\n<td style=\"width: 0px;\"><\/td>\n<td style=\"width: 0px;\"><\/td>\n<td style=\"width: 0px;\"><\/td>\n<\/tr>\n<tr style=\"height: 704px;\">\n<td style=\"vertical-align: top; height: 704px; width: 178.102px;\">\n<p><strong>2016<\/strong><\/p>\n<address><strong>Puheenjohtaja<\/strong><br \/>Paula Peltomaa<br \/><strong>Varapuheenjohtaja<\/strong><br \/>Santeri Kangas<br \/><strong>Kansainv\u00e4listen asioiden vastaava<\/strong><br \/>Minna Goyal<br \/><strong>Koulutuspoliittinen vastaava<\/strong><br \/>Oula Huttunen<br \/><strong>Kuntamestari<\/strong><br \/>Ilkka Laustola<br \/><strong>Viestint\u00e4vastaava<\/strong><br \/>Anna Nukarinen<br \/><strong>Sosiaalipoliittinen vastaava<\/strong><br \/>Inka Helaniemi<br \/><strong>Vapaa-ajan vastaava<\/strong><br \/>Kristian Raitio<br \/><strong>Liikuntavastaava<\/strong><br \/>Henri M\u00e4kivirta<br \/><strong>Kulttuuri- ja perinnevastaava<\/strong><br \/>Eveliina Mauno<br \/><strong>NESU-vastaava<\/strong><br \/>Iina Lappalainen<\/address>\n<address>\u00a0<\/address>\n<\/td>\n<td style=\"vertical-align: top; height: 704px; width: 178.102px;\">\n<p><strong>2017<\/strong><\/p>\n<address><strong>Puheenjohtaja<\/strong><br \/>Kristian Raitio<br \/><strong>Varapuheenjohtaja<\/strong><br \/>Roope Rantanen<br \/><strong>Kansainv\u00e4listen asioiden vastaava<\/strong><br \/>Saara Gratschev<br \/><strong>Koulutuspoliittinen vastaava<\/strong><br \/>Tuulia Kuusinen<br \/><strong>Kuntamestari<\/strong><br \/>Juho Vahala<br \/><strong>Viestint\u00e4vastaava<\/strong><br \/>M\u00f3nica Sepp\u00e4nen<br \/><strong>Sosiaalipoliittinen vastaava<\/strong><br \/>Ella Miettinen<br \/><strong>Vapaa-ajan vastaava<\/strong><br \/>Taneli Hukkanen<br \/><strong>Liikuntavastaava<\/strong><br \/>Inari Syrj\u00e4nen<br \/><strong>Kulttuuri- ja perinnevastaava<\/strong><br \/>Joona Uusitalo<br \/><strong>NESU-vastaava<\/strong><br \/>Iines Pusa<\/address>\n<address>\u00a0<\/address>\n<\/td>\n<td style=\"vertical-align: top; height: 704px; width: 178.102px;\">\n<p><strong>2018<\/strong><\/p>\n<address><strong>Puheenjohtaja<\/strong><br \/>Joona Uusitalo<br \/><strong>Varapuheenjohtaja<\/strong><br \/>Sofia Utriainen<br \/><strong>Kansainv\u00e4listen asioiden vastaava<\/strong><br \/>Lauri Lehtinen<br \/><strong>Koulutuspoliittinen vastaava<\/strong><br \/>Sandra Saranp\u00e4\u00e4<br \/><strong>Kuntamestari<\/strong><br \/>Johanna Malin<br \/><strong>Viestint\u00e4vastaava<\/strong><br \/>Emmi H\u00e4m\u00e4l\u00e4inen<br \/><strong>Sosiaalipoliittinen vastaava<\/strong><br \/>Sanna Varjonen<br \/><strong>Vapaa-ajan vastaava<\/strong><br \/>Juho T\u00f6rh\u00f6nen<br \/><strong>Liikuntavastaava<\/strong><br \/>Antti Heinonen<br \/><strong>Kulttuuri- ja perinnevastaava<\/strong><br \/>Henry Huovari<br \/><strong>NESU-vastaava<\/strong><br \/>Oona M\u00e4kinen<\/address>\n<address>\u00a0<\/address>\n<\/td>\n<td style=\"width: 0px;\"><\/td>\n<td style=\"width: 0px;\"><\/td>\n<td style=\"width: 0px;\"><\/td>\n<\/tr>\n<tr style=\"height: 736px;\">\n<td style=\"vertical-align: top; height: 736px; width: 178.102px;\">\n<p><strong>2019<\/strong><\/p>\n<address><strong>Puheenjohtaja<\/strong><br \/>Sandra Saranp\u00e4\u00e4<br \/><strong>Varapuheenjohtaja<\/strong><br \/>Kiia Rouhelo<br \/><strong>Kansainv\u00e4listen asioiden vastaava<\/strong><br \/>Anni Ahola<br \/><strong>Koulutuspoliittinen vastaava<\/strong><br \/>Samuli T\u00e4htinen<br \/><strong>Kuntamestari<\/strong><br \/>Juho K\u00e4rkk\u00e4inen<br \/><strong>Viestint\u00e4vastaava<\/strong><br \/>Juho M\u00e4kinen<br \/><strong>Sosiaalipoliittinen vastaava<\/strong><br \/>Aku Lehoj\u00e4rvi<br \/><strong>Vapaa-ajan vastaava<\/strong><br \/>Kalle Kahanp\u00e4\u00e4<br \/><strong>Liikuntavastaava<\/strong><br \/>Sofia Valvee<br \/><strong>Kulttuuri- ja perinnevastaava<\/strong><br \/>Ida Lepp\u00e4nen<br \/><strong>NESU-vastaava<\/strong><br \/>Olga Lipasti<\/address>\n<\/td>\n<td style=\"vertical-align: top; height: 736px; width: 178.102px;\">\n<p><strong>2020<\/strong><\/p>\n<address><strong>Puheenjohtaja<\/strong><br \/>Kalle Kahanp\u00e4\u00e4<\/address>\n<address><strong>Varapuheenjohtaja<\/strong><br \/>Joona Haapalinen<br \/><strong>Kansainv\u00e4listen asioiden vastaava<\/strong><br \/>Anni Ryyn\u00e4nen<br \/><strong>Koulutuspoliittinen vastaava<\/strong><br \/>Satu Hynninen<br \/><strong>Kuntamestari<\/strong><br \/>Ville Jokinen<br \/><strong>Viestint\u00e4vastaava<\/strong><br \/>Hanna Leskinen<br \/><strong>Sosiaalipoliittinen vastaava<\/strong><br \/>Sofia Isolauri<br \/><strong>Vapaa-ajan vastaava<\/strong><br \/>Ilona Lehti<br \/><strong>Liikuntavastaava<\/strong><br \/>Tuukka Einola<br \/><strong>Kulttuuri- ja perinnevastaava<\/strong><br \/>Meri Palosaari<br \/><strong>NESU-vastaava<\/strong><br \/>Hanna-Sofia Luoto<\/address>\n<p><strong><\/strong><\/p>\n<\/td>\n<td style=\"vertical-align: top; height: 736px; width: 178.102px;\">\n<p><strong>2021<\/strong><\/p>\n<address><strong>Puheenjohtaja<\/strong><br \/>Sofia Isolauri<\/address>\n<address><strong>Varapuheenjohtaja<\/strong><br \/>Mohamed Abdullahi<br \/><strong>Kansainv\u00e4listen asioiden vastaava<\/strong><br \/>Venla Monto<br \/><strong>Koulutuspoliittinen vastaava<\/strong><br \/>Wili Wrangell<br \/><strong>Kuntamestari<\/strong><br \/>Aino Kairinen<br \/><strong>Viestint\u00e4vastaava<\/strong><br \/>Tiia Maukonen<br \/><strong>Sosiaalipoliittinen vastaava<\/strong><br \/>Matilda Hyyti\u00e4inen<br \/><strong>Vapaa-ajan vastaava<\/strong><br \/>Juho Perttula<br \/><strong>Liikuntavastaava<\/strong><br \/>Elli Abrahamsson<br \/><strong>Kulttuuri- ja perinnevastaava<\/strong><br \/>Suvi Ahonen<br \/><strong>NESU-vastaava<\/strong><br \/>Ellen Nissinen<\/address>\n<p><strong><\/strong><\/p>\n<\/td>\n<td style=\"width: 0px;\"><\/td>\n<td style=\"width: 0px;\"><\/td>\n<td style=\"width: 0px;\"><\/td>\n<\/tr>\n<tr>\n<td style=\"vertical-align: top; width: 178.102px;\">\n<p><strong>2022<\/strong><\/p>\n<address><strong>Puheenjohtaja<\/strong><br \/>Juho Perttula<\/address>\n<address><strong>Varapuheenjohtaja<\/strong><br \/>Salla Huotari<br \/><strong>Kansainv\u00e4listen asioiden vastaava<\/strong><br \/>Miska Misukka<br \/><strong>Koulutuspoliittinen vastaava<\/strong><br \/>Ella Rantala<br \/><strong>Kuntamestari<\/strong><br \/>Markus Karlstedt<br \/><strong>Viestint\u00e4vastaava<\/strong><br \/>Kira Kokko<br \/><strong>Sosiaalipoliittinen vastaava<\/strong><br \/>Pihla Koski<br \/><strong>Vapaa-ajan vastaava<\/strong><br \/>Nelli-Maija Pekola<br \/><strong>Liikuntavastaava<\/strong><br \/>Kalle-Tapio K\u00e4hk\u00f6nen<br \/><strong>Kulttuuri- ja perinnevastaava<\/strong><br \/>Noora Ossa<br \/><strong>NESU-vastaava<\/strong><br \/>Frans Isolauri<\/address>\n<p><strong>\u00a0<\/strong><\/p>\n<\/td>\n<td style=\"vertical-align: top; width: 178.102px;\">\n<p><strong>2023<\/strong><\/p>\n<address><strong>Puheenjohtaja<\/strong><br \/>Frans Isolauri<\/address>\n<address><strong>Varapuheenjohtaja<\/strong><br \/>Pihla Koski<br \/><strong>Kansainv\u00e4listen asioiden vastaava<\/strong><br \/>Jenny S\u00e4\u00e4ksi<br \/><strong>Koulutuspoliittinen vastaava<\/strong><br \/>Markus Karlstedt<br \/><strong>Kuntamestari<\/strong><br \/>Leevi Vesanen<br \/><strong>Viestint\u00e4vastaava<\/strong><br \/>Minttu Wilska<br \/><strong>Sosiaalipoliittinen vastaava<\/strong><br \/>Oona Korpijaakko<br \/><strong>Vapaa-ajan vastaava<\/strong><br \/>Totte Pajuniemi<br \/><strong>Liikuntavastaava<\/strong><br \/>Saana Pirttij\u00e4rvi<br \/><strong>Kulttuuri- ja perinnevastaava<\/strong><br \/>Leea Hering<br \/><strong>NESU-vastaava<\/strong><br \/>Matilda Mankonen<\/address>\n<p><strong>\u00a0<\/strong><\/p>\n<\/td>\n<td style=\"vertical-align: top; width: 178.102px;\">\n<p><strong>2024<\/strong><\/p>\n<address><strong>Puheenjohtaja<\/strong><br \/>Jenny S\u00e4\u00e4ksi<\/address>\n<address><strong>Varapuheenjohtaja<\/strong><br \/>Anton Martti<br \/><strong>Kansainv\u00e4listen asioiden vastaava<\/strong><br \/>Sara Korpineva<br \/><strong>Koulutuspoliittinen vastaava<\/strong><br \/>Robert Vehma<br \/><strong>Kuntamestari<\/strong><br \/>Ossi Ryyn\u00e4nen<br \/><strong>Viestint\u00e4vastaava<\/strong><br \/>Anna Immo<br \/><strong>Sosiaalipoliittinen vastaava<\/strong><br \/>Ida Hartikainen<br \/><strong>Vapaa-ajan vastaava<\/strong><br \/>Siiri Tella<br \/><strong>Liikuntavastaava<\/strong><br \/>Miro Ik\u00e4heimonen<br \/><strong>Kulttuuri- ja perinnevastaava<\/strong><br \/>Aada Rehnberg<br \/><strong>NESU-vastaava<\/strong><br \/>Martta Iso-Kuortti<\/address>\n<\/td>\n<td style=\"width: 0px;\"><\/td>\n<td style=\"width: 0px;\"><\/td>\n<td style=\"width: 0px;\"><\/td>\n<\/tr>\n<tr>\n<td style=\"vertical-align: top; width: 178.102px;\">\n<p><strong>2025<\/strong><\/p>\n<address><strong>Puheenjohtaja<\/strong><br \/>Ossi Ryyn\u00e4nen<\/address>\n<address><strong>Varapuheenjohtaja<\/strong><br \/>Kasperi Paassilta<br \/><strong>Kansainv\u00e4listen asioiden vastaava<\/strong><br \/>Samuli Koskenneva<br \/><strong>Koulutuspoliittinen vastaava<\/strong><br \/>Markus Miilunpalo<br \/><strong>Kuntamestari<\/strong><br \/>Teijo Seikkula<br \/><strong>Viestint\u00e4vastaava<\/strong><br \/>Helmi K\u00e4rj\u00e4<br \/><strong>Sosiaalipoliittinen vastaava<\/strong><br \/>Anni Sepp\u00e4l\u00e4<br \/><strong>Vapaa-ajan vastaava<\/strong><br \/>Emma Torniainen<br \/><strong>Liikuntavastaava<\/strong><br \/>Matlena Karvonen<br \/><strong>Kulttuuri- ja perinnevastaava<\/strong><br \/>Anna Helin<br \/><strong>NESU-vastaava<\/strong><br \/>Saara Lohikari<\/address>\n<p><strong>\u00a0<\/strong><\/p>\n<\/td>\n<td style=\"vertical-align: top; width: 178.102px;\">\n<p><strong>2026<\/strong><\/p>\n<address><strong>Puheenjohtaja<\/strong><br \/>Emma Torniainen<\/address>\n<address><strong>Varapuheenjohtaja<\/strong><br \/>Ilkka Pulkkinen<br \/><strong>Kansainv\u00e4listen asioiden vastaava<\/strong><br \/>Samuli Koskenneva<br \/><strong>Koulutuspoliittinen vastaava<\/strong><br \/>Juho Virolainen<br \/><strong>Kuntamestari<\/strong><br \/>Oskar M\u00e4kel\u00e4<br \/><strong>Viestint\u00e4vastaava<\/strong><br \/>Heidi Puro<\/address>\n<address><strong>Mediavastaava<\/strong><\/address>\n<address>Mikko Prieur<\/address>\n<address><strong>Sosiaalipoliittinen vastaava<\/strong><br \/>Maria Kekkonen<br \/><strong>Vapaa-ajan vastaava<\/strong><br \/>Riku Partanen<br \/><strong>Liikuntavastaava<\/strong><br \/>Roy J\u00e4rvinen<br \/><strong>Kulttuuri- ja perinnevastaava<\/strong><br \/>Kerttu Kari<br \/><strong>NESU-vastaava<\/strong><br \/>Inka P\u00f6yry<\/address>\n<p><strong>\u00a0<\/strong><\/p>\n<\/td>\n<td style=\"vertical-align: top; width: 178.102px;\">\n<p><strong>\u00a0<\/strong><\/p>\n<\/td>\n<td style=\"width: 0px;\"><\/td>\n<td style=\"width: 0px;\"><\/td>\n<td style=\"width: 0px;\"><\/td>\n<\/tr>\n<\/tbody>\n<\/table>\n<p>&nbsp;<\/p>\n<p>[\/et_pb_tab][et_pb_tab title=&#8221;Turun kauppakorkeakoulun ylioppilaskunnan hallitukset kautta aikain&#8221; _builder_version=&#8221;4.16&#8243; tab_text_color=&#8221;#e4c400&#8243; global_colors_info=&#8221;{}&#8221;]<\/p>\n<table style=\"height: 652px;\" width=\"652\" cellpadding=\"0\">\n<tbody>\n<tr>\n<td colspan=\"7\">\n<h2>Turun kauppakorkeakoulun ylioppilaskunnan hallitukset kautta aikain<\/h2>\n<\/td>\n<\/tr>\n<tr>\n<td style=\"vertical-align: top;\"><strong>1950<\/strong><\/p>\n<address><strong>Puheenjohtaja<\/strong><br \/>\nSukkinen Jussi<br \/>\n<strong>Varapuheenjohtaja<\/strong><br \/>\nNahi Antti<br \/>\n<strong>Taloudenhoitaja<\/strong><br \/>\nVarjo Atte<br \/>\n<strong>J\u00e4senet<\/strong><br \/>\nElomaa Heikki<br \/>\nAiramo Keiju<br \/>\nMiettinen Ky\u00f6sti<br \/>\n<strong>Varaj\u00e4senet<\/strong><br \/>\nHamara Jaakko<br \/>\nVeps\u00e4l\u00e4inen Antti<br \/>\n<strong>Sihteeri<\/strong><br \/>\nVesenter\u00e4 Sinikka<br \/>\nKuusisto Pentti<\/address>\n<address>\u00a0<\/address>\n<\/td>\n<td style=\"vertical-align: top;\"><strong>1951<\/strong><\/p>\n<address><strong>Puheenjohtaja<\/strong><br \/>\nSukkinen Jussi<br \/>\n<strong>Varapuheenjohtaja<\/strong><br \/>\nKuusisto Pentti<br \/>\n<strong>Taloudenhoitaja<\/strong><br \/>\nLampo Jukka<br \/>\n<strong>J\u00e4senet<\/strong><br \/>\nAavasalo Ensio<br \/>\nVarjo Atte<br \/>\nKarlson Mikko<br \/>\n<strong>Varaj\u00e4senet<\/strong><br \/>\nJokela Aira<br \/>\nLaaksonen Risto<br \/>\n<strong>Sihteeri<\/strong><br \/>\nGrundstr\u00f6m Maija<\/address>\n<address>\u00a0<\/address>\n<\/td>\n<td style=\"vertical-align: top;\"><strong>1952<\/strong><\/p>\n<address><strong>Puheenjohtaja<\/strong><br \/>\nKuusisto Pentti<br \/>\n<strong>Varapuheenjohtaja<\/strong><br \/>\nSaari Pertti<br \/>\n<strong>Taloudenhoitaja<\/strong><br \/>\nKoskenkorva Kalervo<br \/>\n<strong>J\u00e4senet<\/strong><br \/>\nValtanen Jyrki<br \/>\nSukkinen Jussi<br \/>\nGrundstr\u00f6m Maija<br \/>\n<strong>Varaj\u00e4senet<\/strong><br \/>\nHoffren Martti<br \/>\nHurme Matti<br \/>\n<strong>Sihteeri<\/strong><br \/>\nViitanen Liisa<\/address>\n<address>\u00a0<\/address>\n<\/td>\n<\/tr>\n<tr>\n<td style=\"vertical-align: top;\"><strong>1953<\/strong><\/p>\n<address><strong>Puheenjohtaja<\/strong><br \/>\nLahtinen Aaro<br \/>\n<strong>Varapuheenjohtaja<\/strong><br \/>\nRusama Olli<br \/>\n<strong>Taloudenhoitaja<\/strong><br \/>\nIntonen Helmer<br \/>\n<strong>AIESEC<\/strong><br \/>\nViitanen Liisa<br \/>\n<strong>Sosiaaliset asiat<\/strong><br \/>\nSalmi Lauri<br \/>\nSalutskij Elis<br \/>\n<strong>Varaj\u00e4senet<\/strong><br \/>\nRiento Risto<br \/>\nKuusanm\u00e4ki Mikko<br \/>\n<strong>Sihteeri<\/strong><br \/>\nVuorio Jaakko<\/address>\n<address>\u00a0<\/address>\n<\/td>\n<td style=\"vertical-align: top;\"><strong>1954<\/strong><\/p>\n<address><strong>Puheenjohtaja<\/strong><br \/>\nRusama Olli<br \/>\n<strong>Varapuheenjohtaja<\/strong><br \/>\nPohjavirta Ossi<br \/>\n<strong>Taloudenhoitaja<\/strong><br \/>\nP\u00e4lk\u00e4s Veikko\/<br \/>\nLaine Valter<br \/>\n<strong>J\u00e4senet<\/strong><br \/>\nHatakka Esko<br \/>\nAlho Eero<br \/>\nMets\u00e4m\u00e4ki Teuvo<br \/>\nIntonen Helmer<br \/>\nVuorio Jaakko<br \/>\n<strong>Varaj\u00e4senet<\/strong><br \/>\nAarnio Kirsti<br \/>\nKuusanm\u00e4ki Mikko<br \/>\n<strong>Sihteeri<\/strong><br \/>\nSalminen Raija<\/address>\n<address>\u00a0<\/address>\n<\/td>\n<td style=\"vertical-align: top;\"><strong>1955<\/strong><\/p>\n<address><strong>Puheenjohtaja<\/strong><br \/>\nPohjavirta Ossi<br \/>\n<strong>Varapuheenjohtaja<\/strong><br \/>\nJyrkki\u00f6 Esa<br \/>\n<strong>Taloudenhoitaja<\/strong><br \/>\nKuosa Aarno<br \/>\n<strong>J\u00e4senet<\/strong><br \/>\nJansson Oiva<br \/>\nLaine Valter<br \/>\nAlanne Raili<br \/>\nKaira Ritva<br \/>\nSiltanen Olavi<br \/>\nLatva Mikko<br \/>\nKarlson Mikko<br \/>\n<strong>Sihteeri<\/strong><br \/>\nSelander Joni<\/address>\n<address>\u00a0<\/address>\n<\/td>\n<\/tr>\n<tr>\n<td style=\"vertical-align: top;\"><strong>1956<\/strong><\/p>\n<address><strong>Puheenjohtaja<\/strong><br \/>\nKarlson Mikko<br \/>\n<strong>Varapuheenjohtaja<\/strong><br \/>\nSiltanen Olavi<br \/>\n<strong>Taloudenhoitaja<\/strong><br \/>\nK\u00e4nk\u00e4nen Urho<br \/>\n<strong>J\u00e4senet<\/strong><br \/>\nNorla Olli<br \/>\nJalamo Ilkka<br \/>\nNumminen Jarmo<br \/>\nSelander Joni<br \/>\nPollari Lasse<br \/>\nAjanko Antti<br \/>\nRintanen Eeva<br \/>\n<strong>Sihteeri<\/strong><br \/>\nYlipoti Anneli<\/address>\n<address>\u00a0<\/address>\n<\/td>\n<td style=\"vertical-align: top;\"><strong>1957<\/strong><\/p>\n<address><strong>Puheenjohtaja<\/strong><br \/>\nJansson Oiva<br \/>\n<strong>Varapuheenjohtaja<\/strong><br \/>\nK\u00e4nk\u00e4nen Urho<br \/>\n<strong>Taloudenhoitaja<\/strong><br \/>\nMahlam\u00e4ki Tauno<br \/>\n<strong>J\u00e4senet\u00a0<\/strong><br \/>\nKarlson Mikko<br \/>\nPollari Lasse<br \/>\nAjanko Antti<br \/>\nSimola Heikki<br \/>\nLeino Rainer<br \/>\nAho Aulis<br \/>\nAuramo Juhani<br \/>\n<strong>Sihteeri<\/strong><br \/>\nHiltunen Ella<\/address>\n<address>\u00a0<\/address>\n<\/td>\n<td style=\"vertical-align: top;\"><strong>1958<\/strong><\/p>\n<address><strong>Puheenjohtaja<\/strong><br \/>\nJansson Oiva<br \/>\n<strong>Varapuheenjohtaja<\/strong><br \/>\nAuramo Juhani<br \/>\n<strong>Taloudenhoitaja<\/strong><br \/>\nTuohimaa Erkki<br \/>\n<strong>Opintoasiat<\/strong><br \/>\nKaitila Matti<br \/>\n<strong>Ekonomijaosto<\/strong><br \/>\nSiltanen Olavi<br \/>\n<strong>Tiedotus<\/strong><br \/>\nMahlam\u00e4ki Tauno<br \/>\n<strong>Ulkoasiat<\/strong><br \/>\nAho Aulis<br \/>\n<strong>Kerhomestari<\/strong><br \/>\nUrmas Olli<br \/>\n<strong>J\u00e4senet\u00a0<\/strong><br \/>\nSuokko Kalervo<br \/>\nKiiski Viljo<br \/>\n<strong>Sihteeri<\/strong><br \/>\nSinkkonen Anna<\/address>\n<address>\u00a0<\/address>\n<\/td>\n<\/tr>\n<tr>\n<td style=\"vertical-align: top;\"><strong>1959<\/strong><\/p>\n<address><strong>Puheenjohtaja<\/strong><br \/>\nM\u00e4ki Jukka<br \/>\n<strong>Varapuheenjohtaja<\/strong><br \/>\nSoini Kalevi<br \/>\n<strong>Taloudenhoitaja<\/strong><br \/>\nMajala Reino<br \/>\n<strong>Ekonomijaosto<\/strong><br \/>\nPollari Lasse\/<br \/>\nKanerva Reino\/<br \/>\nUrmas Olli<br \/>\n<strong>Opinto- ja sosiaaliasiat<\/strong><br \/>\nTuohimaa Erkki<br \/>\n<strong>Tiedotus<\/strong><br \/>\nPunkari Antti<br \/>\n<strong>Ulkoasiat<\/strong><br \/>\nHaahtela Jouko<br \/>\n<strong>Kerhomestari<\/strong><br \/>\nSarvamaa Georg<br \/>\n<strong>J\u00e4senet<\/strong><br \/>\nMurto Lea<br \/>\nKiiski Viljo<br \/>\n<strong>Sihteeri<\/strong><br \/>\nValtonen Marja-Liisa<\/address>\n<address>\u00a0<\/address>\n<\/td>\n<td style=\"vertical-align: top;\"><strong>1960<\/strong><\/p>\n<address><strong>Puheenjohtaja<\/strong><br \/>\nM\u00e4ki Jukka<br \/>\n<strong>Varapuheenjohtaja<\/strong><br \/>\nMannola Tomi<br \/>\n<strong>Taloudenhoitaja<\/strong><br \/>\nHellberg Lasse<br \/>\n<strong>Ekonomijaosto<\/strong><br \/>\nUrmas Olli<br \/>\n<strong>Opintoasiat<\/strong><br \/>\nMajala Reino<br \/>\n<strong>Tiedotus<\/strong><br \/>\nTavio Pentti<br \/>\n<strong>Ulkoasiat<\/strong><br \/>\nJunttu Kari<br \/>\n<strong>Kerhomestari<\/strong><br \/>\nKettinen Kalevi<br \/>\n<strong>J\u00e4senet\u00a0<\/strong><br \/>\nHaahtela Jouko<br \/>\nValtonen Marja-Liisa<br \/>\n<strong>Sihteeri<\/strong><br \/>\nRuuskanen Marja-Leena<\/address>\n<address>\u00a0<\/address>\n<\/td>\n<td style=\"vertical-align: top;\"><strong>1961<\/strong><\/p>\n<address><strong>Puheenjohtaja<\/strong><br \/>\nM\u00e4ki Jukka<br \/>\n<strong>Varapuheenjohtaja<\/strong><br \/>\nHertto Raimo<br \/>\n<strong>Taloudenhoitaja<\/strong><br \/>\nRantalainen Veikko<br \/>\n<strong>Ekonomijaosto<\/strong><br \/>\nTuohimaa Erkki<br \/>\n<strong>Opintoasiat<\/strong><br \/>\nKares Kelpo<br \/>\n<strong>Tiedotus<\/strong><br \/>\nSundholm Sakari<br \/>\n<strong>Ulkoasiat<\/strong><br \/>\nHeikkinen Risto<br \/>\n<strong>Sihteeri<\/strong><br \/>\nWenden Eva<br \/>\n<strong>Kerhomestari<\/strong><br \/>\nVornanen Sakari<br \/>\n<strong>J\u00e4senet\u00a0<\/strong><br \/>\nTavio Pentti<br \/>\nSalvos Sirpa<\/address>\n<address>\u00a0<\/address>\n<\/td>\n<\/tr>\n<tr>\n<td style=\"vertical-align: top;\"><strong>1962<\/strong><\/p>\n<address><strong>Puheenjohtaja<\/strong><br \/>\nHeikkinen Risto<br \/>\n<strong>Varapuheenjohtaja<\/strong><br \/>\nMaijala Juhani<br \/>\n<strong>Taloudenhoitaja<\/strong><br \/>\nSalo Ilpo<br \/>\n<strong>Ekonomijaosto<\/strong><br \/>\nKettinen Kalevi<br \/>\n<strong>J\u00e4senet<\/strong><br \/>\nR\u00e4nn\u00e4li Risto<br \/>\nViljanen Sinikka<br \/>\nHeino Sampsa<br \/>\nHeliander Antti<br \/>\nBergstr\u00f6m Heikki<br \/>\n<strong>Sihteeri<\/strong><br \/>\nBrusila Annele<\/address>\n<address>\u00a0<\/address>\n<\/td>\n<td style=\"vertical-align: top;\"><strong>1963<\/strong><\/p>\n<address><strong>Puheenjohtaja<\/strong><br \/>\nHeino Sampsa<br \/>\n<strong>Varapuheenjohtaja<\/strong><br \/>\nHilke Pentti<br \/>\n<strong>Taloudenhoitaja<\/strong><br \/>\nKempas Teuvo<br \/>\n<strong>Ekonomijaosto<\/strong><br \/>\nKettinen Kalevi<br \/>\n<strong>Kulttuuri<\/strong><br \/>\nLeivo Matti<br \/>\n<strong>Opinto<\/strong><br \/>\nR\u00e4nn\u00e4li Risto<br \/>\n<strong>Sis\u00e4asiat<\/strong><br \/>\nKaitila Ky\u00f6sti<br \/>\n<strong>Kerhomestari<\/strong><br \/>\nBj\u00f6rk Kari<br \/>\n<strong>Ulkoasiat<\/strong><br \/>\nSalo Ilpo\/<br \/>\nM\u00e4nnist\u00f6 Matti<br \/>\n<strong>Sihteeri<\/strong><br \/>\nHertto Marja-Liisa<\/address>\n<address>\u00a0<\/address>\n<\/td>\n<td style=\"vertical-align: top;\"><strong>1963-1964<\/strong><\/p>\n<address><strong>Puheenjohtaja<\/strong><br \/>\nHeino Sampsa<br \/>\n<strong>Varapuheenjohtaja<\/strong><br \/>\nHilke Pentti<br \/>\n<strong>Taloudenhoitaja<\/strong><br \/>\nKempas Teuvo<br \/>\n<strong>Ekonomijaosto<\/strong><br \/>\nKettinen Kalevi<br \/>\n<strong>Kulttuuri<\/strong><br \/>\nLeivo Matti<br \/>\n<strong>Kerhomestari<\/strong><br \/>\nBj\u00f6rk Kari<br \/>\n<strong>Ulkoasiat<\/strong><br \/>\nM\u00e4nnist\u00f6 Matti<br \/>\n<strong>Sis\u00e4asiat<\/strong><br \/>\nAntti-Poika Kalevi<br \/>\n<strong>Opintoasiat<\/strong><br \/>\nR\u00e4nn\u00e4li Risto<br \/>\n<strong>Sihteeri<\/strong><br \/>\nHertto Marja-Riitta<\/address>\n<address>\u00a0<\/address>\n<\/td>\n<\/tr>\n<tr>\n<td style=\"vertical-align: top;\"><strong>1964-1965<\/strong><\/p>\n<address><strong>Puheenjohtaja<\/strong><br \/>\nLeivo Matti<br \/>\n<strong>Varapuheenjohtaja<\/strong><br \/>\nSaarto Jukka<br \/>\n<strong>Taloudenhoitaja<\/strong><br \/>\nKiviniemi Pekka<br \/>\n<strong>Ekonomijaosto<\/strong><br \/>\nHertto Raimo<br \/>\n<strong>Ulkoasiat<\/strong><br \/>\nAhtola Pekka<br \/>\n<strong>Opintoasiat<\/strong><br \/>\nAntti-Poika Kalevi<br \/>\n<strong>Kerhomestari<\/strong><br \/>\nHelander Mikko<br \/>\n<strong>Kulttuuri<\/strong><br \/>\nMikkola Markku<br \/>\n<strong>Sis\u00e4asiat<\/strong><br \/>\nArtkoski Jarkko<br \/>\n<strong>Sihteeri<\/strong><br \/>\nValtere Anja<\/address>\n<address>\u00a0<\/address>\n<\/td>\n<td style=\"vertical-align: top;\"><strong>1966<\/strong><\/p>\n<address><strong>Puheenjohtaja<\/strong><br \/>\nReims Erkki<br \/>\n<strong>Taloudenhoitaja<\/strong><br \/>\nAhtola Olli<br \/>\n<strong>Ekonomijaosto<\/strong><br \/>\nHertto Raimo<br \/>\n<strong>Sis\u00e4asiat<\/strong><br \/>\nKiviluoto Heikki<br \/>\n<strong>Ulkoasiat<\/strong><br \/>\nKokkola Risto<br \/>\n<strong>Sihteeri<\/strong><br \/>\nSutinen Kristina<\/address>\n<address>\u00a0<\/address>\n<\/td>\n<td style=\"vertical-align: top;\"><strong>1967<\/strong><\/p>\n<address><strong>Puheenjohtaja<\/strong><br \/>\nPenttinen Matti<br \/>\n<strong>Taloudenhoitaja<\/strong><br \/>\nReunanen Erkki<br \/>\n<strong>Ekonomijaosto<\/strong><br \/>\nHuuska Taisto<br \/>\n<strong>Sis\u00e4asiat<\/strong><br \/>\nOkko Paavo<br \/>\n<strong>Ulkoasiat<\/strong><br \/>\nHarlas Kari<br \/>\n<strong>J\u00e4rjestely<\/strong><br \/>\nNorha Kari<br \/>\n<strong>AIESEC<\/strong><br \/>\nAhonen Tapani<br \/>\n<strong>Sihteeri<\/strong><br \/>\nRekola Lea<\/address>\n<address>\u00a0<\/address>\n<\/td>\n<\/tr>\n<tr>\n<td style=\"vertical-align: top;\"><strong>1968<\/strong><\/p>\n<address><strong>Puheenjohtaja<\/strong><br \/>\nOkko Paavo<br \/>\n<strong>Taloudenhoitaja<\/strong><br \/>\nAlanne Aatu<br \/>\n<strong>Ekonomijaosto<\/strong><br \/>\nHuuska Taisto<br \/>\n<strong>Ulkoasiat<\/strong><br \/>\nLehtonen Turkka\/<br \/>\nNiinikoski Risto<br \/>\n<strong>Sis\u00e4asiat<\/strong><br \/>\nRissanen Arto<br \/>\n<strong>AIESEC<\/strong><br \/>\nHakola Juha<br \/>\n<strong>Sihteeri<\/strong><br \/>\nAhtola Anneli<\/address>\n<address>\u00a0<\/address>\n<\/td>\n<td style=\"vertical-align: top;\"><strong>1969<\/strong><\/p>\n<address><strong>Puheenjohtaja<\/strong><br \/>\nRissanen Arto<br \/>\n<strong>Talousministeri<\/strong><br \/>\nSipil\u00e4 Pekka\/<br \/>\nSepp\u00e4l\u00e4 Jouko<br \/>\n<strong>Ekonomijaosto<\/strong><br \/>\nOkko Paavo<br \/>\n<strong>Ulkoministeri<\/strong><br \/>\nNiinikoski Risto<br \/>\n<strong>Sis\u00e4ministeri<\/strong><br \/>\nArjaluoto Ilkka<br \/>\n<strong>Opintoministeri<\/strong><br \/>\nLeskinen Sirkka-Liisa<br \/>\n<strong>Sosiaaliministeri<\/strong><br \/>\nV\u00e4is\u00e4nen Seppo<br \/>\n<strong>Sihteeri<\/strong><br \/>\nHytti Leena\u00a0<\/address>\n<address>\u00a0<\/address>\n<\/td>\n<td style=\"vertical-align: top;\"><strong>1970<\/strong><\/p>\n<address><strong>Puheenjohtaja\u00a0<\/strong><br \/>\nLehtim\u00e4ki Jorma\/<br \/>\nKivel\u00e4 Pekka<br \/>\n<strong>Talousministeri<\/strong><br \/>\nHakkarainen Olli T.<br \/>\n<strong>Ekonomijaosto<\/strong><br \/>\nNiinikoski Risto<br \/>\n<strong>Ulkoministeri<\/strong><br \/>\nHacklin Juhani<br \/>\n<strong>Sis\u00e4ministeri<\/strong><br \/>\nManni Kimmo<br \/>\n<strong>Opintoministeri<\/strong><br \/>\nRissanen Arto\/<br \/>\nMononen Markku<br \/>\n<strong>Sosiaaliministeri<\/strong><br \/>\nArjaluoto Ilkka\/<br \/>\nWilkman Kari<br \/>\n<strong>Sihteeri<\/strong><br \/>\nJ\u00e4rvilahti Arja<\/address>\n<address>\u00a0<\/address>\n<\/td>\n<\/tr>\n<tr>\n<td style=\"vertical-align: top;\"><strong>1971<\/strong><\/p>\n<address><strong>Puheenjohtaja<\/strong><br \/>\nHacklin Juhani<br \/>\n<strong>Talousasiat<\/strong><br \/>\nHakkarainen Anja<br \/>\n<strong>Korkeakoulupolitiikka<\/strong><br \/>\nMonnonen Markku\/<br \/>\nHakkarainen Olli T.<br \/>\n<strong>Ulkoasiat<\/strong><br \/>\nJ\u00e4ntti Pentti\/<br \/>\nPaajanen Veli<br \/>\n<strong>Kulttuuri<\/strong><br \/>\nSortemo Elisa\/<br \/>\nMalinen Antti<br \/>\n<strong>Sosiaaliasiat<\/strong><br \/>\nHeiskanen Erkki<br \/>\n<strong>Opintoasiat<\/strong><br \/>\nHietakari Seija<br \/>\n<strong>Projektit<\/strong><br \/>\nLepp\u00e4nen Tapani<br \/>\n<strong>Sihteeri<\/strong><br \/>\nHacklin Marjatta<\/address>\n<address>\u00a0<\/address>\n<\/td>\n<td style=\"vertical-align: top;\"><strong>1972<\/strong><\/p>\n<address><strong>Puheenjohtaja\u00a0<\/strong><br \/>\nHacklin Juhani<br \/>\nHakkarainen Olli T.<br \/>\nWilkman Kari<br \/>\n<strong>Hallintoasiainjaoston pj.<\/strong><br \/>\nLepp\u00e4nen Tapani<br \/>\nH\u00f6rts\u00e4n\u00e4 Juhani<br \/>\nEriksson Tapio<br \/>\n<strong>Korkeakoulupoliittisen jaoston pj.<\/strong><br \/>\nHakkarainen Olli T.<br \/>\nKaartinen Jorma<br \/>\nReivonen Juha<br \/>\n<strong>Kulttuurijaoston pj.<\/strong><br \/>\nMalinen Antti<br \/>\nIlola Pirjo<br \/>\nPihajoki Ossi<br \/>\n<strong>Sosiaaliasiainjaoston pj.\u00a0<\/strong><br \/>\nHeiskanen Erkki<br \/>\nSalminen Matti K.<br \/>\nH\u00f6rts\u00e4n\u00e4 Juhani<br \/>\n<strong>Talousjaoston pj.\u00a0<\/strong><br \/>\nHakkarainen Anja<br \/>\nLaitinen Erkki<br \/>\nKivim\u00e4ki Juha<br \/>\n<strong>Ulkoasiainjaoston pj.<\/strong><br \/>\nPaajanen Veli<br \/>\nWilkman Kari<br \/>\nSipil\u00e4 Pekka<br \/>\n<strong>Varapuheenjohtaja\u00a0<\/strong><br \/>\nHakkarainen Olli T.<br \/>\nIlola Pirjo<br \/>\nKaartinen Jorma<br \/>\nPihajoki Ossi<br \/>\n<strong>Sihteeri<\/strong><br \/>\nHacklin Marjatta<br \/>\nJ\u00e4rvenreuna Mervi<\/address>\n<address>\u00a0<\/address>\n<\/td>\n<td style=\"vertical-align: top;\"><strong>1973<br \/>\n<\/strong>&nbsp;<\/p>\n<address><strong>Puheenjohtaja\u00a0<\/strong><br \/>\nWilkman Kari O.<br \/>\nSelinheimo Juhani<br \/>\nKaihlanen Seppo<br \/>\n<strong>Hallintoasianjaoston pj.\u00a0<\/strong><br \/>\nEriksson Toivo<br \/>\nAla-Nissil\u00e4 Olavi<br \/>\nPalonen Kimmo<br \/>\nToivanen Risto<br \/>\n<strong>Korkeakoulupoliittisen jaoston pj.\u00a0<\/strong><br \/>\nReivonen Juha<br \/>\nManninen Antti<br \/>\nPitk\u00e4 Veijo<br \/>\n<strong>Kulttuurijaoston pj.\u00a0<\/strong><br \/>\nPihajoki Ossi<br \/>\nSalonen Juha<br \/>\n<strong>Sosiaaliasiainjaoston pj.\u00a0<\/strong><br \/>\nH\u00f6rts\u00e4n\u00e4 Juhani<br \/>\nKurppa Mervi<br \/>\nKaihlanen Seppo<br \/>\nS\u00e4il\u00e4kivi Teppo<br \/>\n<strong>Talousjaoston pj.\u00a0<\/strong><br \/>\nKivim\u00e4ki Juhani<br \/>\nAla-Nissil\u00e4 Olavi<br \/>\nLaurila Heikki<br \/>\nVaris Seppo<br \/>\n<strong>Ulkoasianjaoston pj.\u00a0<\/strong><br \/>\nSipil\u00e4 Pekka<br \/>\nHeinonen Juhani<br \/>\nRasinen Asko<br \/>\n<strong>Varapuheenjohtaja\u00a0<\/strong><br \/>\nPihajoki Ossi<br \/>\nManninen Anti<br \/>\nPitk\u00e4 Veijo<br \/>\n<strong>Sihteeri\u00a0<\/strong><br \/>\nKurppa Mervi<br \/>\nHeinonen Juha<br \/>\nKy\u00f6stil\u00e4 Kaija<br \/>\nJalkanen Pirkko<\/address>\n<address>\u00a0<\/address>\n<\/td>\n<\/tr>\n<tr>\n<td style=\"vertical-align: top;\"><strong>1974<\/strong><\/p>\n<address><strong>Puheenjohtaja\u00a0<\/strong><br \/>\nKaihlanen Seppo<br \/>\nNyberg Arne<br \/>\nLehtonen Rauli<br \/>\n<strong>Korkeakoulupoliittisen jaosto pj.\u00a0<\/strong><br \/>\nPitk\u00e4 Veijo<br \/>\nL\u00f6nn Pirjo<br \/>\nM\u00f6r\u00f6 Raimo<br \/>\n<strong>Talousjaoston pj.\u00a0<\/strong><br \/>\nVaris Seppo<br \/>\nAla-Nissil\u00e4 Olavi<br \/>\nValli Mauri<br \/>\nVuorenmaa Kaija<br \/>\nHyv\u00e4rinen Matti<br \/>\n<strong>Ulkoasianjaoston pj.\u00a0<\/strong><br \/>\nRasinen Asko<br \/>\nNiska Anneli<br \/>\nLinnahovi Tuulikki<br \/>\n<strong>Sosiaaliasiainjaoston pj.\u00a0<\/strong><br \/>\nS\u00e4il\u00e4kivi Teppo<br \/>\nRantaniemi Tarja<br \/>\nVehmanen Markku<br \/>\n<strong>Hallintoasianjaoston pj.<\/strong><br \/>\nToivanen Risto<br \/>\nKivim\u00e4ki Anja<br \/>\n<strong>Varapuheenjohtaja\u00a0<\/strong><br \/>\nPitk\u00e4 Veijo<br \/>\nAla-Nissil\u00e4 Olavi<br \/>\nValli Mauri<br \/>\nKivim\u00e4ki Anja<br \/>\n<strong>Sihteeri\u00a0<\/strong><br \/>\nJalkanen Pirkko<br \/>\nAkkanen Merja<br \/>\nRaja Leila<\/address>\n<address>\u00a0<\/address>\n<\/td>\n<td style=\"vertical-align: top;\"><strong>1975<\/strong><\/p>\n<address><strong>Puheenjohtaja\u00a0<\/strong><br \/>\nLehtonen Rauli<br \/>\nS\u00e4il\u00e4kivi Teppo<br \/>\nKaihlanen Seppo<br \/>\nM\u00f6r\u00f6 Raimo<br \/>\n<strong>Korkeakoulupoliittisen jaosto pj.<\/strong><br \/>\nRivinoja Alpo<br \/>\ntalousjaoston pj.<br \/>\nHyv\u00e4rinen Matti<br \/>\nSoininen Hannu<br \/>\nPitk\u00e4nen Risto<br \/>\nManninen Antti<br \/>\n<strong>Ulkoasiainjaoston pj.\u00a0<\/strong><br \/>\nLinnahovi Tuulikki<br \/>\nM\u00f6r\u00f6 Raimo<br \/>\nKaihlanen Seppo<br \/>\nJoukanen Olli<br \/>\n<strong>Sosiaaliasiainjaoston pj.\u00a0<\/strong><br \/>\nVehmanen Markku<br \/>\nSoininen Hannu<br \/>\nVehmanen Markku<br \/>\nH\u00e4kli Pekka<br \/>\n<strong>Kulttuurijaoston pj.\u00a0<\/strong><br \/>\nAkkanen Merja<br \/>\nRajala Hannu<br \/>\nHasan Amos<br \/>\n<strong>Hallintoasianjaoston pj.<\/strong><br \/>\nKivim\u00e4ki Anja<br \/>\nRajala Hannu<br \/>\nManninen Antti<br \/>\nPitk\u00e4nen Risto<br \/>\n<strong>Sihteeri\u00a0<\/strong><br \/>\nRaja Leila<br \/>\nLehtonen Rauli<br \/>\nKurki J-P<br \/>\nHaapanen Maritta<\/address>\n<address>\u00a0<\/address>\n<\/td>\n<td style=\"vertical-align: top;\"><strong>1976<\/strong><\/p>\n<address><strong>Puheenjohtaja\u00a0<\/strong><br \/>\nJoukanen Olli<br \/>\n<strong>Korkeakoulupoliittisen jaoston pj.<\/strong><br \/>\nFagerlund Harri<br \/>\n<strong>Opintoasiainjaoston pj.<\/strong><br \/>\nSilveri Erkki<br \/>\n<strong>Ulkoasiainjaoston pj.<\/strong><br \/>\nHaavisto Esko<br \/>\n<strong>Sosiaaliasiainjaoston pj.<\/strong><br \/>\nPitk\u00e4nen Risto<br \/>\n<strong>Kulttuurijaoston pj.<\/strong><br \/>\nM\u00e4ntysaari Tuula<br \/>\n<strong>Hallintoasiainjaoston pj.<\/strong><br \/>\nKaurila Markku<br \/>\n<strong>Sihteeri<\/strong><br \/>\nHaapanen Maritta<\/address>\n<address>\u00a0<\/address>\n<\/td>\n<\/tr>\n<tr>\n<td style=\"vertical-align: top;\"><strong>1977<\/strong><\/p>\n<address><strong>Puheenjohtaja<\/strong><br \/>\nFagerlund Harri<br \/>\n<strong>Korkeakoulupoliittisen jaoston pj.<\/strong><br \/>\nMannermaa Mika<br \/>\nYlitalo Juha<br \/>\n<strong>Opintoasianjaoston pj.<\/strong><br \/>\nHyv\u00e4rinen Mervi<br \/>\n<strong>Talousjaoston pj.<\/strong><br \/>\nJoukanen Olli<br \/>\nKoivunen Pekka<br \/>\n<strong>Ulkoasiainjaoston pj.<\/strong><br \/>\nHaavisto Esko<br \/>\n<strong>Sosiaaliasiainjaoston pj.\u00a0<\/strong><br \/>\nHonkala Kirsi<br \/>\nArppe Timo<br \/>\n<strong>Kulttuurijaoston pj.\u00a0<\/strong><br \/>\nKoivunen Pekka<br \/>\nSorsa Piritta<br \/>\n<strong>Hallintoasiain pj.<\/strong><br \/>\nSinisalo Ahti<br \/>\n<strong>Sihteeri\u00a0<\/strong><br \/>\nHarlas Liisa<br \/>\nNiinisaari P\u00e4ivi<\/address>\n<address>\u00a0<\/address>\n<\/td>\n<td style=\"vertical-align: top;\"><strong>1978<\/strong><\/p>\n<address><strong>Puheenjohtaja<\/strong><br \/>\nSilveri Erkki<br \/>\n<strong>Ulkoasianjaoston pj.<\/strong><br \/>\nVuorilehto Harri<br \/>\n<strong>Korkeakoulupoliittisen jaoston pj.<\/strong><br \/>\nHyyti\u00e4inen Juhani<br \/>\n<strong>Opintoasianjaoston pj.<\/strong><br \/>\nTolvanen Pirkko<br \/>\n<strong>Talousjaoston pj.<\/strong><br \/>\nSinisalo Ahti<br \/>\n<strong>Sosiaaliasiainjaoston pj.<\/strong><br \/>\nHeimo Markku<br \/>\n<strong>Kulttuurijaoston pj.\u00a0<\/strong><br \/>\nSorsa Piritta<br \/>\nNiinisaari P\u00e4ivi<br \/>\n<strong>Hallintoasiainjaoston pj.<\/strong><br \/>\nRastas Jukka<br \/>\n<strong>Sihteeri\u00a0<\/strong><br \/>\nNiinisaari P\u00e4ivi<br \/>\nSimstr\u00f6m Annele\u00a0<\/address>\n<address>\u00a0<\/address>\n<\/td>\n<td style=\"vertical-align: top;\"><strong>1979<\/strong><\/p>\n<address><strong>Puheenjohtaja<\/strong><br \/>\nRastas Jukka<br \/>\n<strong>Ulkoasiainjaoston pj.<\/strong><br \/>\nB\u00e4ckstr\u00f6m Eeva-Maija<br \/>\n<strong>Korkeakoulupoliittisen jaoston pj.<\/strong><br \/>\nS\u00e4il\u00e4kivi Ulla-Maija<br \/>\n<strong>Talousjaoston pj.<\/strong><br \/>\nRauhala Osmo<br \/>\nSinisalo Ahti<br \/>\n<strong>Sosiaaliasiainjaoston pj.<\/strong><br \/>\nAntila Arto<br \/>\n<strong>Kulttuurijaoston pj.\u00a0<\/strong><br \/>\nHakanen Outi<br \/>\nKontio Marja-Leena<br \/>\n<strong>Hallintoasiainjaoston pj.\u00a0<\/strong><br \/>\nVirkkunen Paavo<br \/>\nUrpiala Tiina<br \/>\n<strong>Projektiministeri<\/strong><br \/>\nHedman Martti<br \/>\n<strong>Sihteeri\u00a0<\/strong><br \/>\nSimstr\u00f6m Annele<br \/>\nNiemi Riitta<br \/>\nHeikkinen Merja\u00a0<\/address>\n<address>\u00a0<\/address>\n<\/td>\n<\/tr>\n<tr>\n<td style=\"vertical-align: top;\"><strong>1980<\/strong><\/p>\n<address><strong>Puheenjohtaja<\/strong><br \/>\nTurunen Pekka<br \/>\n<strong>Korkeakoulupoliittisen jaoston pj.<\/strong><br \/>\nEkqvist Riitta \u2013 Liisa<br \/>\n<strong>Talousjaoston pj.\u00a0<\/strong><br \/>\nKuokka Pekka<br \/>\nRuuskanen Juhani<br \/>\n<strong>Tiedotusjaoston pj.<\/strong><br \/>\nMesim\u00e4ki Reijo<br \/>\n<strong>Ulkoasianjaoston pj.<\/strong><br \/>\nAhponen Markku<br \/>\n<strong>Kulttuurijaoston pj.<\/strong><br \/>\nViitanen Marjo<br \/>\nKuokka Pekka<br \/>\n<strong>Hallintoasianjaoston pj.<\/strong><br \/>\nLampinen Esa<br \/>\n<strong>Sosiaaliasiainjaoston pj.<\/strong><br \/>\nUrpiala Tiina<br \/>\n<strong>Sihteeri<\/strong><br \/>\nHeikkinen Merja<\/address>\n<address>\u00a0<\/address>\n<\/td>\n<td style=\"vertical-align: top;\"><strong>1981<\/strong><\/p>\n<address><strong>Puheenjohtaja<\/strong><br \/>\nHiltunen Rauno<br \/>\n<strong>Ulkoasianjaosto\u00a0<\/strong><br \/>\nHid\u00e9n Heidi<br \/>\nNuorivaara Marjatta<br \/>\n<strong>Korkeakouluasianjaosto\u00a0<\/strong><br \/>\nEkqvist Riitta<br \/>\nHiekkaranta Timo<br \/>\n<strong>Sosiaaliasiainjaosto\u00a0<\/strong><br \/>\nEkqvist Riitta<br \/>\nL\u00f6nnblad Petri<br \/>\n<strong>Kulttuuriasiainjaosto<\/strong><br \/>\nNiemi Lauri<br \/>\n<strong>Hallintoasiainjaosto<\/strong><br \/>\nAaltonen Lauri<br \/>\n<strong>Talousasianjaosto<\/strong><br \/>\nRuuskanen Juhani<br \/>\n<strong>Tiedotusasianjaosto<\/strong><br \/>\nHarkke Satu<br \/>\n<strong>Varapuheenjohtaja<\/strong><br \/>\nEkqvist Riitta<br \/>\n<strong>Sihteeri\u00a0<\/strong><br \/>\nSeestel\u00e4 Lea<br \/>\nKuuri-Riutta Petra<\/address>\n<address>\u00a0<\/address>\n<\/td>\n<td style=\"vertical-align: top;\"><strong>1982<\/strong><\/p>\n<address><strong>Puheenjohtaja<\/strong><br \/>\nHienonen Jukka<br \/>\n<strong>Ulkoasiat<\/strong><br \/>\nEspelin Kirsi<br \/>\n<strong>Korkeakouluasiat\u00a0<\/strong><br \/>\nHiltunen Rauno .<br \/>\nKivinen Lauri<br \/>\n<strong>Sosiaaliasiat<\/strong><br \/>\nHieta Jussi<br \/>\n<strong>Kulttuuriasiat\u00a0<\/strong><br \/>\nM\u00e4kinen Arto<br \/>\nViljanen Anssi<br \/>\n<strong>Hallintoasiat<\/strong><br \/>\nM\u00e4nty Timo<br \/>\n<strong>Talousvastaava<\/strong><br \/>\nVaarna Tero<br \/>\n<strong>Tiedotusasiat\u00a0<\/strong><br \/>\nKivinen Lauri<br \/>\nM\u00e4kinen Arto<br \/>\n<strong>Taloussuunnitteluvastaava<\/strong><br \/>\nTiilikka Timo<br \/>\n<strong>Sihteeri\u00a0<\/strong><br \/>\nM\u00e4kel\u00e4 Silja<br \/>\nTikkanen Hannele<\/address>\n<address>\u00a0<\/address>\n<\/td>\n<\/tr>\n<tr>\n<td style=\"vertical-align: top;\"><strong>1983<\/strong><\/p>\n<address><strong>Puheenjohtaja<\/strong><br \/>\nHiekkaranta Timo<br \/>\n<strong>Kulttuuriasiat<\/strong><br \/>\nJunnila Anssi<br \/>\n<strong>AIESEC<\/strong><br \/>\nKokkonen Mirjam<br \/>\n<strong>Hallintoasiat<\/strong><br \/>\nKulha Tero<br \/>\n<strong>Talousasiat<\/strong><br \/>\nKulmala Jukka<br \/>\n<strong>Sosiaaliasiat<\/strong><br \/>\nLehtonen Terhi<br \/>\n<strong>Korkeakouluasiat<\/strong><br \/>\nSalom\u00e4ki Jukka<br \/>\n<strong>Ulkoasiat<\/strong><br \/>\nSilfver Sari<br \/>\n<strong>Kulttuuriasiat<\/strong><br \/>\nViljanen Anssi<br \/>\n<strong>Tiedotusasiat<\/strong><br \/>\nV\u00e4stil\u00e4 Raija<br \/>\n<strong>Sihteeri<\/strong><br \/>\nTikkanen Hannele<\/address>\n<address>\u00a0<\/address>\n<\/td>\n<td style=\"vertical-align: top;\"><strong>1984<\/strong><\/p>\n<address><strong>Puheenjohtaja<\/strong><br \/>\nKulha Tero<br \/>\n<strong>Talousvastaava<\/strong><br \/>\nHyyti\u00e4inen Matti<br \/>\n<strong>Hallintovastaava\u00a0<\/strong><br \/>\nJunnila Anssi<br \/>\n<strong>EKOL<\/strong><br \/>\nLepp\u00e4nen Mika<br \/>\n<strong>Korkeakouluasiat<\/strong><br \/>\nLinnossuo Timo<br \/>\n<strong>AIESEC<\/strong><br \/>\nLinsuri Anne<br \/>\n<strong>Ulkoasiat<\/strong><br \/>\nP\u00f6ri Jaana<br \/>\n<strong>Tiedotus<\/strong><br \/>\nReima Juha<br \/>\n<strong>EOP<\/strong><br \/>\nRimpi Mika<br \/>\n<strong>Ulkoasiainsihteeri<\/strong><br \/>\nSippola Anne<br \/>\n<strong>Kulttuuri<\/strong><br \/>\nSuokko Timo<br \/>\n<strong>Yritysasiat<\/strong><br \/>\nVanninen Pasi<br \/>\n<strong>Sihteeri<\/strong><br \/>\nAnne-Marie Taina<\/address>\n<address>\u00a0<\/address>\n<\/td>\n<td style=\"vertical-align: top;\"><strong>1985<\/strong><\/p>\n<address><strong>Puheenjohtaja<\/strong><br \/>\nLinnosuo Timo<br \/>\n<strong>Talousvastaava<\/strong><br \/>\nRimpi Mika<br \/>\n<strong>Hallintoasiainvastaava<\/strong><br \/>\nTaina Anne-Marie<br \/>\n<strong>EKOL<\/strong><br \/>\nElo Pirjo<br \/>\n<strong>Korkeakouluasiat<\/strong><br \/>\nKannisto P\u00e4ivi<br \/>\n<strong>AIESEC<\/strong><br \/>\nLinsuri Anne<br \/>\n<strong>Ulkoasiat<\/strong><br \/>\nSippola Anne<br \/>\n<strong>Tiedotus<\/strong><br \/>\nMiettil\u00e4 Asko<br \/>\n<strong>Kulttuuri<\/strong><br \/>\nAntikainen Tuula<br \/>\n<strong>Yritysasiat<\/strong><br \/>\nHuikku Jari<br \/>\n<strong>Sihteeri<\/strong><br \/>\nHaavisto Hanna<\/address>\n<address>\u00a0<\/address>\n<\/td>\n<\/tr>\n<tr>\n<td style=\"vertical-align: top;\"><strong>1986<\/strong><\/p>\n<address><strong>Puheenjohtaja<\/strong><br \/>\nHeinonen Juha-Petri<br \/>\n<strong>Kulttuuriasiat<\/strong><br \/>\nLalla Jyrki<br \/>\n<strong>AIESEC<\/strong><br \/>\nManner Ville<br \/>\n<strong>Talousasiat<\/strong><br \/>\nKorkeaoja Minna<br \/>\n<strong>Ulkoasiat<\/strong><br \/>\nHolmen Kaisa<br \/>\n<strong>Tiedotus\u00a0<\/strong><br \/>\nPietil\u00e4 Olli<br \/>\n<strong>Yritysteam\u00a0<\/strong><br \/>\nVaresmaa Anssi<br \/>\n<strong>Korkeakouluasiat<\/strong><br \/>\nMiettil\u00e4 Asko<br \/>\n<strong>Sihteeri<\/strong><br \/>\nPeltola Kaisa\u00a0<\/address>\n<address>\u00a0<\/address>\n<\/td>\n<td style=\"vertical-align: top;\"><strong>1987<\/strong><\/p>\n<address><strong>Puheenjohtaja<\/strong><br \/>\nHeinonen Juha-Petri<br \/>\n<strong>Talousasiat<\/strong><br \/>\nKorkeaoja Minna<br \/>\n<strong>Kulttuuriasiat<\/strong><br \/>\nTulokas P\u00e4ivi<br \/>\n<strong>AIESEC<\/strong><br \/>\nPatrikainen Olli<br \/>\n<strong>Ulkoasiat<\/strong><br \/>\nArkkukangas Monica<br \/>\n<strong>Korkeakouluasiat<\/strong><br \/>\nPietil\u00e4 Olli<br \/>\n<strong>Tiedotus\u00a0<\/strong><br \/>\nKuusisto Petri<br \/>\n<strong>Yritysteam<\/strong><br \/>\nVaresmaa Anssi<br \/>\n<strong>Sihteeri<\/strong><br \/>\nPeltola Kaisa\u00a0<\/address>\n<address>\u00a0<\/address>\n<\/td>\n<td style=\"vertical-align: top;\"><strong>1988<\/strong><\/p>\n<address><strong>Puheenjohtaja<\/strong><br \/>\nPalin Leena<br \/>\n<strong>Talousasiat<\/strong><br \/>\nJunnila Pasi<br \/>\n<strong>Kulttuuriasiat<\/strong><br \/>\nM\u00e4kikalli Juha-Veikko<br \/>\n<strong>Ulkoasiat<\/strong><br \/>\nTarvainen Katri<br \/>\n<strong>Korkeakouluasiat<\/strong><br \/>\nK\u00e4mppi Merja<br \/>\n<strong>Tiedotus<\/strong><br \/>\nMarkula Elisa<br \/>\n<strong>Yrityssuhteet<\/strong><br \/>\nKorolainen Perttu<br \/>\n<strong>AIESEC\u00a0<\/strong><br \/>\nPuhakka Petri<br \/>\n<strong>Sihteeri<\/strong><br \/>\nPoikela Kaisa\u00a0<\/address>\n<address>\u00a0<\/address>\n<\/td>\n<\/tr>\n<tr>\n<td style=\"vertical-align: top;\"><strong>1988<\/strong><\/p>\n<address><strong>Puheenjohtaja<\/strong><br \/>\nK\u00e4mppi Merja<br \/>\n<strong>Talousasiat<\/strong><br \/>\nHelle Timo<br \/>\n<strong>Kulttuuriasiat<\/strong><br \/>\nLaakso Riitta<br \/>\n<strong>Ulkoasiat<\/strong><br \/>\nSinervo Petteri<br \/>\n<strong>Korkeakouluasiat<\/strong><br \/>\nPitk\u00e4nen Timo<br \/>\n<strong>Tiedotusasiat<\/strong><br \/>\nKirves Tiina<br \/>\n<strong>Yrityssuhteet<\/strong><br \/>\nLahdensuo Elisa<br \/>\n<strong>AIESEC<\/strong><br \/>\nYrj\u00f6nm\u00e4ki Minna<br \/>\n<strong>Sihteeri<\/strong><br \/>\nKiili Minna<\/address>\n<address>\u00a0<\/address>\n<\/td>\n<td style=\"vertical-align: top;\"><strong>1989<\/strong><\/p>\n<address><strong>Puheenjohtaja<\/strong><br \/>\nSinervo Petteri<br \/>\n<strong>Talousasiat<\/strong><br \/>\nPitk\u00e4nen Ilkka<br \/>\n<strong>Kulttuuriasiat<\/strong><br \/>\nKallio Tarja<br \/>\n<strong>Ulkoasiat<\/strong><br \/>\nSiukosaari Jukka<br \/>\n<strong>Korkeakouluasiat<\/strong><br \/>\nH\u00e4m\u00e4l\u00e4inen Tuula<br \/>\n<strong>Tiedotusasiat<\/strong><br \/>\nHuttunen Tiina<br \/>\n<strong>Yrityssuhteet<\/strong><br \/>\nOjala Hannele<br \/>\n<strong>AIESEC<\/strong><br \/>\nHaapavaara Vesa<br \/>\n<strong>Sihteeri<\/strong><br \/>\nTarvanainen Silja\u00a0<\/address>\n<address>\u00a0<\/address>\n<\/td>\n<td style=\"vertical-align: top;\"><strong>1990<\/strong><\/p>\n<address><strong>Puheenjohtaja<\/strong><br \/>\nAutere Kati<br \/>\n<strong>Sosiaaliasiat<\/strong><br \/>\nArnell Taina<br \/>\n<strong>Yritys- ja talousasiat<\/strong><br \/>\nParts Peeter<br \/>\n<strong>Korkeakouluasiat<\/strong><br \/>\nH\u00e4m\u00e4l\u00e4inen Tuula<br \/>\n<strong>Kansainv\u00e4liset asiat<\/strong><br \/>\nRannikko Jaana<br \/>\n<strong>J\u00e4rjest\u00f6asiat<\/strong><br \/>\nPackalen Heli\u00a0<\/address>\n<address>\u00a0<\/address>\n<\/td>\n<\/tr>\n<tr>\n<td style=\"vertical-align: top;\"><strong>1991<\/strong><\/p>\n<address><strong>Puheenjohtaja<\/strong><br \/>\nKirjavainen Sanna<br \/>\n<strong>Kansainv\u00e4liset asiat, vpj\u00a0<\/strong><br \/>\nHeinonen Lasse<br \/>\n<strong>Korkeakoulupolitiikka<\/strong><br \/>\nMatts\u00e9n Kristiina<br \/>\n<strong>Sosiaalipolitiikka<\/strong><br \/>\nRisku Marjo<br \/>\n<strong>PR-toiminta<\/strong><br \/>\nKoivu Pasi<br \/>\n<strong>Yritys- ja talousasiat<\/strong><br \/>\nHakala Antti\u00a0<\/address>\n<address>\u00a0<\/address>\n<\/td>\n<td style=\"vertical-align: top;\"><strong>1991-1992<\/strong><\/p>\n<address><strong>Puheenjohtaja<\/strong><br \/>\nHakala Antti<br \/>\n<strong>Kansainv\u00e4liset asiat, vpj.<\/strong><br \/>\nHeinonen Lasse<br \/>\n<strong>Korkeakoulupolitiikka<\/strong><br \/>\nMatts\u00e9n Kristiina<br \/>\n<strong>Sosiaalipolitiikka<\/strong><br \/>\nRisku Marjo<br \/>\n<strong>PR-toiminta<\/strong><br \/>\nKallio Tarja<br \/>\n<strong>Yritys- ja talousasiat\u00a0<\/strong><br \/>\nSavolainen Markku<br \/>\nSuonp\u00e4\u00e4 Jyri<\/address>\n<address>\u00a0<\/address>\n<\/td>\n<td style=\"vertical-align: top;\"><strong>1992-1993<\/strong><\/p>\n<address><strong>Puheenjohtaja<\/strong><br \/>\nM\u00e4kikalli Jaakko<br \/>\n<strong>PR-toiminta, vpj.<\/strong><br \/>\nVirtanen Juha-Pekka<br \/>\n<strong>Korkeakoulupolitiikka<\/strong><br \/>\nNikkil\u00e4 Outi<br \/>\nHollm\u00e9n Markus<br \/>\n<strong>Sosiaalipolitiikka<\/strong><br \/>\nKek\u00e4l\u00e4inen Anne<br \/>\n<strong>Kansainv\u00e4liset asiat<\/strong><br \/>\nLassinen Katri\u00a0<\/address>\n<address>\u00a0<\/address>\n<\/td>\n<\/tr>\n<tr>\n<td style=\"vertical-align: top;\"><strong>1993-1994<\/strong><\/p>\n<address><strong>Puheenjohtaja<\/strong><br \/>\nLassinen Katri<br \/>\n<strong>Korkeakoulupolitiikka, vpj.<\/strong><br \/>\nAntikainen Annamari<br \/>\n<strong>Sosiaalipolitiikka<\/strong><br \/>\nHelenius Timo<br \/>\n<strong>Kansainv\u00e4liset asiat<\/strong><br \/>\nToivari Marko<br \/>\n<strong>PR-asiat<\/strong><br \/>\nLehtonen Joni<br \/>\n<strong>Tiedotusasiat<\/strong><br \/>\nKantanen Laura<\/address>\n<address>\u00a0<\/address>\n<\/td>\n<td style=\"vertical-align: top;\"><strong>1994-1995<\/strong><\/p>\n<address><strong>Puheenjohtaja<\/strong><br \/>\nVeijola Heikki<br \/>\n<strong>Sosiaalipolitiikka, vpj.<\/strong><br \/>\nSyrm\u00e4 Anu<br \/>\n<strong>Korkeakoulupolitiikka<\/strong><br \/>\nHaavisto Jari<br \/>\n<strong>Kansainv\u00e4liset asiat<\/strong><br \/>\nLinjam\u00e4ki Anu<br \/>\n<strong>Yrityssuhteet<\/strong><br \/>\nNummela Sami<br \/>\n<strong>PR-toiminta<\/strong><br \/>\nOinas Sami<\/address>\n<address>\u00a0<\/address>\n<\/td>\n<td style=\"vertical-align: top;\"><strong>1995-1996<br \/>\n<\/strong>&nbsp;<\/p>\n<address><strong>Puheenjohtaja<\/strong><br \/>\nSyrm\u00e4 Anu<br \/>\n<strong>Kansainv\u00e4liset asiat, vpj.<\/strong><br \/>\nSipi Tiina<br \/>\n<strong>Korkeakouluasiat\u00a0<\/strong><br \/>\nHaavisto Jari<br \/>\nKinnari Leila<br \/>\n<strong>PR-asiat<\/strong><br \/>\nVarsikko Markus<br \/>\n<strong>Sosiaaliasiat<\/strong><br \/>\nKalliala Anu<br \/>\n<strong>Yrityssuhteet<\/strong><br \/>\nVesa Petri<\/address>\n<address>\u00a0<\/address>\n<\/td>\n<\/tr>\n<tr>\n<td style=\"vertical-align: top;\"><strong>1996-1997<\/strong><\/p>\n<address><strong>Puheenjohtaja<\/strong><br \/>\nPeltom\u00e4ki Mikko<br \/>\n<strong>Korkeakouluasiat, vpj.<\/strong><br \/>\nKinnari Leila<br \/>\n<strong>Kansainv\u00e4liset asiat<\/strong><br \/>\nPukander Valtteri<br \/>\n<strong>PR-toiminta<\/strong><br \/>\nLarste Sami<br \/>\n<strong>Sosiaaliasiat<\/strong><br \/>\nM\u00e4kel\u00e4 Marika<br \/>\n<strong>Yrityssuhteet<\/strong><br \/>\nTanttu Heidi<\/address>\n<address>\u00a0<\/address>\n<\/td>\n<td style=\"vertical-align: top;\"><strong>1997-1998<\/strong><\/p>\n<address><strong>Puheenjohtaja<\/strong><br \/>\nHovi Anna-Riikka<br \/>\n<strong>Korkeakouluasiat, vpj.<\/strong><br \/>\nPaalama Tommi<br \/>\n<strong>Sosiaaliasiat, vpj.\u00a0<\/strong><br \/>\nTalasm\u00e4ki Ville<br \/>\n<strong>Korkeakouluasiat\u00a0<\/strong><br \/>\nKorhonen Anna<br \/>\n<strong>Kansainv\u00e4liset asiat<\/strong><br \/>\nKoivukangas Sari<br \/>\n<strong>PR-toiminta, kulttuuri ja liikunta<\/strong><br \/>\nKuivinen Terhi<br \/>\n<strong>Yrityssuhteet<\/strong><br \/>\nJ\u00e4rvinen Mia<\/address>\n<address>\u00a0<\/address>\n<\/td>\n<td style=\"vertical-align: top;\"><strong>1998-1999<br \/>\n<\/strong>&nbsp;<\/p>\n<address><strong>Puheenjohtaja<\/strong><br \/>\nKorhonen Anna<br \/>\n<strong>Korkeakouluasiat<\/strong><br \/>\nHuovinen Otso<br \/>\n<strong>Kansainv\u00e4liset asiat, vpj.<\/strong><br \/>\nVirtanen Marko<br \/>\n<strong>Tiedotus ja vapaa-aika<\/strong><br \/>\nSariola Niina<br \/>\n<strong>Sosiaaliasiat<\/strong><br \/>\nSiitonen Mari<br \/>\n<strong>Yrityssuhteet<\/strong><br \/>\nJanhunen Amos<\/address>\n<address>\u00a0<\/address>\n<\/td>\n<\/tr>\n<tr>\n<td style=\"vertical-align: top;\"><strong>1999-2000<br \/>\n<\/strong>&nbsp;<\/p>\n<address><strong>Puheenjohtaja<\/strong><br \/>\nHuovinen Otso<br \/>\n<strong>Korkeakouluasiat<\/strong><br \/>\nNiukko Ville<br \/>\n<strong>Kansainv\u00e4liset asiat<\/strong><br \/>\nSipola Katariina<br \/>\n<strong>Tiedotus ja vapaa-aika<\/strong><br \/>\nAilio Atte<br \/>\n<strong>Sosiaaliasiat\u00a0<\/strong><br \/>\nMikola Virpi<br \/>\nLepp\u00e4nen Jonna<br \/>\n<strong>Yrityssuhteet, vpj.<\/strong><br \/>\nNikkil\u00e4 Terhi<br \/>\n<strong>Em\u00e4nt\u00e4<\/strong><br \/>\nLepp\u00e4nen Jonna<br \/>\n<strong>Is\u00e4nt\u00e4<\/strong><br \/>\nAilio Atte<\/address>\n<address>\u00a0<\/address>\n<\/td>\n<td style=\"vertical-align: top;\"><strong>2000-2001<br \/>\n<\/strong>&nbsp;<\/p>\n<address><strong>Puheenjohtaja<\/strong><br \/>\nNiukko Ville<br \/>\n<strong>Koulutuspoliittiset asiat<\/strong><br \/>\nJaakkola Jere<br \/>\n<strong>Kansainv\u00e4liset asiat ja kehitysyhteisty\u00f6<\/strong><br \/>\nSahlstedt Annika<br \/>\n<strong>Tiedotus, Vapaa-aika ja vpj<\/strong><br \/>\nIk\u00e4heimonen Susanna<br \/>\n<strong>Sosiaaliasiat<\/strong><br \/>\nM\u00e4kinen Ari<br \/>\n<strong>Yrityssuhteet<\/strong><br \/>\nKorvenranta Emmi<\/address>\n<address>\u00a0<\/address>\n<\/td>\n<td style=\"vertical-align: top;\"><strong>2001-2002<br \/>\n<\/strong>&nbsp;<\/p>\n<address><strong>Puheenjohtaja<\/strong><br \/>\nJaakko Jere<br \/>\n<strong>Korkeakouluasiat ja vpj<\/strong><br \/>\nPihkola Hanna<br \/>\n<strong>Kansainv\u00e4liset asiat\u00a0<\/strong><br \/>\nSinij\u00e4rvi Tuuli<br \/>\n<strong>Sosiaaliasiat<\/strong><br \/>\nAalto Kaisa\/<br \/>\nSiltari P\u00e4ivi<br \/>\n<strong>Yrityssuhteet ja projektit<\/strong><br \/>\nTomula Karri<br \/>\n<strong>Tiedotus, Vapaa-aika ja Liikunta<\/strong><br \/>\nHyrsky Jukka-Pekka<\/address>\n<address>\u00a0<\/address>\n<\/td>\n<\/tr>\n<tr>\n<td style=\"vertical-align: top;\"><strong>2002-2003<br \/>\n<\/strong>&nbsp;<\/p>\n<address><strong>Puheenjohtaja<\/strong><br \/>\nPihkola Hanna<br \/>\n<strong>Yrityssuhteet ja vpj<\/strong><br \/>\nHeinonen Heikki<br \/>\n<strong>Koulutuspoliittiset asiat<\/strong><br \/>\nKoivisto Matti<br \/>\n<strong>Tiedotus, Kulttuuri, Liikunta ja ymp\u00e4rist\u00f6asiat<\/strong><br \/>\nR\u00e4s\u00e4nen Raita<br \/>\n<strong>Kansainv\u00e4liset asiat ja kehitysyhteisty\u00f6<\/strong><br \/>\nValkama Kaisa<br \/>\n<strong>Sosiaalipoliittiset asiat ja tasa-arvo<\/strong><br \/>\nEskola Pekka\/<br \/>\nLeino Irene<\/address>\n<address>\u00a0<\/address>\n<\/td>\n<td style=\"vertical-align: top;\"><strong>2003-2004<br \/>\n<\/strong>&nbsp;<\/p>\n<address><strong>Puheenjohtaja<\/strong><br \/>\nValkama Kaisa<br \/>\n<strong>Korkeakouluasiat, Pori-asiat ja vpj<\/strong><br \/>\nHeinonen Eeva<br \/>\n<strong>Kansainv\u00e4liset asiat<\/strong><br \/>\nRistim\u00e4ki Antti<br \/>\n<strong>Tiedotus, toimijat ja kulttuuri<\/strong><br \/>\nHassi Lotta<br \/>\n<strong>Sosiaalipoliittiset asiat, ymp\u00e4rist\u00f6 ja tasa-arvo<\/strong><br \/>\nRaitio Johanne<br \/>\n<strong>Yrityssuhteet ja liikunta<\/strong><br \/>\nAhto Ossi<\/address>\n<address>\u00a0<\/address>\n<\/td>\n<td style=\"vertical-align: top;\"><strong>2004-2005<br \/>\n<\/strong>&nbsp;<\/p>\n<address><strong>Puheenjohtaja<\/strong><br \/>\nHeinonen Eeva<br \/>\n<strong>Korkeakoulupoliittiset asiat ja vpj<\/strong><br \/>\nJunttila Jutta<br \/>\n<strong>Kansainv\u00e4liset asiat ja kehitysyhteisty\u00f6<\/strong><br \/>\nCortez-monto Rosa<br \/>\n<strong>Sosiaalipoliittiset asiat, ymp\u00e4rist\u00f6, tasa-arvo ja Pori<\/strong><br \/>\nTulokas Suvi<br \/>\n<strong>Tiedotus, toimijat, kulttuuri ja traditiot<\/strong><br \/>\nS\u00e4velkoski Eeva-Mari<br \/>\n<strong>Yrityssuhteet ja liikunta<\/strong><br \/>\nVirtanen Tomi<\/address>\n<address>\u00a0<\/address>\n<\/td>\n<\/tr>\n<tr>\n<td style=\"vertical-align: top;\"><strong>2005-2006<br \/>\n<\/strong>&nbsp;<\/p>\n<address><strong>Puheenjohtaja<\/strong><br \/>\nCortez-Monto Rosa<br \/>\n<strong>Kansainv\u00e4liset asiat, kehitysyhteisty\u00f6, Pori ja vpj<\/strong><br \/>\nKronstr\u00f6m Heidi<br \/>\nKorkeakoulupoliittiset asiat<br \/>\nMikkola Markku<br \/>\n<strong>Sosiaalipoliittiset asiat, ymp\u00e4rist\u00f6 ja tasa-arvo<\/strong><br \/>\nRuokonen Hanna<br \/>\n<strong>Tutorointi, toimijaryhm\u00e4t, kulttuuri ja traditiot<\/strong><br \/>\nAhokas, Niina<br \/>\n<strong>Yrityssuhteet, viestint\u00e4 ja liikunta<\/strong><br \/>\nKoponen Mikko<\/address>\n<address>\u00a0<\/address>\n<\/td>\n<td style=\"vertical-align: top;\"><strong>2006-2007<br \/>\n<\/strong>&nbsp;<\/p>\n<address><strong>Puheenjohtaja<\/strong><br \/>\nKronstr\u00f6m Heidi<br \/>\n<strong>Koulutuspoliittiset asiat<\/strong><br \/>\nAalto Tapio<br \/>\n<strong>Sosiaalipoliittiset asiat, tutorointi ja hyvinvointi<\/strong><br \/>\nSundstr\u00f6m Petra<br \/>\n<strong>Kansainv\u00e4liset asiat, tasa-arvo ja kehitysyhteisty\u00f6<\/strong><br \/>\nHaonper\u00e4 Viivi<br \/>\n<strong>Toimijaryhm\u00e4- ja kulttuuriasiat, Parkki<\/strong><br \/>\nPiekkari Leena<br \/>\n<strong>Liikunta ja viestint\u00e4, vpj<\/strong><br \/>\nRahko Jonni<br \/>\n<strong>Yrityssuhteet<\/strong><br \/>\nLindholm Jerry<\/address>\n<address>\u00a0<\/address>\n<\/td>\n<td style=\"vertical-align: top;\"><strong>2007-2008<br \/>\n<\/strong>&nbsp;<\/p>\n<address><strong>Puheenjohtaja<\/strong><br \/>\nHaonper\u00e4 Viivi<br \/>\n<strong>Koulutuspoliittiset asiat, Parkki, vpj<\/strong><br \/>\nMannfolk Niklas<br \/>\n<strong>Sosiaalipoliittiset asiat<\/strong><br \/>\nAnu Lahtinen<br \/>\n<strong>Liikunta, viestint\u00e4, sidosryhm\u00e4t<\/strong><br \/>\nHievanen Juri<br \/>\n<strong>Kansainv\u00e4liset opintoasiat, tasa-arvo<\/strong><br \/>\nKyl\u00e4np\u00e4\u00e4 Kari<br \/>\n<strong>Toimijaryhm\u00e4t, kulttuuri ja perinteet<\/strong><br \/>\nL\u00e4hteenm\u00e4ki Heikki<\/address>\n<address>\u00a0<\/address>\n<\/td>\n<\/tr>\n<tr>\n<td><strong>2008-2009<br \/>\n<\/strong>&nbsp;<\/p>\n<address><strong>Puheenjohtaja<\/strong><br \/>\nLahtinen Anu<br \/>\n<strong>vpj, viestint\u00e4, sidosryhm\u00e4t, Pori<\/strong><br \/>\nValtanen Sini<br \/>\n<strong>Toimijaryhm\u00e4t, kulttuuri ja perinteet<\/strong><br \/>\nHaikonen Janne<br \/>\n<strong>Koulutuspoliittiset asiat<\/strong><br \/>\nrntasalo Jenni<br \/>\n<strong>Hyvinvointi, Liikunta ja tutorointi<\/strong><br \/>\nNyk\u00e4nen Niko<br \/>\n<strong>Sosiaalipoliittiset asiat, kuntavaikuttaminen ja tasa-arvo<\/strong><br \/>\nSimpanen Eetu<br \/>\n<strong>Kansainv\u00e4liset opintoasiat<\/strong><br \/>\nMarja-Aho Ilkka<br \/>\n<strong>TuKY ry -asiat<\/strong><br \/>\nLaitala Laura<\/address>\n<\/td>\n<\/tr>\n<\/tbody>\n<\/table>\n<p>[\/et_pb_tab][et_pb_tab title=&#8221;Talousp\u00e4\u00e4llik\u00f6t&#8221; _builder_version=&#8221;4.27.6&#8243; tab_text_color=&#8221;#e4c400&#8243; hover_enabled=&#8221;0&#8243; global_colors_info=&#8221;{}&#8221; sticky_enabled=&#8221;0&#8243;]<\/p>\n<table style=\"height: 434px; width: 646px;\" cellpadding=\"0\">\n<tbody>\n<tr style=\"height: 170px;\">\n<td colspan=\"7\" style=\"width: 638px; height: 170px;\">\n<h2>Turun KY:n \u00a0talousp\u00e4\u00e4llik\u00f6t<\/h2>\n<\/td>\n<\/tr>\n<tr style=\"height: 161px;\">\n<td style=\"vertical-align: top; width: 195.016px; height: 161px;\"><strong>2013-2015<\/strong><br \/><em>Tiina M\u00e4nty<\/em><\/p>\n<address>\u00a0<\/address>\n<\/td>\n<td style=\"vertical-align: top; width: 207.391px; height: 161px;\"><b>2015-2016<\/b><br \/><em>Alessandra Danesi<\/em><\/p>\n<address>\u00a0<\/address>\n<\/td>\n<td style=\"vertical-align: top; width: 227.594px; height: 161px;\"><strong>2016-2018<\/strong><br \/><em>Mikko Sj\u00f6bolm<\/em><\/p>\n<address>\u00a0<\/address>\n<\/td>\n<td><\/td>\n<td><\/td>\n<td><\/td>\n<td><\/td>\n<\/tr>\n<tr style=\"height: 103px;\">\n<td style=\"vertical-align: top; width: 195.016px; height: 103px;\"><strong>2018-2020<\/strong><br \/><em>Ville Hiltunen<\/em><\/p>\n<address>\u00a0<\/address>\n<\/td>\n<td style=\"vertical-align: top; width: 207.391px; height: 103px;\"><strong>2020-2021<\/strong><br \/><em>Linda Kaivonen<\/em><\/p>\n<address>\u00a0<\/address>\n<\/td>\n<td style=\"vertical-align: top; width: 227.594px; height: 103px;\">\n<p><strong>2021-2022<\/strong><strong><\/strong><strong><\/strong><\/p>\n<p><em>Simon Sarmaja<\/em><strong><\/strong><strong><\/strong><\/p>\n<\/td>\n<td><\/td>\n<td><\/td>\n<td><\/td>\n<td><\/td>\n<\/tr>\n<tr>\n<td style=\"vertical-align: top; width: 195.016px;\">\n<p><strong>2022-2024<\/strong><\/p>\n<p>Milla Riikonen<\/p>\n<\/td>\n<td style=\"vertical-align: top; width: 207.391px;\">\n<p><strong>2024-2026<\/strong><\/p>\n<p>Ville V\u00e4\u00e4n\u00e4nen<\/p>\n<\/td>\n<td style=\"vertical-align: top; width: 227.594px;\">\n<p><strong>\u00a0<\/strong><\/p>\n<\/td>\n<td><\/td>\n<td><\/td>\n<td><\/td>\n<td><\/td>\n<\/tr>\n<\/tbody>\n<\/table>\n<p>&nbsp;<\/p>\n<p>[\/et_pb_tab][et_pb_tab title=&#8221;Myyntip\u00e4\u00e4llik\u00f6t&#8221; _builder_version=&#8221;4.27.6&#8243; tab_text_color=&#8221;#e4c400&#8243; hover_enabled=&#8221;0&#8243; global_colors_info=&#8221;{}&#8221; sticky_enabled=&#8221;0&#8243;]<\/p>\n<table style=\"height: 634px; width: 646px;\" cellpadding=\"0\">\n<tbody>\n<tr style=\"height: 175px;\">\n<td colspan=\"7\" style=\"width: 638px; height: 175px;\">\n<h2>Turun KY:n \u00a0myyntip\u00e4\u00e4llik\u00f6t<\/h2>\n<\/td>\n<\/tr>\n<tr style=\"height: 184px;\">\n<td style=\"vertical-align: top; width: 188.766px; height: 184px;\">\n<p><strong>2014-2015<\/strong><\/p>\n<p><i>Ristomatti Vahe<\/i><\/p>\n<address>\u00a0<\/address>\n<\/td>\n<td style=\"vertical-align: top; width: 197.836px; height: 184px;\">\n<p><b>2015-2016<\/b><\/p>\n<p>Katariina Schmidt<\/p>\n<\/td>\n<td style=\"vertical-align: top; width: 219.812px; height: 184px;\">\n<p><strong>2016-2017<\/strong><\/p>\n<address><em>Marianne Viervuohi\u00a0<\/em><\/address>\n<\/td>\n<td style=\"width: 1.89062px;\"><\/td>\n<td style=\"width: 1.89062px;\"><\/td>\n<td style=\"width: 1.89062px;\"><\/td>\n<td style=\"width: 1.91406px;\"><\/td>\n<\/tr>\n<tr style=\"height: 275px;\">\n<td style=\"vertical-align: top; width: 188.766px; height: 275px;\">\n<p><strong>2017-2019<\/strong><\/p>\n<address>Linda Martin\u00a0<\/address>\n<\/td>\n<td style=\"vertical-align: top; width: 197.836px; height: 275px;\">\n<p><strong>2019-2021<\/strong><\/p>\n<address>Noel Snygg\u00a0<\/address>\n<\/td>\n<td style=\"vertical-align: top; width: 219.812px; height: 275px;\">\n<p><strong>2021-2022<\/strong><br \/><strong><\/strong><\/p>\n<p><em>Alina Nikula<\/em><strong><\/strong><\/p>\n<p><strong><\/strong><\/p>\n<\/td>\n<td style=\"width: 1.89062px;\"><\/td>\n<td style=\"width: 1.89062px;\"><\/td>\n<td style=\"width: 1.89062px;\"><\/td>\n<td style=\"width: 1.91406px;\"><\/td>\n<\/tr>\n<tr>\n<td style=\"vertical-align: top; width: 188.766px;\">\n<p><strong>2022-2024<br \/><\/strong><\/p>\n<p><em>Amanda Ruuhij\u00e4rvi<\/em><strong><\/strong><\/p>\n<p>&nbsp;<\/p>\n<p><strong>\u00a0<\/strong><\/p>\n<\/td>\n<td style=\"vertical-align: top; width: 197.836px;\">\n<p><strong>\u00a02024-2025<\/strong><\/p>\n<p>Joni Talvinen<\/p>\n<\/td>\n<td style=\"vertical-align: top; width: 219.812px;\">\n<p><strong>\u00a02025-<\/strong><\/p>\n<p>Vladislava Silkina<\/p>\n<\/td>\n<td style=\"width: 1.89062px;\"><\/td>\n<td style=\"width: 1.89062px;\"><\/td>\n<td style=\"width: 1.89062px;\"><\/td>\n<td style=\"width: 1.91406px;\"><\/td>\n<\/tr>\n<\/tbody>\n<\/table>\n<p>[\/et_pb_tab][\/et_pb_tabs][\/et_pb_column][\/et_pb_row][\/et_pb_section][et_pb_section fb_built=&#8221;1&#8243; fullwidth=&#8221;on&#8221; _builder_version=&#8221;4.16&#8243; global_colors_info=&#8221;{}&#8221;][et_pb_fullwidth_image _builder_version=&#8221;4.16&#8243; animation_style=&#8221;slide&#8221; animation_direction=&#8221;left&#8221; animation_duration=&#8221;500ms&#8221; animation_intensity_slide=&#8221;10%&#8221; global_colors_info=&#8221;{}&#8221;][\/et_pb_fullwidth_image][\/et_pb_section]<\/p>\n","protected":false},"excerpt":{"rendered":"<p>Luottamustoimet Turun KY:n toiminnan kirjon mahdollistaa suuri joukko aktiivisia toimijoita. Turun KY:ll\u00e4 ylint\u00e4 p\u00e4\u00e4t\u00e4nt\u00e4valtaa on ylioppilaskunta-aikana k\u00e4ytt\u00e4nyt edustajisto ja yhdistysaikana syyskokous. N\u00e4iden t\u00e4rkein teht\u00e4v\u00e4 on valita vuosittain hallitus, joka vastaa [&hellip;]<\/p>\n","protected":false},"author":1,"featured_media":0,"parent":0,"menu_order":0,"comment_status":"closed","ping_status":"closed","template":"","meta":{"_et_pb_use_builder":"on","_et_pb_old_content":"","_et_gb_content_width":"","footnotes":""},"class_list":["post-22999","page","type-page","status-publish","hentry"],"yoast_head":"<!-- This site is optimized with the Yoast SEO plugin v27.2 - https:\/\/yoast.com\/product\/yoast-seo-wordpress\/ -->\n<title>Turun KY Vanhat luottamushenkil\u00f6t<\/title>\n<meta name=\"robots\" content=\"index, follow, max-snippet:-1, max-image-preview:large, max-video-preview:-1\" \/>\n<link rel=\"canonical\" href=\"https:\/\/www.tuky.fi\/etusivu\/ylioppilaskunnan-hallitukset\/\" \/>\n<meta property=\"og:locale\" content=\"fi_FI\" \/>\n<meta property=\"og:type\" content=\"article\" \/>\n<meta property=\"og:title\" content=\"Turun KY Vanhat luottamushenkil\u00f6t\" \/>\n<meta property=\"og:description\" content=\"Luottamustoimet Turun KY:n toiminnan kirjon mahdollistaa suuri joukko aktiivisia toimijoita. Turun KY:ll\u00e4 ylint\u00e4 p\u00e4\u00e4t\u00e4nt\u00e4valtaa on ylioppilaskunta-aikana k\u00e4ytt\u00e4nyt edustajisto ja yhdistysaikana syyskokous. N\u00e4iden t\u00e4rkein teht\u00e4v\u00e4 on valita vuosittain hallitus, joka vastaa [&hellip;]\" \/>\n<meta property=\"og:url\" content=\"https:\/\/www.tuky.fi\/etusivu\/ylioppilaskunnan-hallitukset\/\" \/>\n<meta property=\"og:site_name\" content=\"Turun KY\" \/>\n<meta property=\"article:modified_time\" content=\"2026-04-16T17:09:59+00:00\" \/>\n<meta name=\"twitter:card\" content=\"summary_large_image\" \/>\n<meta name=\"twitter:label1\" content=\"Arvioitu lukuaika\" \/>\n\t<meta name=\"twitter:data1\" content=\"22 minuuttia\" \/>\n<script type=\"application\/ld+json\" class=\"yoast-schema-graph\">{\"@context\":\"https:\/\/schema.org\",\"@graph\":[{\"@type\":\"WebPage\",\"@id\":\"https:\/\/www.tuky.fi\/etusivu\/ylioppilaskunnan-hallitukset\/\",\"url\":\"https:\/\/www.tuky.fi\/etusivu\/ylioppilaskunnan-hallitukset\/\",\"name\":\"Turun KY Vanhat luottamushenkil\u00f6t\",\"isPartOf\":{\"@id\":\"https:\/\/www.tuky.fi\/etusivu\/#website\"},\"datePublished\":\"2017-07-20T19:14:34+00:00\",\"dateModified\":\"2026-04-16T17:09:59+00:00\",\"breadcrumb\":{\"@id\":\"https:\/\/www.tuky.fi\/etusivu\/ylioppilaskunnan-hallitukset\/#breadcrumb\"},\"inLanguage\":\"fi\",\"potentialAction\":[{\"@type\":\"ReadAction\",\"target\":[\"https:\/\/www.tuky.fi\/etusivu\/ylioppilaskunnan-hallitukset\/\"]}]},{\"@type\":\"BreadcrumbList\",\"@id\":\"https:\/\/www.tuky.fi\/etusivu\/ylioppilaskunnan-hallitukset\/#breadcrumb\",\"itemListElement\":[{\"@type\":\"ListItem\",\"position\":1,\"name\":\"Etusivu\",\"item\":\"https:\/\/www.tuky.fi\/etusivu\/\"},{\"@type\":\"ListItem\",\"position\":2,\"name\":\"Vanhat luottamushenkil\u00f6t\"}]},{\"@type\":\"WebSite\",\"@id\":\"https:\/\/www.tuky.fi\/etusivu\/#website\",\"url\":\"https:\/\/www.tuky.fi\/etusivu\/\",\"name\":\"Turun KY\",\"description\":\"TuKY\",\"publisher\":{\"@id\":\"https:\/\/www.tuky.fi\/etusivu\/#organization\"},\"alternateName\":\"TuKY\",\"potentialAction\":[{\"@type\":\"SearchAction\",\"target\":{\"@type\":\"EntryPoint\",\"urlTemplate\":\"https:\/\/www.tuky.fi\/etusivu\/?s={search_term_string}\"},\"query-input\":{\"@type\":\"PropertyValueSpecification\",\"valueRequired\":true,\"valueName\":\"search_term_string\"}}],\"inLanguage\":\"fi\"},{\"@type\":\"Organization\",\"@id\":\"https:\/\/www.tuky.fi\/etusivu\/#organization\",\"name\":\"Turun KY\",\"alternateName\":\"TuKY\",\"url\":\"https:\/\/www.tuky.fi\/etusivu\/\",\"logo\":{\"@type\":\"ImageObject\",\"inLanguage\":\"fi\",\"@id\":\"https:\/\/www.tuky.fi\/etusivu\/#\/schema\/logo\/image\/\",\"url\":\"https:\/\/www.tuky.fi\/wp-content\/uploads\/2024\/09\/TuKY-logo-kulta-1.png\",\"contentUrl\":\"https:\/\/www.tuky.fi\/wp-content\/uploads\/2024\/09\/TuKY-logo-kulta-1.png\",\"width\":1080,\"height\":1080,\"caption\":\"Turun KY\"},\"image\":{\"@id\":\"https:\/\/www.tuky.fi\/etusivu\/#\/schema\/logo\/image\/\"},\"sameAs\":[\"https:\/\/instagram.com\/turunky\",\"https:\/\/linkedin.com\/turunky\"]}]}<\/script>\n<!-- \/ Yoast SEO plugin. -->","yoast_head_json":{"title":"Turun KY Vanhat luottamushenkil\u00f6t","robots":{"index":"index","follow":"follow","max-snippet":"max-snippet:-1","max-image-preview":"max-image-preview:large","max-video-preview":"max-video-preview:-1"},"canonical":"https:\/\/www.tuky.fi\/etusivu\/ylioppilaskunnan-hallitukset\/","og_locale":"fi_FI","og_type":"article","og_title":"Turun KY Vanhat luottamushenkil\u00f6t","og_description":"Luottamustoimet Turun KY:n toiminnan kirjon mahdollistaa suuri joukko aktiivisia toimijoita. Turun KY:ll\u00e4 ylint\u00e4 p\u00e4\u00e4t\u00e4nt\u00e4valtaa on ylioppilaskunta-aikana k\u00e4ytt\u00e4nyt edustajisto ja yhdistysaikana syyskokous. N\u00e4iden t\u00e4rkein teht\u00e4v\u00e4 on valita vuosittain hallitus, joka vastaa [&hellip;]","og_url":"https:\/\/www.tuky.fi\/etusivu\/ylioppilaskunnan-hallitukset\/","og_site_name":"Turun KY","article_modified_time":"2026-04-16T17:09:59+00:00","twitter_card":"summary_large_image","twitter_misc":{"Arvioitu lukuaika":"22 minuuttia"},"schema":{"@context":"https:\/\/schema.org","@graph":[{"@type":"WebPage","@id":"https:\/\/www.tuky.fi\/etusivu\/ylioppilaskunnan-hallitukset\/","url":"https:\/\/www.tuky.fi\/etusivu\/ylioppilaskunnan-hallitukset\/","name":"Turun KY Vanhat luottamushenkil\u00f6t","isPartOf":{"@id":"https:\/\/www.tuky.fi\/etusivu\/#website"},"datePublished":"2017-07-20T19:14:34+00:00","dateModified":"2026-04-16T17:09:59+00:00","breadcrumb":{"@id":"https:\/\/www.tuky.fi\/etusivu\/ylioppilaskunnan-hallitukset\/#breadcrumb"},"inLanguage":"fi","potentialAction":[{"@type":"ReadAction","target":["https:\/\/www.tuky.fi\/etusivu\/ylioppilaskunnan-hallitukset\/"]}]},{"@type":"BreadcrumbList","@id":"https:\/\/www.tuky.fi\/etusivu\/ylioppilaskunnan-hallitukset\/#breadcrumb","itemListElement":[{"@type":"ListItem","position":1,"name":"Etusivu","item":"https:\/\/www.tuky.fi\/etusivu\/"},{"@type":"ListItem","position":2,"name":"Vanhat luottamushenkil\u00f6t"}]},{"@type":"WebSite","@id":"https:\/\/www.tuky.fi\/etusivu\/#website","url":"https:\/\/www.tuky.fi\/etusivu\/","name":"Turun KY","description":"TuKY","publisher":{"@id":"https:\/\/www.tuky.fi\/etusivu\/#organization"},"alternateName":"TuKY","potentialAction":[{"@type":"SearchAction","target":{"@type":"EntryPoint","urlTemplate":"https:\/\/www.tuky.fi\/etusivu\/?s={search_term_string}"},"query-input":{"@type":"PropertyValueSpecification","valueRequired":true,"valueName":"search_term_string"}}],"inLanguage":"fi"},{"@type":"Organization","@id":"https:\/\/www.tuky.fi\/etusivu\/#organization","name":"Turun KY","alternateName":"TuKY","url":"https:\/\/www.tuky.fi\/etusivu\/","logo":{"@type":"ImageObject","inLanguage":"fi","@id":"https:\/\/www.tuky.fi\/etusivu\/#\/schema\/logo\/image\/","url":"https:\/\/www.tuky.fi\/wp-content\/uploads\/2024\/09\/TuKY-logo-kulta-1.png","contentUrl":"https:\/\/www.tuky.fi\/wp-content\/uploads\/2024\/09\/TuKY-logo-kulta-1.png","width":1080,"height":1080,"caption":"Turun KY"},"image":{"@id":"https:\/\/www.tuky.fi\/etusivu\/#\/schema\/logo\/image\/"},"sameAs":["https:\/\/instagram.com\/turunky","https:\/\/linkedin.com\/turunky"]}]}},"lang":"fi","translations":{"fi":22999},"pll_sync_post":[],"_links":{"self":[{"href":"https:\/\/www.tuky.fi\/etusivu\/wp-json\/wp\/v2\/pages\/22999","targetHints":{"allow":["GET"]}}],"collection":[{"href":"https:\/\/www.tuky.fi\/etusivu\/wp-json\/wp\/v2\/pages"}],"about":[{"href":"https:\/\/www.tuky.fi\/etusivu\/wp-json\/wp\/v2\/types\/page"}],"author":[{"embeddable":true,"href":"https:\/\/www.tuky.fi\/etusivu\/wp-json\/wp\/v2\/users\/1"}],"replies":[{"embeddable":true,"href":"https:\/\/www.tuky.fi\/etusivu\/wp-json\/wp\/v2\/comments?post=22999"}],"version-history":[{"count":3,"href":"https:\/\/www.tuky.fi\/etusivu\/wp-json\/wp\/v2\/pages\/22999\/revisions"}],"predecessor-version":[{"id":53887,"href":"https:\/\/www.tuky.fi\/etusivu\/wp-json\/wp\/v2\/pages\/22999\/revisions\/53887"}],"wp:attachment":[{"href":"https:\/\/www.tuky.fi\/etusivu\/wp-json\/wp\/v2\/media?parent=22999"}],"curies":[{"name":"wp","href":"https:\/\/api.w.org\/{rel}","templated":true}]}}