{"id":21626,"date":"2017-07-04T16:45:00","date_gmt":"2017-07-04T16:45:00","guid":{"rendered":"http:\/\/www.tuky.fi\/?page_id=21626"},"modified":"2026-04-16T19:42:38","modified_gmt":"2026-04-16T16:42:38","slug":"turun-ky","status":"publish","type":"page","link":"https:\/\/www.tuky.fi\/etusivu\/turun-ky\/","title":{"rendered":"Meist\u00e4"},"content":{"rendered":"<p>[et_pb_section fb_built=&#8221;1&#8243; fullwidth=&#8221;on&#8221; _builder_version=&#8221;4.27.3&#8243; _module_preset=&#8221;default&#8221; background_image=&#8221;https:\/\/www.tuky.fi\/wp-content\/uploads\/2024\/11\/Turun-kauppatieteiden-ylioppilaat-ry-6.jpeg&#8221; background_position=&#8221;top_center&#8221; global_colors_info=&#8221;{}&#8221;][et_pb_fullwidth_header title=&#8221;Turun KY&#8221; subhead=&#8221;Sinun, minun, meid\u00e4n&#8221; _builder_version=&#8221;4.27.5&#8243; _module_preset=&#8221;default&#8221; title_font=&#8221;|&#8211;et_global_heading_font_weight||on|||||&#8221; title_text_align=&#8221;center&#8221; title_font_size=&#8221;65px&#8221; subhead_font=&#8221;|&#8211;et_global_heading_font_weight||on|||||&#8221; subhead_text_align=&#8221;center&#8221; subhead_font_size=&#8221;30px&#8221; background_color=&#8221;RGBA(255,255,255,0)&#8221; background_image=&#8221;https:\/\/www.tuky.fi\/wp-content\/uploads\/2026\/02\/52417159507_bc36fae971_o-scaled.jpeg&#8221; min_height=&#8221;421.4px&#8221; global_colors_info=&#8221;{}&#8221;][\/et_pb_fullwidth_header][\/et_pb_section][et_pb_section fb_built=&#8221;1&#8243; module_id=&#8221;tuky2&#8243; _builder_version=&#8221;4.27.0&#8243; background_color=&#8221;#00305d&#8221; custom_padding=&#8221;27px|0px|0px|0px&#8221; global_colors_info=&#8221;{}&#8221;][et_pb_row column_structure=&#8221;1_2,1_2&#8243; _builder_version=&#8221;4.16&#8243; background_size=&#8221;initial&#8221; background_position=&#8221;top_left&#8221; background_repeat=&#8221;repeat&#8221; max_width=&#8221;1278px&#8221; custom_padding=&#8221;13px|0px|41px|0px&#8221; use_custom_width=&#8221;on&#8221; custom_width_px=&#8221;1278px&#8221; global_colors_info=&#8221;{}&#8221;][et_pb_column type=&#8221;1_2&#8243; _builder_version=&#8221;4.16&#8243; custom_padding=&#8221;|||&#8221; global_colors_info=&#8221;{}&#8221; custom_padding__hover=&#8221;|||&#8221;][et_pb_image src=&#8221;https:\/\/www.tuky.fi\/wp-content\/uploads\/2026\/02\/52417658481_45562cf455_o-scaled.jpeg&#8221; alt=&#8221;Turun KY:n lippu&#8221; title_text=&#8221;52417658481_45562cf455_o&#8221; align_tablet=&#8221;center&#8221; align_phone=&#8221;&#8221; align_last_edited=&#8221;on|desktop&#8221; _builder_version=&#8221;4.27.5&#8243; custom_margin=&#8221;||300px|||&#8221; custom_padding=&#8221;4%||&#8221; animation_style=&#8221;slide&#8221; animation_direction=&#8221;top&#8221; animation_duration=&#8221;500ms&#8221; animation_intensity_slide=&#8221;10%&#8221; global_colors_info=&#8221;{}&#8221;][\/et_pb_image][\/et_pb_column][et_pb_column type=&#8221;1_2&#8243; _builder_version=&#8221;4.16&#8243; custom_padding=&#8221;|||&#8221; global_colors_info=&#8221;{}&#8221; custom_padding__hover=&#8221;|||&#8221;][et_pb_text _builder_version=&#8221;4.16&#8243; background_size=&#8221;initial&#8221; background_position=&#8221;top_left&#8221; background_repeat=&#8221;repeat&#8221; background_layout=&#8221;dark&#8221; global_colors_info=&#8221;{}&#8221;]<\/p>\n<h1>Me<\/h1>\n<p style=\"text-align: left;\">Turun kauppatieteiden ylioppilaat ry (Turun KY) on Turun kauppakorkeakoulussa opiskelevien kauppatieteilij\u00f6iden yhdistys. Yhdistyksen tarkoituksena on toimia Turun kauppakorkeakoulun kyltereiden yhdyssiteen\u00e4, valvoa heid\u00e4n etujaan kauppakorkeakoulussa ja ylioppilaskunnassa sek\u00e4 tarjota unohtumatonta ja v\u00e4rik\u00e4st\u00e4 opiskelijael\u00e4m\u00e4\u00e4. Turun kauppatieteiden ylioppilaat ry on perustettu jatkamaan Turun kauppakorkeakoulun ylioppilaskunnan toimintaa ja perinteit\u00e4 Turun kauppakorkeakoulun ja Turun yliopiston yhdistytty\u00e4 vuoden 2010 alussa. Yhdistymisen j\u00e4lkeen Turun KY on jatkanut edelleen yhten\u00e4 Turun aktiivisimmista ja suurimmista opiskelijaj\u00e4rjest\u00f6ist\u00e4.<\/p>\n<p style=\"text-align: left;\">Turun KY on rekister\u00f6ity yhdistys ja sen ylint\u00e4 p\u00e4\u00e4t\u00f6svaltaa k\u00e4ytt\u00e4v\u00e4t j\u00e4senet yhdistyksen kokouksissa, joita pidet\u00e4\u00e4n s\u00e4\u00e4nt\u00f6m\u00e4\u00e4r\u00e4isesti syksyll\u00e4 ja kev\u00e4\u00e4ll\u00e4, sek\u00e4 aina tarpeen vaatiessa. Yhdistyksen syyskokouksessa marraskuussa valitaan vuosittain Turun KY:n hallitus, joka vastaa yhdistyksen toiminnasta. Hallituksen apuna toimivat Turun KY:n ty\u00f6ntekij\u00e4t sek\u00e4 useat luottamustoimihenkil\u00f6t.<\/p>\n<div class=\"page-separator col-xs-12\"><\/div>\n<h2 class=\"news long\" style=\"text-align: left;\">Turun KY:n toiminta<\/h2>\n<p style=\"text-align: left;\">Turun KY:n monipuolista toimintaa j\u00e4rjest\u00e4v\u00e4t jaostot, asiantuntijaelimet ja projektit sek\u00e4 Turun KY:n yhteydess\u00e4 toimivat toimijaryhm\u00e4t, luottamushenkil\u00f6iden ja muiden aktiivisten TuKYl\u00e4isten avustamana. TuKYn sek\u00e4 sen alaisten toimijoiden toimintaan ovat kaikki tervetulleita vuosikurssista ja aiemmasta kokemuksesta riippumatta.<\/p>\n<p style=\"text-align: left;\">Jaostot ovat osa Turun KY:t\u00e4 ja jaostojen puheenjohtajat ovat TuKYn hallituksen j\u00e4seni\u00e4. Asiantuntijaelimi\u00e4 johtavat hallituksen j\u00e4senet sek\u00e4 ty\u00f6ntekij\u00e4t. Toimijaryhm\u00e4t ovat erilaisia aine- ja harrastej\u00e4rjest\u00f6j\u00e4, jotka ovat itsen\u00e4isi\u00e4 rekister\u00f6ityj\u00e4 yhdistyksi\u00e4 ja p\u00e4\u00e4tt\u00e4neet liitty\u00e4 TuKYn toimijaryhm\u00e4rekisteriin. Projektien tuottajat ja tiimit valitaan avoimella haulla vuosittain. TuKYn toimintaa yll\u00e4pit\u00e4\u00e4 aktiivisesti yli 200 TuKYl\u00e4ist\u00e4 joka vuosi.<\/p>\n<div class=\"page-separator col-xs-12\"><\/div>\n<h2 class=\"news long\" style=\"text-align: left;\">Liittyminen Turun KY:n j\u00e4seneksi<\/h2>\n<p style=\"text-align: left;\">Vain Turun KY:n j\u00e4senet p\u00e4\u00e4sev\u00e4t nauttimaan yhdistyksen tarjoamista palveluista, eduista ja toiminnasta, sek\u00e4 saavat oikeuden hankkia Turun KY:n siniset haalarit.\u00a0<\/p>\n<p style=\"text-align: left;\">Voit liitty\u00e4 Turun KY:n j\u00e4seneksi <a href=\"https:\/\/elounge.ekonomit.fi\/liity\">Suomen Ekonomien\u00a0kautta.<\/a> Liittyminen maksaa 50 euroa ja j\u00e4senyys on voimassa koko opiskeluaikasi!<\/p>\n<p style=\"text-align: left;\">\n<p style=\"text-align: left;\">\n<h3>Seuraa meit\u00e4 somessa:<\/h3>\n<p>[\/et_pb_text][et_pb_social_media_follow _builder_version=&#8221;4.27.6&#8243; background_layout=&#8221;dark&#8221; hover_enabled=&#8221;0&#8243; border_radii=&#8221;on|100%|100%|100%|100%&#8221; link_shape=&#8221;circle&#8221; global_colors_info=&#8221;{}&#8221; sticky_enabled=&#8221;0&#8243;][et_pb_social_media_follow_network social_network=&#8221;facebook&#8221; url=&#8221;https:\/\/www.facebook.com\/tukyry\/&#8221; _builder_version=&#8221;4.16&#8243; background_color=&#8221;#e4c400&#8243; bg_color=&#8221;#e4c400&#8243; global_colors_info=&#8221;{}&#8221; follow_button=&#8221;off&#8221; url_new_window=&#8221;on&#8221;]facebook[\/et_pb_social_media_follow_network][et_pb_social_media_follow_network social_network=&#8221;linkedin&#8221; url=&#8221;https:\/\/fi.linkedin.com\/company\/turunky&#8221; _builder_version=&#8221;4.27.5&#8243; background_color=&#8221;#e4c400&#8243; bg_color=&#8221;#e4c400&#8243; global_colors_info=&#8221;{}&#8221; follow_button=&#8221;off&#8221; url_new_window=&#8221;on&#8221;]linkedin[\/et_pb_social_media_follow_network][et_pb_social_media_follow_network social_network=&#8221;instagram&#8221; url=&#8221;https:\/\/www.instagram.com\/turun.ky\/&#8221; _builder_version=&#8221;4.27.6&#8243; background_color=&#8221;#e4c400&#8243; hover_enabled=&#8221;0&#8243; bg_color=&#8221;#e4c400&#8243; global_colors_info=&#8221;{}&#8221; follow_button=&#8221;off&#8221; url_new_window=&#8221;on&#8221; sticky_enabled=&#8221;0&#8243;]instagram[\/et_pb_social_media_follow_network][\/et_pb_social_media_follow][\/et_pb_column][\/et_pb_row][\/et_pb_section][et_pb_section fb_built=&#8221;1&#8243; module_id=&#8221;tuky1&#8243; _builder_version=&#8221;4.16&#8243; custom_padding=&#8221;0px|0px|27px|0px&#8221; global_colors_info=&#8221;{}&#8221;][et_pb_row column_structure=&#8221;1_2,1_2&#8243; _builder_version=&#8221;4.16&#8243; custom_padding=&#8221;0px|0px|13px|0px&#8221; global_colors_info=&#8221;{}&#8221;][et_pb_column type=&#8221;1_2&#8243; _builder_version=&#8221;4.16&#8243; custom_padding=&#8221;|||&#8221; global_colors_info=&#8221;{}&#8221; custom_padding__hover=&#8221;|||&#8221;][et_pb_text _builder_version=&#8221;4.27.5&#8243; text_font_size=&#8221;13px&#8221; global_colors_info=&#8221;{}&#8221;]<\/p>\n<h1><\/h1>\n<p>&nbsp;<\/p>\n<h1><\/h1>\n<h1>Mik\u00e4 ihmeen Turun KY?<\/h1>\n<p>Turun KY, tai TuKY, alkuper\u00e4iselt\u00e4 nimelt\u00e4\u00e4n Turun kauppakorkeakoulun ylioppilaskunta, syntyi vuonna 1950, kun joukko vastaperustetun Turun kauppakorkeakoulun opiskelijoita kokoontui\u00a0keskustelemaan ylioppilaskunnan perustamisesta, ja t\u00e4m\u00e4n kokouksen seurauksena ylioppilaskunta perustettiin 12. lokakuuta 1950.Ylioppilaskunnan ja nykyisen yhdistyksen tunnus muodostuu kaupank\u00e4ynnin jumala Merkuriuksen k\u00e4\u00e4rmesauvasta ja Turun kaupungin vaakunan goottilaisesta A-kirjaimesta. Oman lipun Turun KY sai vuonna 1953 ja oma lakkimerkki otettiin k\u00e4ytt\u00f6\u00f6n vuonna 1966. Kauppakorkeakoulun opiskelijat k\u00e4ytt\u00e4v\u00e4t edelleen samoja, muista yliopiston opiskelijoista poikkeavia symbolejaan.<\/p>\n<p>1950-luvun loppupuolella otettiin k\u00e4ytt\u00f6\u00f6n Turun kauppakorkeakoululle ominainen ensimm\u00e4isen vuoden opiskelijan pupu-nimitys. Syksyll\u00e4 1953 ylioppilaskunta sai Aurakadun koulutalon kellarista 30m2 tilat k\u00e4ytt\u00f6\u00f6ns\u00e4, ja tilat nimettiin\u00a0sijaintinsa ja hieman kolkohkon ulkomuotonsa takia Montuksi. Monttu sai uudet tilat Rehtorinpellonkadulta, kun kauppakorkeakoulu siirtyi omiin nykyisiin tiloihinsa 1959.Monttu on yksi Suomen vanhimmista y\u00f6kerhoista ja se on\u00a0ollut anniskeluk\u00e4yt\u00f6ss\u00e4 yht\u00e4jaksoisesti 50-luvulta l\u00e4htien.\u00a0Parinkymmenen vuoden varainkeruun j\u00e4lkeen vuonna 1984\u00a0ylioppilaskunta osti omakotitalon Parkinkatu 6:sta. Huonossa\u00a0kunnossa ollut alkuper\u00e4inen Parkki purettiin lopulta 2000-luvun alussa ja uusi nykyinen Parkki on jo teini-i\u00e4ss\u00e4.<\/p>\n<p>Turun kauppakorkeakoulu k\u00e4vi vuosituhannen lopussa parikin kertaa keskustelua yhdistymisest\u00e4 Turun yliopiston kanssa. Lopullinen yhdistyminen tapahtui kuitenkin vuonna 2010, jolloin my\u00f6s Turun kauppakorkeakoulun ylioppilaskunta ja Turun yliopiston ylioppilaskunta yhdistyiv\u00e4t ja syntyi uusi Turun yliopiston ylioppilaskunta. Turun KY jatkoi t\u00e4ll\u00f6in toimintaansa yhdistysmuotoisena, virallisena nimen\u00e4\u00e4n Turun kauppatieteiden ylioppilaat ry, keskittyen kuitenkin edelleen t\u00e4rkeimp\u00e4\u00e4n, eli j\u00e4sentens\u00e4 hyvinvointiin ja edunvalvontaan. Muista opiskelijayhdistyksist\u00e4 meid\u00e4t kuitenkin erottaa pitk\u00e4t perinteemme ylioppilaskuntana ja vuosikymmenien saatossa kehittynyt yhteishenki.<\/p>\n<p>[\/et_pb_text][\/et_pb_column][et_pb_column type=&#8221;1_2&#8243; _builder_version=&#8221;4.18.1&#8243; _module_preset=&#8221;default&#8221; global_colors_info=&#8221;{}&#8221;][et_pb_image src=&#8221;http:\/\/www.tuky.fi\/wp-content\/uploads\/2022\/11\/52417669691_c28c55d531_o-scaled.jpg&#8221; title_text=&#8221;52417669691_c28c55d531_o&#8221; align=&#8221;center&#8221; _builder_version=&#8221;4.18.1&#8243; _module_preset=&#8221;default&#8221; width=&#8221;100%&#8221; max_width=&#8221;100%&#8221; custom_margin=&#8221;60px||||false|false&#8221; global_colors_info=&#8221;{}&#8221;][\/et_pb_image][\/et_pb_column][\/et_pb_row][\/et_pb_section][et_pb_section fb_built=&#8221;1&#8243; module_id=&#8221;tuky4&#8243; _builder_version=&#8221;4.16&#8243; background_color=&#8221;#043464&#8243; global_colors_info=&#8221;{}&#8221;][et_pb_row _builder_version=&#8221;4.16&#8243; custom_padding=&#8221;13px|0px|32px|0px|false|false&#8221; global_colors_info=&#8221;{}&#8221;][et_pb_column type=&#8221;4_4&#8243; _builder_version=&#8221;4.16&#8243; custom_padding=&#8221;|||&#8221; global_colors_info=&#8221;{}&#8221; custom_padding__hover=&#8221;|||&#8221;][et_pb_text _builder_version=&#8221;4.27.5&#8243; background_layout=&#8221;dark&#8221; global_colors_info=&#8221;{}&#8221;]<\/p>\n<h2>Organisaatio<\/h2>\n<p>[\/et_pb_text][et_pb_image src=&#8221;https:\/\/www.tuky.fi\/wp-content\/uploads\/2026\/02\/TURUN-KYN-JARJESTOKAAVIO-2.png&#8221; title_text=&#8221;TURUN KYN J\u00c4RJEST\u00d6KAAVIO-2&#8243; align_tablet=&#8221;center&#8221; align_phone=&#8221;&#8221; align_last_edited=&#8221;on|desktop&#8221; _builder_version=&#8221;4.27.5&#8243; animation_style=&#8221;slide&#8221; animation_direction=&#8221;top&#8221; animation_duration=&#8221;500ms&#8221; animation_intensity_slide=&#8221;10%&#8221; global_colors_info=&#8221;{}&#8221;][\/et_pb_image][\/et_pb_column][\/et_pb_row][et_pb_row column_structure=&#8221;1_4,1_4,1_4,1_4&#8243; _builder_version=&#8221;4.16&#8243; global_colors_info=&#8221;{}&#8221;][et_pb_column type=&#8221;1_4&#8243; _builder_version=&#8221;4.16&#8243; custom_padding=&#8221;|||&#8221; global_colors_info=&#8221;{}&#8221; custom_padding__hover=&#8221;|||&#8221;][et_pb_text _builder_version=&#8221;4.16&#8243; background_layout=&#8221;dark&#8221; width=&#8221;99.9%&#8221; global_colors_info=&#8221;{}&#8221;]<\/p>\n<h3>J\u00e4senist\u00f6 ja syyskokous<\/h3>\n<p>Turun KY:n korkein p\u00e4\u00e4t\u00e4nt\u00e4valta on sen j\u00e4senist\u00f6ll\u00e4, joka valitsee hallituksen vuosittain syyskokouksessa. Kaikki yhdistyst\u00e4 koskevat merkitt\u00e4v\u00e4t p\u00e4\u00e4t\u00f6kset tehd\u00e4\u00e4n yhdistyksen kokouksissa, joissa kaikilla varsinaisilla j\u00e4senill\u00e4 on l\u00e4sn\u00e4olo-, puhe- ja \u00e4\u00e4nioikeus. Lis\u00e4ksi kunnia- ja alumnij\u00e4senill\u00e4 on kokouksissa puhe- ja l\u00e4sn\u00e4olo-oikeus.<\/p>\n<p>[\/et_pb_text][\/et_pb_column][et_pb_column type=&#8221;1_4&#8243; _builder_version=&#8221;4.16&#8243; custom_padding=&#8221;|||&#8221; global_colors_info=&#8221;{}&#8221; custom_padding__hover=&#8221;|||&#8221;][et_pb_text _builder_version=&#8221;4.16&#8243; background_layout=&#8221;dark&#8221; global_colors_info=&#8221;{}&#8221;]<\/p>\n<h2><a href=\"http:\/\/tuky.fi\/turun-ky\/organisaatio\/hallitus\/\">Hallitus<\/a><\/h2>\n<p>Hallitus hoitaa Turun KY:n juoksevia asioita ja on vastuussa siit\u00e4, ett\u00e4 toiminta vastaa yhdistyksen kokouksessa hyv\u00e4ksytty\u00e4 toimintasuunnitelmaa. Jokaisella hallituksen j\u00e4senell\u00e4 on oma sektori hoidettavanaan. T\u00e4ll\u00e4 hetkell\u00e4 hallitukseen kuuluu 12 henkil\u00f6\u00e4, ja toimintaa johtaa puheenjohtaja.<\/p>\n<p>[\/et_pb_text][\/et_pb_column][et_pb_column type=&#8221;1_4&#8243; _builder_version=&#8221;4.16&#8243; custom_padding=&#8221;|||&#8221; global_colors_info=&#8221;{}&#8221; custom_padding__hover=&#8221;|||&#8221;][et_pb_text _builder_version=&#8221;4.24.0&#8243; background_layout=&#8221;dark&#8221; global_colors_info=&#8221;{}&#8221;]<\/p>\n<h2><a href=\"http:\/\/tuky.fi\/turun-ky\/organisaatio\/asiantuntijat\/\">Asiantuntijaelimet<\/a><\/h2>\n<p>Asiantuntijaelimet ovat hallituksen ulkopuolisia toimijoita. He tukevat hallitusta eri sektoreilla, kuten yrityssuhteissa ja viestinn\u00e4ss\u00e4. Lue lis\u00e4\u00e4 asiantuntijaelimist\u00e4 <a href=\"https:\/\/www.tuky.fi\/etusivu\/45449-2\/\">t\u00e4\u00e4ll\u00e4<\/a>.<\/p>\n<p>[\/et_pb_text][\/et_pb_column][et_pb_column type=&#8221;1_4&#8243; _builder_version=&#8221;4.16&#8243; custom_padding=&#8221;|||&#8221; global_colors_info=&#8221;{}&#8221; custom_padding__hover=&#8221;|||&#8221;][et_pb_text _builder_version=&#8221;4.16&#8243; background_layout=&#8221;dark&#8221; global_colors_info=&#8221;{}&#8221;]<\/p>\n<h2><a href=\"http:\/\/tuky.fi\/jaostot-ja-toimijaryhmat\/jaostot\/\">Jaostot<\/a><\/h2>\n<p>Jaostot ovat osa Turun KY:t\u00e4 ja hoitavat n\u00e4kyvimm\u00e4n osan Turun KY:n toiminnasta. Toiminta ulottuu aina vapaa-ajan toiminnasta korkeakoulun edunvalvontaan. Lue lis\u00e4\u00e4 jaostoista <a href=\"https:\/\/www.tuky.fi\/etusivu\/49503\/\">t\u00e4\u00e4lt\u00e4<\/a>.<\/p>\n<p>[\/et_pb_text][\/et_pb_column][\/et_pb_row][et_pb_row column_structure=&#8221;1_3,1_3,1_3&#8243; _builder_version=&#8221;4.16&#8243; global_colors_info=&#8221;{}&#8221;][et_pb_column type=&#8221;1_3&#8243; _builder_version=&#8221;4.16&#8243; custom_padding=&#8221;|||&#8221; global_colors_info=&#8221;{}&#8221; custom_padding__hover=&#8221;|||&#8221;][et_pb_text _builder_version=&#8221;4.24.0&#8243; background_layout=&#8221;dark&#8221; global_colors_info=&#8221;{}&#8221;]<\/p>\n<h3>Toimijaryhm\u00e4t:<br \/><a href=\"http:\/\/tuky.fi\/jaostot-ja-toimijaryhmat\/ainejarjestot\/\">ainej\u00e4rjest\u00f6t<\/a>\u00a0ja\u00a0<a href=\"http:\/\/tuky.fi\/jaostot-ja-toimijaryhmat\/harrastekerhot\/\">harrastekerhot<\/a><\/h3>\n<p>Toimijaryhm\u00e4t ovat Turun KY:n j\u00e4seni\u00e4 palvelevia yhdistyksi\u00e4, jotka ovat saavuttaneet toimijaryhm\u00e4-statuksen t\u00e4ytt\u00e4ess\u00e4\u00e4n Turun KY:n asettamat vaatimukset. N\u00e4ille ryhmille Turun KY tarjoaa merkitt\u00e4vi\u00e4 etuja toimintaa varten, kuten Parkin k\u00e4ytt\u00f6oikeuden sek\u00e4 viestint\u00e4kanavat.<\/p>\n<p>[\/et_pb_text][\/et_pb_column][et_pb_column type=&#8221;1_3&#8243; _builder_version=&#8221;4.27.5&#8243; _module_preset=&#8221;default&#8221; global_colors_info=&#8221;{}&#8221;][et_pb_text _builder_version=&#8221;4.27.6&#8243; background_layout=&#8221;dark&#8221; hover_enabled=&#8221;0&#8243; global_colors_info=&#8221;{}&#8221; sticky_enabled=&#8221;0&#8243;]<\/p>\n<h3><a href=\"http:\/\/tuky.fi\/turun-ky\/organisaatio\/edustajat-tyyssa\/\">Edustajistoryhm\u00e4<\/a><\/h3>\n<p>Turun KY:ll\u00e4 on edustajistoryhm\u00e4 \u2013\u00a0<a href=\"https:\/\/www.instagram.com\/tse_lista\/\">TSE-lista<\/a> \u2013 Turun yliopiston ylioppilaskunnan (TYY) edustajistossa, joka k\u00e4ytt\u00e4\u00e4 ylioppilaskunnan korkeinta valtaa. Edustajistoryhm\u00e4mme toiminta pit\u00e4\u00e4 huolen, ett\u00e4 Turun KY:n j\u00e4senten \u00e4\u00e4ni kuuluu my\u00f6s TYYss\u00e4. T\u00e4ll\u00e4 hetkell\u00e4 TSE-listalla on 5 paikkaa edustajistossa. TSE-lista kuuluu samaan vaalirenkaaseen <a href=\"https:\/\/tlks.fi\/opinnot\/tyte\/\">TYY Terveeksi<\/a>\u00a0-ryhm\u00e4n ja\u00a0<a href=\"https:\/\/lex.fi\/toiminta\/toimikunnat\/opintoasiaintoimikunta\/ryhma-lex\/\">Ryhm\u00e4 Lex<\/a>in kanssa. Seuraavat edustajistovaalit j\u00e4rjestet\u00e4\u00e4n syksyll\u00e4 2027.<\/p>\n<p>[\/et_pb_text][\/et_pb_column][et_pb_column type=&#8221;1_3&#8243; _builder_version=&#8221;4.27.5&#8243; _module_preset=&#8221;default&#8221; global_colors_info=&#8221;{}&#8221;][et_pb_text _builder_version=&#8221;4.16&#8243; background_layout=&#8221;dark&#8221; global_colors_info=&#8221;{}&#8221;]<\/p>\n<h3><a href=\"http:\/\/tuky.fi\/turun-ky\/organisaatio\/edustajat-muissa-elimissa\/\">Edustajat muissa elimiss\u00e4<\/a><\/h3>\n<p>Turun KY:ll\u00e4 on runsaasti edustajia my\u00f6s muissa toimielimiss\u00e4, esimerkiksi Turun kauppakorkeakoulun johtokunnassa,\u00a0<a href=\"https:\/\/www.tyy.fi\/fi\/mukaan-toimintaan\/siivet\">TYYn siiviss\u00e4<\/a>\u00a0ja\u00a0<a href=\"https:\/\/www.ekonomit.fi\/\">Suomen Ekonomien<\/a>\u00a0puheenjohtajaverkostossa. Yhteisty\u00f6 n\u00e4iden toimielinten kanssa on yksi t\u00e4rkeimmist\u00e4 osista Turun KY:n toimintaa.<\/p>\n<p>[\/et_pb_text][\/et_pb_column][\/et_pb_row][\/et_pb_section][et_pb_section fb_built=&#8221;1&#8243; admin_label=&#8221;Hallitusgalleria&#8221; module_id=&#8221;tuky3&#8243; _builder_version=&#8221;4.16&#8243; custom_padding=&#8221;0px|0px|54px|2px&#8221; global_colors_info=&#8221;{}&#8221;][et_pb_row _builder_version=&#8221;4.16&#8243; background_size=&#8221;initial&#8221; background_position=&#8221;top_left&#8221; background_repeat=&#8221;repeat&#8221; custom_padding=&#8221;57px|0px|13px|0px&#8221; global_colors_info=&#8221;{}&#8221;][et_pb_column type=&#8221;4_4&#8243; _builder_version=&#8221;4.16&#8243; custom_padding=&#8221;|||&#8221; global_colors_info=&#8221;{}&#8221; custom_padding__hover=&#8221;|||&#8221;][et_pb_text _builder_version=&#8221;4.16&#8243; global_colors_info=&#8221;{}&#8221;]<\/p>\n<h1>Turun kauppatieteiden ylioppilaat ry<\/h1>\n<h3>Hallitus<\/h3>\n<p>[\/et_pb_text][\/et_pb_column][\/et_pb_row][et_pb_row column_structure=&#8221;1_4,1_4,1_4,1_4&#8243; _builder_version=&#8221;4.16&#8243; custom_padding=&#8221;0px|0px|13px|0px&#8221; custom_css_main_element=&#8221;Hallitus 2017&#8243; global_colors_info=&#8221;{}&#8221;][et_pb_column type=&#8221;1_4&#8243; _builder_version=&#8221;4.16&#8243; background_position=&#8221;top_left&#8221; custom_padding=&#8221;|||&#8221; global_colors_info=&#8221;{}&#8221; custom_padding__hover=&#8221;|||&#8221;][et_pb_team_member name=&#8221;Emma Torniainen&#8221; position=&#8221;Hallituksen puheenjohtaja&#8221; image_url=&#8221;https:\/\/www.tuky.fi\/wp-content\/uploads\/2026\/02\/Emma-Torniainen-scaled.jpg&#8221; _builder_version=&#8221;4.27.5&#8243; header_text_color=&#8221;#000000&#8243; global_colors_info=&#8221;{}&#8221;]<\/p>\n<p><span style=\"color: #000000; font-size: 14px;\"><\/span><a href=\"mailto:jenny.i.saaksi@utu.fi\" style=\"font-size: 14px;\">puheenjohtaja@tuky.fi<\/a><\/p>\n<p><span style=\"color: #000000; font-size: 14px;\">040 0932391<\/span><\/p>\n<p><span style=\"color: #000000;\"><\/span><\/p>\n<p><span style=\"color: #000000;\"><\/span><\/p>\n<p><span style=\"color: #000000;\"><\/span><\/p>\n<p>[\/et_pb_team_member][\/et_pb_column][et_pb_column type=&#8221;1_4&#8243; _builder_version=&#8221;4.16&#8243; background_position=&#8221;top_left&#8221; custom_padding=&#8221;|||&#8221; global_colors_info=&#8221;{}&#8221; custom_padding__hover=&#8221;|||&#8221;][et_pb_team_member name=&#8221;Ilkka Pulkkinen&#8221; position=&#8221;Hallituksen varapuheenjohtaja&#8221; image_url=&#8221;https:\/\/www.tuky.fi\/wp-content\/uploads\/2026\/01\/Potretti.jpeg&#8221; _builder_version=&#8221;4.27.5&#8243; header_text_color=&#8221;#000000&#8243; global_colors_info=&#8221;{}&#8221;]<\/p>\n<p><a href=\"mailto:anton.a.martti@utu.fi\">varapuheenjohtaja@tuky.fi<\/a><\/p>\n<p>&nbsp;<\/p>\n<p>[\/et_pb_team_member][\/et_pb_column][et_pb_column type=&#8221;1_4&#8243; _builder_version=&#8221;4.16&#8243; background_position=&#8221;top_left&#8221; custom_padding=&#8221;|||&#8221; global_colors_info=&#8221;{}&#8221; custom_padding__hover=&#8221;|||&#8221;][et_pb_team_member name=&#8221;Heidi Puro&#8221; position=&#8221;Viestint\u00e4&#8221; image_url=&#8221;https:\/\/www.tuky.fi\/wp-content\/uploads\/2026\/01\/Heidi-Puro-scaled.jpg&#8221; _builder_version=&#8221;4.27.5&#8243; header_font=&#8221;||||||||&#8221; header_text_color=&#8221;#000000&#8243; global_colors_info=&#8221;{}&#8221;]<\/p>\n<p><a href=\"mailto:anna.k.immo@utu.fi\">viestinta@tuky.fi<\/a><\/p>\n<p>&nbsp;<\/p>\n<p>[\/et_pb_team_member][\/et_pb_column][et_pb_column type=&#8221;1_4&#8243; _builder_version=&#8221;4.16&#8243; background_position=&#8221;top_left&#8221; custom_padding=&#8221;|||&#8221; global_colors_info=&#8221;{}&#8221; custom_padding__hover=&#8221;|||&#8221;][et_pb_team_member name=&#8221;Oskar M\u00e4kel\u00e4&#8221; position=&#8221;Kuntamestari (Tilat)&#8221; image_url=&#8221;https:\/\/www.tuky.fi\/wp-content\/uploads\/2026\/02\/Oskar-Makela-scaled.png&#8221; _builder_version=&#8221;4.27.5&#8243; header_text_color=&#8221;#000000&#8243; global_colors_info=&#8221;{}&#8221;]<\/p>\n<p><a href=\"mailto:ossi.a.ryynanen@utu.fi\">kuntamestari@tuky.fi<\/a><\/p>\n<p>&nbsp;<\/p>\n<p>[\/et_pb_team_member][\/et_pb_column][\/et_pb_row][et_pb_row column_structure=&#8221;1_4,1_4,1_4,1_4&#8243; _builder_version=&#8221;4.16&#8243; custom_padding=&#8221;43px|0px|13px|0px&#8221; custom_css_main_element=&#8221;Hallitus 2017&#8243; global_colors_info=&#8221;{}&#8221;][et_pb_column type=&#8221;1_4&#8243; _builder_version=&#8221;4.16&#8243; background_position=&#8221;top_left&#8221; custom_padding=&#8221;|||&#8221; global_colors_info=&#8221;{}&#8221; custom_padding__hover=&#8221;|||&#8221;][et_pb_team_member name=&#8221;Juho Virolainen&#8221; position=&#8221;Koulutuspolitiikka&#8221; image_url=&#8221;https:\/\/www.tuky.fi\/wp-content\/uploads\/2026\/02\/Juho-Virolainen-1-scaled.jpeg&#8221; _builder_version=&#8221;4.27.5&#8243; header_text_color=&#8221;#000000&#8243; global_colors_info=&#8221;{}&#8221;]<\/p>\n<p><a href=\"mailto:robert.m.vehma@utu.fi\">kopo@tuky.fi<\/a><\/p>\n<p>&nbsp;<\/p>\n<p>[\/et_pb_team_member][\/et_pb_column][et_pb_column type=&#8221;1_4&#8243; _builder_version=&#8221;4.16&#8243; background_position=&#8221;top_left&#8221; custom_padding=&#8221;|||&#8221; global_colors_info=&#8221;{}&#8221; custom_padding__hover=&#8221;|||&#8221;][et_pb_team_member name=&#8221;Maria Kekkonen&#8221; position=&#8221;Sosiaalipolitiikka (Tutorointi)&#8221; image_url=&#8221;https:\/\/www.tuky.fi\/wp-content\/uploads\/2026\/02\/Maria-Kekkonen.jpg&#8221; _builder_version=&#8221;4.27.5&#8243; header_text_color=&#8221;#000000&#8243; global_colors_info=&#8221;{}&#8221;]<\/p>\n<p><a href=\"mailto:ida.s.hartikainen@utu.fi\">sopo@tuky.fi<\/a><\/p>\n<p>&nbsp;<\/p>\n<p>[\/et_pb_team_member][\/et_pb_column][et_pb_column type=&#8221;1_4&#8243; _builder_version=&#8221;4.16&#8243; background_position=&#8221;top_left&#8221; custom_padding=&#8221;|||&#8221; global_colors_info=&#8221;{}&#8221; custom_padding__hover=&#8221;|||&#8221;][et_pb_team_member name=&#8221;Roy J\u00e4rvinen&#8221; position=&#8221;Liikunta&#8221; image_url=&#8221;https:\/\/www.tuky.fi\/wp-content\/uploads\/2026\/02\/Roy-Jarvinen-scaled.jpg&#8221; _builder_version=&#8221;4.27.5&#8243; header_text_color=&#8221;#000000&#8243; global_colors_info=&#8221;{}&#8221;]<\/p>\n<p><a href=\"mailto:miro.o.ikaheimonen@utu.fi\">liikunta@tuky.fi<\/a><\/p>\n<p>&nbsp;<\/p>\n<p>[\/et_pb_team_member][\/et_pb_column][et_pb_column type=&#8221;1_4&#8243; _builder_version=&#8221;4.16&#8243; background_position=&#8221;top_left&#8221; custom_padding=&#8221;|||&#8221; global_colors_info=&#8221;{}&#8221; custom_padding__hover=&#8221;|||&#8221;][et_pb_team_member name=&#8221;Kerttu Kari&#8221; position=&#8221;Kulttuuri ja perinteet&#8221; image_url=&#8221;https:\/\/www.tuky.fi\/wp-content\/uploads\/2026\/02\/Kettu-Kari-scaled.jpg&#8221; _builder_version=&#8221;4.27.5&#8243; header_text_color=&#8221;#000000&#8243; global_colors_info=&#8221;{}&#8221;]<\/p>\n<p><a href=\"mailto:aada.t.rehnberg@utu.fi\">kulttuuri@tuky.fi<\/a><\/p>\n<p>&nbsp;<\/p>\n<p>[\/et_pb_team_member][\/et_pb_column][\/et_pb_row][et_pb_row column_structure=&#8221;1_4,1_4,1_4,1_4&#8243; _builder_version=&#8221;4.25.2&#8243; custom_padding=&#8221;43px|0px|13px|0px&#8221; custom_css_main_element=&#8221;Hallitus 2017&#8243; global_colors_info=&#8221;{}&#8221;][et_pb_column type=&#8221;1_4&#8243; _builder_version=&#8221;4.16&#8243; background_position=&#8221;top_left&#8221; custom_padding=&#8221;|||&#8221; global_colors_info=&#8221;{}&#8221; custom_padding__hover=&#8221;|||&#8221;][et_pb_team_member name=&#8221;Samuli Koskenneva&#8221; position=&#8221;Kansainv\u00e4lisyys&#8221; image_url=&#8221;https:\/\/www.tuky.fi\/wp-content\/uploads\/2025\/03\/Samuli-Koskeneva-scaled.jpg&#8221; _builder_version=&#8221;4.27.4&#8243; header_text_color=&#8221;#000000&#8243; global_colors_info=&#8221;{}&#8221;]<\/p>\n<p><a href=\"mailto:sara.s.korpineva@utu.fi\">international@tuky.fi<\/a><\/p>\n<p>&nbsp;<\/p>\n<p>[\/et_pb_team_member][\/et_pb_column][et_pb_column type=&#8221;1_4&#8243; _builder_version=&#8221;4.16&#8243; background_position=&#8221;top_left&#8221; custom_padding=&#8221;|||&#8221; global_colors_info=&#8221;{}&#8221; custom_padding__hover=&#8221;|||&#8221;][et_pb_team_member name=&#8221;Riku Partanen&#8221; position=&#8221;Vapaa-aika&#8221; image_url=&#8221;https:\/\/www.tuky.fi\/wp-content\/uploads\/2026\/02\/Richard-1.jpeg&#8221; _builder_version=&#8221;4.27.5&#8243; header_text_color=&#8221;#000000&#8243; global_colors_info=&#8221;{}&#8221;]<\/p>\n<p><a href=\"mailto:siiri.m.tella@utu.fi\">vapaa-aika@tuky.fi<\/a><\/p>\n<p>&nbsp;<\/p>\n<p>[\/et_pb_team_member][\/et_pb_column][et_pb_column type=&#8221;1_4&#8243; _builder_version=&#8221;4.16&#8243; background_position=&#8221;top_left&#8221; custom_padding=&#8221;|||&#8221; global_colors_info=&#8221;{}&#8221; custom_padding__hover=&#8221;|||&#8221;][et_pb_team_member name=&#8221;Inka P\u00f6yry&#8221; position=&#8221;NESU&#8221; image_url=&#8221;https:\/\/www.tuky.fi\/wp-content\/uploads\/2026\/02\/Inka-1-scaled.jpg&#8221; _builder_version=&#8221;4.27.5&#8243; header_text_color=&#8221;#000000&#8243; global_colors_info=&#8221;{}&#8221;]<\/p>\n<p><a href=\"mailto:martta.i.iso-kuortti@utu.fi\">nesu@tuky.fi<\/a><\/p>\n<p>&nbsp;<\/p>\n<p>[\/et_pb_team_member][\/et_pb_column][et_pb_column type=&#8221;1_4&#8243; _builder_version=&#8221;4.16&#8243; background_position=&#8221;top_left&#8221; custom_padding=&#8221;|||&#8221; global_colors_info=&#8221;{}&#8221; custom_padding__hover=&#8221;|||&#8221;][et_pb_team_member name=&#8221;Mikko Prieur&#8221; position=&#8221;Media&#8221; image_url=&#8221;https:\/\/www.tuky.fi\/wp-content\/uploads\/2026\/02\/IMG_0462-2-scaled.jpg&#8221; name_last_edited=&#8221;off|desktop&#8221; _builder_version=&#8221;4.27.5&#8243; _module_preset=&#8221;default&#8221; header_text_color=&#8221;#000000&#8243; global_colors_info=&#8221;{}&#8221; name__hover_enabled=&#8221;off|desktop&#8221;]<\/p>\n<p><a href=\"mailto:media@tuky.fi\">media@tuky.fi<\/a><\/p>\n<p>[\/et_pb_team_member][\/et_pb_column][\/et_pb_row][et_pb_row _builder_version=&#8221;4.16&#8243; background_size=&#8221;initial&#8221; background_position=&#8221;top_left&#8221; background_repeat=&#8221;repeat&#8221; global_colors_info=&#8221;{}&#8221;][et_pb_column type=&#8221;4_4&#8243; _builder_version=&#8221;4.16&#8243; custom_padding=&#8221;|||&#8221; global_colors_info=&#8221;{}&#8221; custom_padding__hover=&#8221;|||&#8221;][et_pb_divider color=&#8221;#043464&#8243; disabled_on=&#8221;on|on|off&#8221; _builder_version=&#8221;4.16&#8243; global_colors_info=&#8221;{}&#8221;][\/et_pb_divider][et_pb_text _builder_version=&#8221;4.16&#8243; global_colors_info=&#8221;{}&#8221;]<\/p>\n<h3>Ty\u00f6ntekij\u00e4t<\/h3>\n<p>[\/et_pb_text][\/et_pb_column][\/et_pb_row][et_pb_row column_structure=&#8221;1_4,1_4,1_4,1_4&#8243; _builder_version=&#8221;4.16&#8243; _module_preset=&#8221;default&#8221; custom_padding=&#8221;|0px||||&#8221; global_colors_info=&#8221;{}&#8221;][et_pb_column type=&#8221;1_4&#8243; _builder_version=&#8221;4.16&#8243; _module_preset=&#8221;default&#8221; global_colors_info=&#8221;{}&#8221;][et_pb_team_member name=&#8221;Helmi Kojonen&#8221; position=&#8221;Toiminnanjohtaja&#8221; image_url=&#8221;https:\/\/www.tuky.fi\/wp-content\/uploads\/2026\/02\/Helmi-Kojonen-2-scaled.jpg&#8221; _builder_version=&#8221;4.27.5&#8243; header_text_color=&#8221;#000000&#8243; max_width=&#8221;100%&#8221; custom_margin=&#8221;21px|||&#8221; custom_padding=&#8221;19px|||||&#8221; global_colors_info=&#8221;{}&#8221;]<\/p>\n<p><span data-sheets-value=\"{&quot;1&quot;:3,&quot;3&quot;:358505555536}\" data-sheets-userformat=\"{&quot;2&quot;:627,&quot;3&quot;:{&quot;1&quot;:0},&quot;4&quot;:{&quot;1&quot;:2,&quot;2&quot;:13624051},&quot;7&quot;:{&quot;1&quot;:[{&quot;1&quot;:2,&quot;2&quot;:0,&quot;5&quot;:{&quot;1&quot;:2,&quot;2&quot;:0}},{&quot;1&quot;:0,&quot;2&quot;:0,&quot;3&quot;:3},{&quot;1&quot;:1,&quot;2&quot;:0,&quot;4&quot;:1}]},&quot;8&quot;:{&quot;1&quot;:[{&quot;1&quot;:2,&quot;2&quot;:0,&quot;5&quot;:{&quot;1&quot;:2,&quot;2&quot;:0}},{&quot;1&quot;:0,&quot;2&quot;:0,&quot;3&quot;:3},{&quot;1&quot;:1,&quot;2&quot;:0,&quot;4&quot;:1}]},&quot;9&quot;:1,&quot;12&quot;:0}\">\u202a045 8866761\u202c<\/span><\/p>\n<p><a href=\"mailto:minttu.m.agarth@utu.fi\">toiminnanjohtaja@tuky.fi<\/a><\/p>\n<p>Toiminnanjohtaja on yksi Turun KY:n palkkaamista toimihenkil\u00f6ist\u00e4. Toiminnanjohtaja p\u00e4ivyst\u00e4\u00e4 toimistolla, vastaa TuKYn p\u00e4ivitt\u00e4isist\u00e4 asioista, auttaa \u00a0j\u00e4seni\u00e4 TuKYyn liittyviss\u00e4 asioissa ja toimii hallituksen apuna. H\u00e4nelt\u00e4 voit muun muassa vuokrata lokeroita kauppakorkean k\u00e4yt\u00e4vilt\u00e4 ja hakea j\u00e4sentarrasi. Toiminnanjohtajan tavoitat toimistolta tai Wanhasta Narikasta p\u00e4ivystysaikoina!<\/p>\n<p>[\/et_pb_team_member][\/et_pb_column][et_pb_column type=&#8221;1_4&#8243; _builder_version=&#8221;4.16&#8243; _module_preset=&#8221;default&#8221; global_colors_info=&#8221;{}&#8221;][et_pb_team_member name=&#8221;Vladislava Silkina&#8221; position=&#8221;Myyntip\u00e4\u00e4llikk\u00f6&#8221; image_url=&#8221;https:\/\/www.tuky.fi\/wp-content\/uploads\/2026\/01\/20250120_v_6642-scaled-e1768313650344.jpg&#8221; _builder_version=&#8221;4.27.5&#8243; header_text_color=&#8221;#000000&#8243; min_height=&#8221;487.4px&#8221; custom_margin=&#8221;39px|||&#8221; custom_padding=&#8221;0px|||||&#8221; global_colors_info=&#8221;{}&#8221;]<\/p>\n<p><span data-sheets-value=\"{&quot;1&quot;:3,&quot;3&quot;:358505177762}\" data-sheets-userformat=\"{&quot;2&quot;:627,&quot;3&quot;:{&quot;1&quot;:0},&quot;4&quot;:{&quot;1&quot;:2,&quot;2&quot;:13624051},&quot;7&quot;:{&quot;1&quot;:[{&quot;1&quot;:2,&quot;2&quot;:0,&quot;5&quot;:{&quot;1&quot;:2,&quot;2&quot;:0}},{&quot;1&quot;:0,&quot;2&quot;:0,&quot;3&quot;:3},{&quot;1&quot;:1,&quot;2&quot;:0,&quot;4&quot;:1}]},&quot;8&quot;:{&quot;1&quot;:[{&quot;1&quot;:2,&quot;2&quot;:0,&quot;5&quot;:{&quot;1&quot;:2,&quot;2&quot;:0}},{&quot;1&quot;:0,&quot;2&quot;:0,&quot;3&quot;:3},{&quot;1&quot;:1,&quot;2&quot;:0,&quot;4&quot;:1}]},&quot;9&quot;:1,&quot;12&quot;:0}\" data-sheets-formula=\"=358505177762\">045 2514520<br \/><\/span><\/p>\n<p><a href=\"mailto:myyntipaallikko@tuky.fi\">myyntipaallikko@tuky.fi<\/a><\/p>\n<p>Myyntip\u00e4\u00e4llikk\u00f6 on palkattu toimihenkil\u00f6, joka koordinoi Turun KY:n yrityssuhteita ja johtaa yrityssuhdetiimi\u00e4 COREa. H\u00e4nelt\u00e4 voit tiedustella TuKYn yrityksille ja yhteis\u00f6ille tarjoamia opiskelijayhteisty\u00f6mahdollisuuksia.<\/p>\n<p>[\/et_pb_team_member][\/et_pb_column][et_pb_column type=&#8221;1_4&#8243; _builder_version=&#8221;4.16&#8243; _module_preset=&#8221;default&#8221; global_colors_info=&#8221;{}&#8221;][et_pb_team_member name=&#8221;Ville V\u00e4\u00e4n\u00e4nen&#8221; position=&#8221;Talousp\u00e4\u00e4llikk\u00f6&#8221; image_url=&#8221;https:\/\/www.tuky.fi\/wp-content\/uploads\/2025\/03\/Ville-Vaanannen.jpg&#8221; _builder_version=&#8221;4.27.4&#8243; header_font=&#8221;||||||||&#8221; header_text_color=&#8221;#000000&#8243; max_width=&#8221;100%&#8221; module_alignment=&#8221;center&#8221; min_height=&#8221;545px&#8221; custom_margin=&#8221;||78px|||&#8221; custom_padding=&#8221;40px|0px||||&#8221; global_colors_info=&#8221;{}&#8221;]<\/p>\n<p>&nbsp;<\/p>\n<p><a href=\"mailto:ville.i.vaananen@utu.fi\">talouspaallikko@tuky.fi<\/a><\/p>\n<p>Talousp\u00e4\u00e4llikk\u00f6 on palkattu toimihenkil\u00f6, joka vastaa Turun KY:n p\u00e4ivitt\u00e4isest\u00e4 talouden hoidosta ja toimii taloustoimikunnan sihteerin\u00e4.<\/p>\n<p>[\/et_pb_team_member][\/et_pb_column][et_pb_column type=&#8221;1_4&#8243; _builder_version=&#8221;4.16&#8243; _module_preset=&#8221;default&#8221; global_colors_info=&#8221;{}&#8221;][et_pb_team_member name=&#8221;Olivia Virtamo&#8221; position=&#8221;Baarimestari&#8221; image_url=&#8221;https:\/\/www.tuky.fi\/wp-content\/uploads\/2025\/04\/olivia_virtamo-scaled.jpg&#8221; _builder_version=&#8221;4.27.4&#8243; header_font=&#8221;||||||||&#8221; header_text_color=&#8221;#000000&#8243; max_width=&#8221;100%&#8221; module_alignment=&#8221;center&#8221; min_height=&#8221;545px&#8221; custom_margin=&#8221;||78px|||&#8221; custom_padding=&#8221;40px|0px||||&#8221; global_colors_info=&#8221;{}&#8221;]<\/p>\n<p>&nbsp;<\/p>\n<p><a href=\"mailto:essi.k.paasonen@utu.fi\">monttu@tuky.fi<\/a><\/p>\n<p>Baarimestari on palkattu toimihenkil\u00f6, jonka toimenkuvaan kuuluu Montun baarin toiminnasta vastaaminen. Ty\u00f6teht\u00e4vi\u00e4 ovat esimerkiksi baarin esimiehen\u00e4 toimiminen tapahtumissa, juomatilausten ja tilitysten teko sek\u00e4 baarin ja After Work -konseptin kehitt\u00e4minen Kuntamestarin tuella.<\/p>\n<p>[\/et_pb_team_member][\/et_pb_column][\/et_pb_row][et_pb_row _builder_version=&#8221;4.16&#8243; background_size=&#8221;initial&#8221; background_position=&#8221;top_left&#8221; background_repeat=&#8221;repeat&#8221; global_colors_info=&#8221;{}&#8221;][et_pb_column type=&#8221;4_4&#8243; _builder_version=&#8221;4.16&#8243; custom_padding=&#8221;|||&#8221; global_colors_info=&#8221;{}&#8221; custom_padding__hover=&#8221;|||&#8221;][et_pb_divider color=&#8221;#043464&#8243; disabled_on=&#8221;on|on|off&#8221; _builder_version=&#8221;4.16&#8243; global_colors_info=&#8221;{}&#8221;][\/et_pb_divider][et_pb_text _builder_version=&#8221;4.16&#8243; global_colors_info=&#8221;{}&#8221;]<\/p>\n<h3>Luottamushenkil\u00f6t<\/h3>\n<p>[\/et_pb_text][\/et_pb_column][\/et_pb_row][et_pb_row column_structure=&#8221;1_4,1_4,1_4,1_4&#8243; _builder_version=&#8221;4.16&#8243; custom_padding=&#8221;43px|0px|13px|0px&#8221; custom_css_main_element=&#8221;Hallitus 2017&#8243; global_colors_info=&#8221;{}&#8221;][et_pb_column type=&#8221;1_4&#8243; _builder_version=&#8221;4.16&#8243; background_position=&#8221;top_left&#8221; custom_padding=&#8221;|||&#8221; global_colors_info=&#8221;{}&#8221; custom_padding__hover=&#8221;|||&#8221;][et_pb_team_member name=&#8221;Teijo Seikkula &#8221; position=&#8221;Taloustoiminkunnan puheenjohtaja&#8221; image_url=&#8221;https:\/\/www.tuky.fi\/wp-content\/uploads\/2026\/02\/TS1.png&#8221; _builder_version=&#8221;4.27.5&#8243; header_text_color=&#8221;#000000&#8243; max_width=&#8221;96.4%&#8221; min_height=&#8221;297.2px&#8221; global_colors_info=&#8221;{}&#8221;]<\/p>\n<p><a href=\"mailto:leevi.a.vesanen@utu.fi\">talous@tuky.fi<\/a><\/p>\n<p>&nbsp;<\/p>\n<p>[\/et_pb_team_member][\/et_pb_column][et_pb_column type=&#8221;1_4&#8243; _builder_version=&#8221;4.16&#8243; _module_preset=&#8221;default&#8221; global_colors_info=&#8221;{}&#8221;][et_pb_team_member name=&#8221;Kirill Orikov&#8221; position=&#8221;Pikkulaskiaisen p\u00e4\u00e4tuottaja&#8221; image_url=&#8221;https:\/\/www.tuky.fi\/wp-content\/uploads\/2026\/02\/harmaa-ukkeli.png&#8221; _builder_version=&#8221;4.27.5&#8243; header_text_color=&#8221;#000000&#8243; max_width=&#8221;88%&#8221; custom_margin=&#8221;18px|||&#8221; global_colors_info=&#8221;{}&#8221;]<\/p>\n<p><a href=\"mailto:aleksi.o.vonhintze@utu.fi\">pikkulaskiainen@tuky.fi<\/a><\/p>\n<p>&nbsp;<\/p>\n<p>[\/et_pb_team_member][\/et_pb_column][et_pb_column type=&#8221;1_4&#8243; _builder_version=&#8221;4.16&#8243; _module_preset=&#8221;default&#8221; global_colors_info=&#8221;{}&#8221;][et_pb_team_member name=&#8221;Aada Rehnberg&#8221; position=&#8221;Vuosijuhlatuottaja 2026&#8243; image_url=&#8221;https:\/\/www.tuky.fi\/wp-content\/uploads\/2026\/02\/Aada-Rehnberg-1.jpg&#8221; _builder_version=&#8221;4.27.5&#8243; header_text_color=&#8221;#000000&#8243; max_width=&#8221;100%&#8221; min_height=&#8221;307px&#8221; custom_margin=&#8221;18px||-17px|||&#8221; custom_padding=&#8221;|29px||||&#8221; global_colors_info=&#8221;{}&#8221;]<\/p>\n<p><a href=\"mailto:amanda.i.ruuhijarvi@utu.fi\">vuosijuhlat@tuky.fi<\/a><\/p>\n<p>&nbsp;<\/p>\n<p>[\/et_pb_team_member][\/et_pb_column][et_pb_column type=&#8221;1_4&#8243; _builder_version=&#8221;4.16&#8243; _module_preset=&#8221;default&#8221; global_colors_info=&#8221;{}&#8221;][et_pb_team_member name=&#8221;Joni Talvinen&#8221; position=&#8221;Vuosijuhlatuottaja 2026&#8243; image_url=&#8221;https:\/\/www.tuky.fi\/wp-content\/uploads\/2024\/11\/joni.jpg&#8221; _builder_version=&#8221;4.27.5&#8243; header_text_color=&#8221;#000000&#8243; max_width=&#8221;100%&#8221; custom_margin=&#8221;18px|30px||||&#8221; global_colors_info=&#8221;{}&#8221;]<\/p>\n<p><a href=\"mailto:matilda.s.mankonen@utu.fi\">vuosijuhlat@tuky.fi<\/a><\/p>\n<p>&nbsp;<\/p>\n<p>[\/et_pb_team_member][\/et_pb_column][\/et_pb_row][et_pb_row column_structure=&#8221;1_4,1_4,1_4,1_4&#8243; _builder_version=&#8221;4.16&#8243; custom_padding=&#8221;43px|0px|13px|0px&#8221; custom_css_main_element=&#8221;Hallitus 2017&#8243; global_colors_info=&#8221;{}&#8221;][et_pb_column type=&#8221;1_4&#8243; _builder_version=&#8221;4.16&#8243; background_position=&#8221;top_left&#8221; custom_padding=&#8221;|||&#8221; global_colors_info=&#8221;{}&#8221; custom_padding__hover=&#8221;|||&#8221;][et_pb_team_member name=&#8221;Pihla Tamminen&#8221; position=&#8221;Speksituottaja 2026&#8243; image_url=&#8221;https:\/\/www.tuky.fi\/wp-content\/uploads\/2026\/02\/Pihla-Tamminen.jpeg&#8221; icon_color=&#8221;#000000&#8243; _builder_version=&#8221;4.27.5&#8243; header_text_color=&#8221;#000000&#8243; max_width=&#8221;132%&#8221; min_height=&#8221;280px&#8221; custom_padding=&#8221;|25px|0px|||&#8221; global_colors_info=&#8221;{}&#8221;]<\/p>\n<p><a href=\"mailto:mmholm@utu.fi\">speksituottajat@tuky.fi<\/a><\/p>\n<p>&nbsp;<\/p>\n<p>[\/et_pb_team_member][\/et_pb_column][et_pb_column type=&#8221;1_4&#8243; _builder_version=&#8221;4.16&#8243; background_position=&#8221;top_left&#8221; custom_padding=&#8221;|||&#8221; global_colors_info=&#8221;{}&#8221; custom_padding__hover=&#8221;|||&#8221;][et_pb_team_member name=&#8221;Roy Nyqvist&#8221; position=&#8221;Speksituottaja 2026&#8243; image_url=&#8221;https:\/\/www.tuky.fi\/wp-content\/uploads\/2026\/02\/Roy-Nyqvist&#8211;scaled.jpg&#8221; icon_color=&#8221;#000000&#8243; _builder_version=&#8221;4.27.5&#8243; header_text_color=&#8221;#000000&#8243; max_width=&#8221;129%&#8221; min_height=&#8221;280px&#8221; custom_padding=&#8221;|25px|0px|||&#8221; global_colors_info=&#8221;{}&#8221;]<\/p>\n<p><a href=\"mailto:emmi.j.somero@utu.fi\">speksituottajat@tuky.fi<\/a><\/p>\n<p>&nbsp;<\/p>\n<p>[\/et_pb_team_member][\/et_pb_column][et_pb_column type=&#8221;1_4&#8243; _builder_version=&#8221;4.16&#8243; background_position=&#8221;top_left&#8221; custom_padding=&#8221;|||&#8221; global_colors_info=&#8221;{}&#8221; custom_padding__hover=&#8221;|||&#8221;][\/et_pb_column][et_pb_column type=&#8221;1_4&#8243; _builder_version=&#8221;4.16&#8243; _module_preset=&#8221;default&#8221; global_colors_info=&#8221;{}&#8221;][\/et_pb_column][\/et_pb_row][\/et_pb_section][et_pb_section fb_built=&#8221;1&#8243; _builder_version=&#8221;4.27.0&#8243; _module_preset=&#8221;default&#8221; background_color=&#8221;#00305d&#8221; min_height=&#8221;492px&#8221; global_colors_info=&#8221;{}&#8221;][et_pb_row _builder_version=&#8221;4.16&#8243; _module_preset=&#8221;default&#8221; global_colors_info=&#8221;{}&#8221;][et_pb_column type=&#8221;4_4&#8243; _builder_version=&#8221;4.16&#8243; _module_preset=&#8221;default&#8221; global_colors_info=&#8221;{}&#8221;][et_pb_text _builder_version=&#8221;4.16&#8243; _module_preset=&#8221;default&#8221; global_colors_info=&#8221;{}&#8221;]<\/p>\n<h1 class=\"theme-header\"><span style=\"color: #ffffff;\">Turun KY:l\u00e4iset Turun yliopiston ylioppilaskunnassa (TYY)<\/span><\/h1>\n<p><span style=\"color: #ffffff;\">T\u00e4lle sivulle on koottu tiedot Turun KY:l\u00e4isist\u00e4, jotka TYYn edustajisto tai hallitus on valinnut erilaisiin luottamusteht\u00e4viin.\u00a0<a href=\"http:\/\/turunky.fi\/tuky-lista\/\" style=\"color: #ffffff;\">TSE-lista<\/a> edustaa Turun KY:l\u00e4isi\u00e4 edustajistossa. Mik\u00e4li olet halukas hakemaan TYYlle aukeaviin luottamustoimiin, kannattaa ottaa yhteys TSE-listaan Instagramissa @tselista.<\/span><\/p>\n<p>[\/et_pb_text][\/et_pb_column][\/et_pb_row][et_pb_row column_structure=&#8221;1_4,1_4,1_4,1_4&#8243; _builder_version=&#8221;4.16&#8243; _module_preset=&#8221;default&#8221; custom_margin=&#8221;|auto|46px|auto||&#8221; global_colors_info=&#8221;{}&#8221;][et_pb_column type=&#8221;1_4&#8243; _builder_version=&#8221;4.16&#8243; _module_preset=&#8221;default&#8221; global_colors_info=&#8221;{}&#8221;][et_pb_text _builder_version=&#8221;4.27.4&#8243; _module_preset=&#8221;default&#8221; custom_margin=&#8221;26px|||||&#8221; global_colors_info=&#8221;{}&#8221;]<\/p>\n<h4><span style=\"color: #ffffff;\">Turun ylioppilaskunnan hallitus<\/span><\/h4>\n<p><span style=\"color: #ffffff;\"><b>Edustajat<br \/><\/b>Samuel Oliveros de Nordenflicht<\/span><\/p>\n<p>[\/et_pb_text][et_pb_text _builder_version=&#8221;4.27.4&#8243; _module_preset=&#8221;default&#8221; locked=&#8221;off&#8221; global_colors_info=&#8221;{}&#8221;]<\/p>\n<h4><span style=\"color: #ffffff;\">Turun ylioppilaslehden johtokunta<\/span><\/h4>\n<p><span style=\"color: #ffffff;\"><b>Edustajat<br \/><\/b>Kasperi Paassilta<\/span><\/p>\n<p>[\/et_pb_text][\/et_pb_column][et_pb_column type=&#8221;1_4&#8243; _builder_version=&#8221;4.16&#8243; _module_preset=&#8221;default&#8221; global_colors_info=&#8221;{}&#8221;][et_pb_text _builder_version=&#8221;4.27.5&#8243; _module_preset=&#8221;default&#8221; min_height=&#8221;108px&#8221; custom_margin=&#8221;|-27px||||&#8221; custom_padding=&#8221;24px|||||&#8221; global_colors_info=&#8221;{}&#8221;]<\/p>\n<h4><span style=\"color: #ffffff;\">Taloustoimikunta<\/span><\/h4>\n<p><span style=\"color: #ffffff;\"><b><\/b><strong>Edustajat<br \/>\n<\/strong>Tuomas Alm (Puheenjohtaja)<\/span><br \/>\n<span style=\"color: #ffffff;\">Leevi Vesanen<\/span><span style=\"color: #ffffff;\"><br \/>\n<span style=\"color: #ffffff;\">Valtteri Vuori<\/span><span style=\"color: #ffffff;\"><\/span><span style=\"color: #ffffff;\"><\/span><\/p>\n<p><span style=\"color: #ffffff;\"><\/span>[\/et_pb_text][\/et_pb_column][et_pb_column type=&#8221;1_4&#8243; _builder_version=&#8221;4.16&#8243; _module_preset=&#8221;default&#8221; global_colors_info=&#8221;{}&#8221;][et_pb_text _builder_version=&#8221;4.27.4&#8243; _module_preset=&#8221;default&#8221; global_colors_info=&#8221;{}&#8221;]<\/p>\n<h4><span style=\"color: #ffffff;\">Valintatoimikunta<\/span><\/h4>\n<p><span style=\"color: #ffffff;\"><b>Edustajat<\/b><\/span><br \/><span style=\"color: #ffffff;\">Katie Astin (Puheenjohtaja)<\/span><\/p>\n<p>[\/et_pb_text][\/et_pb_column][et_pb_column type=&#8221;1_4&#8243; _builder_version=&#8221;4.16&#8243; _module_preset=&#8221;default&#8221; global_colors_info=&#8221;{}&#8221;][et_pb_text _builder_version=&#8221;4.27.5&#8243; _module_preset=&#8221;default&#8221; width=&#8221;100%&#8221; custom_padding=&#8221;|0px||||&#8221; global_colors_info=&#8221;{}&#8221;]<\/p>\n<h4><span style=\"color: #ffffff;\">Avustustoimikunta<\/span><\/h4>\n<p><span style=\"color: #ffffff;\"><strong>Edustaja<\/strong><\/span><br \/>\n<span style=\"color: #ffffff;\">Elisa Hyv\u00e4rinen<\/span><br \/>\n<span style=\"color: #ffffff;\">Emilia J\u00e4rvinen (TSE-Lista\/PorKy)<\/span><br \/>\n<span style=\"color: #ffffff;\">Jussi Hedman (TSE-Lista\/PorKy)<\/span>[\/et_pb_text][\/et_pb_column][\/et_pb_row][\/et_pb_section][et_pb_section fb_built=&#8221;1&#8243; module_id=&#8221;tuky6&#8243; _builder_version=&#8221;4.16&#8243; global_colors_info=&#8221;{}&#8221;][et_pb_row _builder_version=&#8221;4.16&#8243; background_size=&#8221;initial&#8221; background_position=&#8221;top_left&#8221; background_repeat=&#8221;repeat&#8221; global_colors_info=&#8221;{}&#8221;][et_pb_column type=&#8221;4_4&#8243; _builder_version=&#8221;4.16&#8243; custom_padding=&#8221;|||&#8221; global_colors_info=&#8221;{}&#8221; custom_padding__hover=&#8221;|||&#8221;][et_pb_text _builder_version=&#8221;4.16&#8243; global_colors_info=&#8221;{}&#8221;]<\/p>\n<h1>Edustajat muissa elimiss\u00e4<\/h1>\n<p>Turun KY nime\u00e4\u00e4 ja esitt\u00e4\u00e4 edustajiaan useisiin eri sidosryhmien ja toimielimiin. Lis\u00e4ksi Turun KY:n edustajia on my\u00f6s monessa organisaation ulkopuolisessa toimielimess\u00e4. Turun KY:n edustajat valvovat n\u00e4iss\u00e4 ryhmiss\u00e4 yhdistyksen etua ja toimivat opiskelijaedustajina tai sidoshenkil\u00f6in\u00e4 toimijoiden ja Turun KY:n v\u00e4lill\u00e4. Toimet kest\u00e4v\u00e4t l\u00e4ht\u00f6kohtaisesti kalenterivuoden, ja varsinaisten edustajien per\u00e4ss\u00e4 ilmoitettu sulkeissa mahdolliset varaj\u00e4senet.<\/p>\n<p>[\/et_pb_text][\/et_pb_column][\/et_pb_row][et_pb_row column_structure=&#8221;1_4,1_4,1_4,1_4&#8243; _builder_version=&#8221;4.16&#8243; background_size=&#8221;initial&#8221; background_position=&#8221;top_left&#8221; background_repeat=&#8221;repeat&#8221; custom_padding=&#8221;13px|0px|0px|0px&#8221; global_colors_info=&#8221;{}&#8221;][et_pb_column type=&#8221;1_4&#8243; _builder_version=&#8221;4.16&#8243; custom_padding=&#8221;|||&#8221; global_colors_info=&#8221;{}&#8221; custom_padding__hover=&#8221;|||&#8221;][et_pb_text _builder_version=&#8221;4.23.4&#8243; global_colors_info=&#8221;{}&#8221;]<\/p>\n<h3>Turun kauppakorkeakoulun johtokunta 2025-2026<\/h3>\n<p>Kerttu Hurvi (Kasperi Paassilta)<br \/>Markus Miilunpalo (Ville V\u00e4\u00e4n\u00e4nen)<br \/>Robert Vehma (Laura Rastas Jansson)<br \/>Ossi Ryyn\u00e4nen (<span data-sheets-root=\"1\">Kahawalage Pimali Tania Wijerathna<\/span>)<\/p>\n<p>[\/et_pb_text][et_pb_text _builder_version=&#8221;4.27.4&#8243; width=&#8221;100%&#8221; custom_padding=&#8221;|0px||||&#8221; global_colors_info=&#8221;{}&#8221;]<\/p>\n<h3>Koulutuksen kehitt\u00e4mistoimi-kunta<\/h3>\n<p>Juho Virolainen (Maria Kekkonen)<br \/>Markus Miilunpalo (Eero Vitikainen)<br \/>Robert Vehma (Kaarlo Noponen)<\/p>\n<p>[\/et_pb_text][\/et_pb_column][et_pb_column type=&#8221;1_4&#8243; _builder_version=&#8221;4.16&#8243; custom_padding=&#8221;|||&#8221; global_colors_info=&#8221;{}&#8221; custom_padding__hover=&#8221;|||&#8221;][et_pb_text _builder_version=&#8221;4.27.5&#8243; width=&#8221;100%&#8221; custom_padding=&#8221;|0px||||&#8221; global_colors_info=&#8221;{}&#8221;]<\/p>\n<h3>Turun kauppakorkeakoulun opetustaitotoimi-kunta<\/h3>\n<p>Maria Kekkonen (Kaarlo Noponen)<br \/>Juho Virolainen (Noora Tuomela)<\/p>\n<p>[\/et_pb_text][et_pb_text _builder_version=&#8221;4.27.4&#8243; global_colors_info=&#8221;{}&#8221;]<\/p>\n<h3>Turun kauppakorkeakoulun laajennettu johtoryhm\u00e4<\/h3>\n<p>Emma Torniainen<br \/>Juho Virolainen<\/p>\n<p>[\/et_pb_text][et_pb_text _builder_version=&#8221;4.27.4&#8243; global_colors_info=&#8221;{}&#8221;]<\/p>\n<h3>Suomen Ekonomien puheenjohtaja-verkosto<\/h3>\n<p>Emma Torniainen<\/p>\n<p>[\/et_pb_text][\/et_pb_column][et_pb_column type=&#8221;1_4&#8243; _builder_version=&#8221;4.16&#8243; custom_padding=&#8221;|||&#8221; global_colors_info=&#8221;{}&#8221; custom_padding__hover=&#8221;|||&#8221;][et_pb_text _builder_version=&#8221;4.27.5&#8243; global_colors_info=&#8221;{}&#8221;]<\/p>\n<h3>Opiskelijavalinta-<\/h3>\n<h3>toimikunta<\/h3>\n<p>Juho Virolainen<br \/>Elsa Jalkanen (varaj\u00e4sen)<br \/>Pihla Niemel\u00e4 (varaj\u00e4sen)<\/p>\n<p>[\/et_pb_text][et_pb_text _builder_version=&#8221;4.27.5&#8243; global_colors_info=&#8221;{}&#8221;]<\/p>\n<h3>Turun yliopiston yliopistokollegio 2025-2026<\/h3>\n<p>Tuomas Alm (Ossi Ryyn\u00e4nen)<br \/>Katie Astin (Aleksi Suro)<\/p>\n<p>Markus Miilunpalo (varaj\u00e4sen)<\/p>\n<p>[\/et_pb_text][et_pb_text _builder_version=&#8221;4.23.4&#8243; custom_margin=&#8221;|-7px||||&#8221; global_colors_info=&#8221;{}&#8221;]<\/p>\n<h3>Yritys- ja yhteiskuntasuhteiden toimikunta<\/h3>\n<p>Vladislava Silkina<\/p>\n<p>[\/et_pb_text][\/et_pb_column][et_pb_column type=&#8221;1_4&#8243; _builder_version=&#8221;4.16&#8243; custom_padding=&#8221;|||&#8221; global_colors_info=&#8221;{}&#8221; custom_padding__hover=&#8221;|||&#8221;][et_pb_text _builder_version=&#8221;4.27.4&#8243; global_colors_info=&#8221;{}&#8221;]<\/p>\n<h3>Suomen Ekonomien liittokokous<\/h3>\n<p>Emma Torniainen<\/p>\n<p>[\/et_pb_text][et_pb_text _builder_version=&#8221;4.27.4&#8243; global_colors_info=&#8221;{}&#8221;]<\/p>\n<h3>Ruokalan asiakastoimikunta<\/h3>\n<p>Helmi Kojonen<br \/>Maria Kekkonen<br \/>Oskar M\u00e4kel\u00e4<\/p>\n<p>[\/et_pb_text][et_pb_text _builder_version=&#8221;4.27.4&#8243; global_colors_info=&#8221;{}&#8221;]<\/p>\n<h3>Turun kauppakorkeakoulun alumnitoimikunta<\/h3>\n<p>Ilkka Pulkkinen<\/p>\n<p>[\/et_pb_text][\/et_pb_column][\/et_pb_row][\/et_pb_section][et_pb_section fb_built=&#8221;1&#8243; module_id=&#8221;tuky8&#8243; _builder_version=&#8221;4.16&#8243; global_colors_info=&#8221;{}&#8221;][et_pb_row _builder_version=&#8221;4.16&#8243; custom_padding=&#8221;4px|0px|19px|0px&#8221; global_colors_info=&#8221;{}&#8221;][et_pb_column type=&#8221;4_4&#8243; _builder_version=&#8221;4.16&#8243; custom_padding=&#8221;|||&#8221; global_colors_info=&#8221;{}&#8221; custom_padding__hover=&#8221;|||&#8221;][et_pb_text _builder_version=&#8221;4.16&#8243; global_colors_info=&#8221;{}&#8221;]<\/p>\n<h1>Tilat<\/h1>\n<p>[\/et_pb_text][\/et_pb_column][\/et_pb_row][et_pb_row column_structure=&#8221;2_5,3_5&#8243; _builder_version=&#8221;4.27.5&#8243; min_height=&#8221;903.2px&#8221; custom_margin=&#8221;|auto|-221px|auto||&#8221; custom_padding=&#8221;13px|0px|0px|0px||&#8221; global_colors_info=&#8221;{}&#8221;][et_pb_column type=&#8221;2_5&#8243; _builder_version=&#8221;4.27.5&#8243; custom_padding=&#8221;|||&#8221; global_colors_info=&#8221;{}&#8221; custom_padding__hover=&#8221;|||&#8221;][et_pb_text _builder_version=&#8221;4.16&#8243; global_colors_info=&#8221;{}&#8221;]<\/p>\n<h2>Monttu<\/h2>\n<p>Monttu on se paikka, joka tulee toimimaan opiskeluaikasimieleenpainuvimpien hetkien n\u00e4ytt\u00e4m\u00f6n\u00e4. Nyt emme puhu\u00a0romanttisista p\u00e4iv\u00e4llisist\u00e4, vaan illan viimeisist\u00e4 huuruisista\u00a0hetkist\u00e4. Kyseess\u00e4 on jo vuosikymmenien ajan opiskelijoiden kyltym\u00e4tt\u00f6mi\u00e4 hurvitteluhaluja tyydytt\u00e4nyt anniskeluravintola, joka toimii koulumme pohjakerroksessa.<\/p>\n<p>Monttu on yhdistyksemme kiistaton helmi. A-oikeuksin\u00a0varustettu baarimme tarjoaa juomia opiskelijayst\u00e4v\u00e4lliseen\u00a0hintaan, joten omat ev\u00e4\u00e4t ovat kiellettyj\u00e4. Montussa on juhlia vuoden ymp\u00e4ri, ja ensimm\u00e4isiin Monttubileisiin p\u00e4\u00e4set\u00a0kin tutustumaan jo opiskelujesi alkuvaiheessa.<\/p>\n<p>Tervetuloa Monttuun &#8211; meill\u00e4 on tunnelmaa, meill\u00e4 on\u00a0v\u00e4rivalot!<\/p>\n<p>[\/et_pb_text][\/et_pb_column][et_pb_column type=&#8221;3_5&#8243; _builder_version=&#8221;4.27.5&#8243; background_image=&#8221;https:\/\/www.tuky.fi\/wp-content\/uploads\/2017\/09\/Monttu_logo.png&#8221; custom_padding=&#8221;|||&#8221; global_colors_info=&#8221;{}&#8221; custom_padding__hover=&#8221;|||&#8221;][et_pb_image src=&#8221;https:\/\/www.tuky.fi\/wp-content\/uploads\/2017\/07\/14937328_137574833389608_6218980381570064708_n.png&#8221; title_text=&#8221;Monttu_Logo&#8221; align_tablet=&#8221;center&#8221; align_phone=&#8221;&#8221; align_last_edited=&#8221;on|desktop&#8221; _builder_version=&#8221;4.27.5&#8243; min_height=&#8221;460.2px&#8221; custom_margin=&#8221;||35px|||&#8221; custom_padding=&#8221;|||125px||&#8221; animation_style=&#8221;slide&#8221; animation_direction=&#8221;top&#8221; animation_duration=&#8221;500ms&#8221; animation_intensity_slide=&#8221;10%&#8221; global_colors_info=&#8221;{}&#8221;][\/et_pb_image][\/et_pb_column][\/et_pb_row][et_pb_row column_structure=&#8221;3_5,2_5&#8243; _builder_version=&#8221;4.27.5&#8243; custom_padding=&#8221;48px|0px|13px|0px&#8221; global_colors_info=&#8221;{}&#8221;][et_pb_column type=&#8221;3_5&#8243; _builder_version=&#8221;4.27.5&#8243; background_image=&#8221;https:\/\/www.tuky.fi\/wp-content\/uploads\/2022\/01\/parkkivaaka-scaled.jpg&#8221; custom_padding=&#8221;|||&#8221; global_colors_info=&#8221;{}&#8221; custom_padding__hover=&#8221;|||&#8221;][et_pb_image src=&#8221;https:\/\/www.tuky.fi\/wp-content\/uploads\/2022\/01\/parkkivaaka-scaled.jpg&#8221; title_text=&#8221;parkkivaaka&#8221; _builder_version=&#8221;4.27.5&#8243; _module_preset=&#8221;default&#8221; width=&#8221;100%&#8221; custom_margin=&#8221;|2px||||&#8221; global_colors_info=&#8221;{}&#8221;][\/et_pb_image][\/et_pb_column][et_pb_column type=&#8221;2_5&#8243; _builder_version=&#8221;4.16&#8243; custom_padding=&#8221;|||&#8221; global_colors_info=&#8221;{}&#8221; custom_padding__hover=&#8221;|||&#8221;][et_pb_text _builder_version=&#8221;4.16&#8243; width=&#8221;100%&#8221; custom_padding=&#8221;||0px|0px||&#8221; global_colors_info=&#8221;{}&#8221;]<\/p>\n<h2>Parkki<\/h2>\n<p>Parkki on Turun KY:n ikioma talo, jossa j\u00e4rjestet\u00e4\u00e4n juhlia,\u00a0sitsej\u00e4, kisastudioita ja muita tapahtumia laidasta laitaan. Erityisen kuuluisaksi Parkki on tullut Montun bileiden jatkopaikkana. Vaikka Parkkia vuokrataan my\u00f6s ulkopuolisille, on se ennen kaikkea tehty TuKYl\u00e4isten k\u00e4ytt\u00f6\u00f6n. Jokainen toimijaryhm\u00e4 voi vapaasti ja ennen kaikkea ilmaiseksi varata Parkin k\u00e4ytt\u00f6\u00f6ns\u00e4 ja j\u00e4rjest\u00e4\u00e4 siell\u00e4 toimintaa joko alakerran juhlatilassa tai yl\u00e4kerran saunatiloissa ja kokoushuoneessa.<\/p>\n<p>Parkki on jo l\u00e4hes 20 vuotta vanha: ylioppilaskunta osti puutalon vuonna 1984. Vuosien bileiden ja bakkanaalien aika j\u00e4tti kuitenkin j\u00e4lkens\u00e4 vanhaan puutaloon, ja niinp\u00e4 vuonna 2006 se hyvin palvelleena p\u00e4\u00e4tettiin purkaa ja rakentaa tilalle uusi, uljaampi kerhotalo.<\/p>\n<p>[\/et_pb_text][\/et_pb_column][\/et_pb_row][\/et_pb_section]<\/p>\n","protected":false},"excerpt":{"rendered":"<p>Me Turun kauppatieteiden ylioppilaat ry (Turun KY) on Turun kauppakorkeakoulussa opiskelevien kauppatieteilij\u00f6iden yhdistys. Yhdistyksen tarkoituksena on toimia Turun kauppakorkeakoulun kyltereiden yhdyssiteen\u00e4, valvoa heid\u00e4n etujaan kauppakorkeakoulussa ja ylioppilaskunnassa sek\u00e4 tarjota unohtumatonta [&hellip;]<\/p>\n","protected":false},"author":1,"featured_media":0,"parent":0,"menu_order":0,"comment_status":"closed","ping_status":"closed","template":"","meta":{"_et_pb_use_builder":"on","_et_pb_old_content":"Turun kauppatieteiden ylioppilaat ry (TuKY) on yhdistys, joka ker\u00e4\u00e4 kaikki Turun kauppakorkeakoulussa opiskelevat kauppatieteilij\u00e4t eli kylterit yhteen. TuKY ry on perustettu jatkamaan Turun kauppakorkeakoulun ylioppilaskunnan toimintaa ja perinteit\u00e4 uudessa yliopistossa sek\u00e4 ylioppilaskunnassa. Yliopistojen yhdistymisen my\u00f6t\u00e4 on haluttu luoda yhteis\u00f6, jossa kauppatieteilij\u00e4t voivat saada omaan alaansa liittyvi\u00e4 palveluja, edunvalvontaa sek\u00e4 muita etuja. Yhdistyksen virallisena tarkoituksena on toimia kylterien yhdyssiteen\u00e4 ja edist\u00e4\u00e4 heid\u00e4n yhteiskunnallisia, ammatillisia sosiaalisia ja henkisi\u00e4 pyrkimyksi\u00e4\u00e4n.\n<h3>Miten TuKY ry toimii ja mit\u00e4 se tekee?<\/h3>\nTuKY ry:n toiminta toteutuu sen eri jaostojen kautta. Ulkkis, NESU, Kulttis, KY-Sport sek\u00e4 Media-Klubi j\u00e4rjest\u00e4v\u00e4t monipuolista toimintaa. Jokaisen jaoston, kuten my\u00f6s muiden ylioppilaskunnan toimijaryhmien, toiminta on kaikille avointa.\n\nTuKY ry on rekister\u00f6ity yhdistys ja sen ylint\u00e4 p\u00e4\u00e4t\u00f6svaltaa k\u00e4ytt\u00e4v\u00e4t j\u00e4senet yhdistyksen kokouksissa, joita pidet\u00e4\u00e4n kahdesti vuodessa. Yhdistyksen syyskokouksessa loka-marraskuussa valitaan TuKY:n hallitus, joka vastaa yhdistyksen p\u00e4ivitt\u00e4isest\u00e4 toiminnasta.\n<h3>Miksi liitty\u00e4 TuKY ry:seen?<\/h3>\nVain TuKY ry:n j\u00e4senet p\u00e4\u00e4sev\u00e4t nauttimaan yhdistyksen tarjoamista palveluista, eduista ja toiminnasta. Yhdistyksen j\u00e4senen\u00e4 saat my\u00f6s alennusta TuKY ry:n j\u00e4rjest\u00e4mist\u00e4 tapahtumista. TuKY my\u00f6s valvoo etujasi korkeakoulumme sis\u00e4ll\u00e4. Jos siis tenttituloksesi viipyv\u00e4t, kurssin laatu ei vastaa odotuksiasi tai kurssin vet\u00e4j\u00e4 kohtelee sinua ep\u00e4oikeudenmukaisesti voit ottaa yhteytt\u00e4 TuKY:n hallitukseen.\n<h3>Miten liitty\u00e4 TuKY ry:seen?<\/h3>\nLiittyminen TuKY ry:seen tapahtuu 1.7.2009 alkaen Suomen ekonomiliiton eli SEFE:n kautta osoitteessa\u00a0<a href=\"http:\/\/www.sefe.fi\/portal\/fi\/kylterijasenyys\/\" target=\"_blank\" rel=\"noopener\">http:\/\/www.sefe.fi\/portal\/fi\/kylterijasenyys\/<\/a>. Liittyminen maksaa 40 euroa, mutta sill\u00e4 varmistat j\u00e4senyytesi valmistumiseesi asti!\n<h4>Lis\u00e4tietoa TuKY ry:st\u00e4:<\/h4>\n<h4>TuKY ry:n s\u00e4\u00e4nn\u00f6t:<\/h4>","_et_gb_content_width":"","footnotes":""},"class_list":["post-21626","page","type-page","status-publish","hentry"],"yoast_head":"<!-- This site is optimized with the Yoast SEO plugin v27.2 - https:\/\/yoast.com\/product\/yoast-seo-wordpress\/ -->\n<title>Turun KY - Meist\u00e4<\/title>\n<meta name=\"description\" content=\"Mik\u00e4 on Turun KY? Turun KY:n toiminta, hallitus ja luottamushenkil\u00f6t.\" \/>\n<meta name=\"robots\" content=\"index, follow, max-snippet:-1, max-image-preview:large, max-video-preview:-1\" \/>\n<link rel=\"canonical\" href=\"https:\/\/www.tuky.fi\/etusivu\/turun-ky\/\" \/>\n<meta property=\"og:locale\" content=\"fi_FI\" \/>\n<meta property=\"og:type\" content=\"article\" \/>\n<meta property=\"og:title\" content=\"Turun KY - Meist\u00e4\" \/>\n<meta property=\"og:description\" content=\"Mik\u00e4 on Turun KY? Turun KY:n toiminta, hallitus ja luottamushenkil\u00f6t.\" \/>\n<meta property=\"og:url\" content=\"https:\/\/www.tuky.fi\/etusivu\/turun-ky\/\" \/>\n<meta property=\"og:site_name\" content=\"Turun KY\" \/>\n<meta property=\"article:modified_time\" content=\"2026-04-16T16:42:38+00:00\" \/>\n<meta name=\"twitter:card\" content=\"summary_large_image\" \/>\n<meta name=\"twitter:label1\" content=\"Arvioitu lukuaika\" \/>\n\t<meta name=\"twitter:data1\" content=\"14 minuuttia\" \/>\n<script type=\"application\/ld+json\" class=\"yoast-schema-graph\">{\"@context\":\"https:\/\/schema.org\",\"@graph\":[{\"@type\":\"WebPage\",\"@id\":\"https:\/\/www.tuky.fi\/etusivu\/turun-ky\/\",\"url\":\"https:\/\/www.tuky.fi\/etusivu\/turun-ky\/\",\"name\":\"Turun KY - Meist\u00e4\",\"isPartOf\":{\"@id\":\"https:\/\/www.tuky.fi\/etusivu\/#website\"},\"datePublished\":\"2017-07-04T16:45:00+00:00\",\"dateModified\":\"2026-04-16T16:42:38+00:00\",\"description\":\"Mik\u00e4 on Turun KY? Turun KY:n toiminta, hallitus ja luottamushenkil\u00f6t.\",\"breadcrumb\":{\"@id\":\"https:\/\/www.tuky.fi\/etusivu\/turun-ky\/#breadcrumb\"},\"inLanguage\":\"fi\",\"potentialAction\":[{\"@type\":\"ReadAction\",\"target\":[\"https:\/\/www.tuky.fi\/etusivu\/turun-ky\/\"]}]},{\"@type\":\"BreadcrumbList\",\"@id\":\"https:\/\/www.tuky.fi\/etusivu\/turun-ky\/#breadcrumb\",\"itemListElement\":[{\"@type\":\"ListItem\",\"position\":1,\"name\":\"Etusivu\",\"item\":\"https:\/\/www.tuky.fi\/etusivu\/\"},{\"@type\":\"ListItem\",\"position\":2,\"name\":\"Meist\u00e4\"}]},{\"@type\":\"WebSite\",\"@id\":\"https:\/\/www.tuky.fi\/etusivu\/#website\",\"url\":\"https:\/\/www.tuky.fi\/etusivu\/\",\"name\":\"Turun KY\",\"description\":\"TuKY\",\"publisher\":{\"@id\":\"https:\/\/www.tuky.fi\/etusivu\/#organization\"},\"alternateName\":\"TuKY\",\"potentialAction\":[{\"@type\":\"SearchAction\",\"target\":{\"@type\":\"EntryPoint\",\"urlTemplate\":\"https:\/\/www.tuky.fi\/etusivu\/?s={search_term_string}\"},\"query-input\":{\"@type\":\"PropertyValueSpecification\",\"valueRequired\":true,\"valueName\":\"search_term_string\"}}],\"inLanguage\":\"fi\"},{\"@type\":\"Organization\",\"@id\":\"https:\/\/www.tuky.fi\/etusivu\/#organization\",\"name\":\"Turun KY\",\"alternateName\":\"TuKY\",\"url\":\"https:\/\/www.tuky.fi\/etusivu\/\",\"logo\":{\"@type\":\"ImageObject\",\"inLanguage\":\"fi\",\"@id\":\"https:\/\/www.tuky.fi\/etusivu\/#\/schema\/logo\/image\/\",\"url\":\"https:\/\/www.tuky.fi\/wp-content\/uploads\/2024\/09\/TuKY-logo-kulta-1.png\",\"contentUrl\":\"https:\/\/www.tuky.fi\/wp-content\/uploads\/2024\/09\/TuKY-logo-kulta-1.png\",\"width\":1080,\"height\":1080,\"caption\":\"Turun KY\"},\"image\":{\"@id\":\"https:\/\/www.tuky.fi\/etusivu\/#\/schema\/logo\/image\/\"},\"sameAs\":[\"https:\/\/instagram.com\/turunky\",\"https:\/\/linkedin.com\/turunky\"]}]}<\/script>\n<!-- \/ Yoast SEO plugin. -->","yoast_head_json":{"title":"Turun KY - Meist\u00e4","description":"Mik\u00e4 on Turun KY? Turun KY:n toiminta, hallitus ja luottamushenkil\u00f6t.","robots":{"index":"index","follow":"follow","max-snippet":"max-snippet:-1","max-image-preview":"max-image-preview:large","max-video-preview":"max-video-preview:-1"},"canonical":"https:\/\/www.tuky.fi\/etusivu\/turun-ky\/","og_locale":"fi_FI","og_type":"article","og_title":"Turun KY - Meist\u00e4","og_description":"Mik\u00e4 on Turun KY? Turun KY:n toiminta, hallitus ja luottamushenkil\u00f6t.","og_url":"https:\/\/www.tuky.fi\/etusivu\/turun-ky\/","og_site_name":"Turun KY","article_modified_time":"2026-04-16T16:42:38+00:00","twitter_card":"summary_large_image","twitter_misc":{"Arvioitu lukuaika":"14 minuuttia"},"schema":{"@context":"https:\/\/schema.org","@graph":[{"@type":"WebPage","@id":"https:\/\/www.tuky.fi\/etusivu\/turun-ky\/","url":"https:\/\/www.tuky.fi\/etusivu\/turun-ky\/","name":"Turun KY - Meist\u00e4","isPartOf":{"@id":"https:\/\/www.tuky.fi\/etusivu\/#website"},"datePublished":"2017-07-04T16:45:00+00:00","dateModified":"2026-04-16T16:42:38+00:00","description":"Mik\u00e4 on Turun KY? Turun KY:n toiminta, hallitus ja luottamushenkil\u00f6t.","breadcrumb":{"@id":"https:\/\/www.tuky.fi\/etusivu\/turun-ky\/#breadcrumb"},"inLanguage":"fi","potentialAction":[{"@type":"ReadAction","target":["https:\/\/www.tuky.fi\/etusivu\/turun-ky\/"]}]},{"@type":"BreadcrumbList","@id":"https:\/\/www.tuky.fi\/etusivu\/turun-ky\/#breadcrumb","itemListElement":[{"@type":"ListItem","position":1,"name":"Etusivu","item":"https:\/\/www.tuky.fi\/etusivu\/"},{"@type":"ListItem","position":2,"name":"Meist\u00e4"}]},{"@type":"WebSite","@id":"https:\/\/www.tuky.fi\/etusivu\/#website","url":"https:\/\/www.tuky.fi\/etusivu\/","name":"Turun KY","description":"TuKY","publisher":{"@id":"https:\/\/www.tuky.fi\/etusivu\/#organization"},"alternateName":"TuKY","potentialAction":[{"@type":"SearchAction","target":{"@type":"EntryPoint","urlTemplate":"https:\/\/www.tuky.fi\/etusivu\/?s={search_term_string}"},"query-input":{"@type":"PropertyValueSpecification","valueRequired":true,"valueName":"search_term_string"}}],"inLanguage":"fi"},{"@type":"Organization","@id":"https:\/\/www.tuky.fi\/etusivu\/#organization","name":"Turun KY","alternateName":"TuKY","url":"https:\/\/www.tuky.fi\/etusivu\/","logo":{"@type":"ImageObject","inLanguage":"fi","@id":"https:\/\/www.tuky.fi\/etusivu\/#\/schema\/logo\/image\/","url":"https:\/\/www.tuky.fi\/wp-content\/uploads\/2024\/09\/TuKY-logo-kulta-1.png","contentUrl":"https:\/\/www.tuky.fi\/wp-content\/uploads\/2024\/09\/TuKY-logo-kulta-1.png","width":1080,"height":1080,"caption":"Turun KY"},"image":{"@id":"https:\/\/www.tuky.fi\/etusivu\/#\/schema\/logo\/image\/"},"sameAs":["https:\/\/instagram.com\/turunky","https:\/\/linkedin.com\/turunky"]}]}},"lang":"fi","translations":{"fi":21626,"en":49251},"pll_sync_post":[],"_links":{"self":[{"href":"https:\/\/www.tuky.fi\/etusivu\/wp-json\/wp\/v2\/pages\/21626","targetHints":{"allow":["GET"]}}],"collection":[{"href":"https:\/\/www.tuky.fi\/etusivu\/wp-json\/wp\/v2\/pages"}],"about":[{"href":"https:\/\/www.tuky.fi\/etusivu\/wp-json\/wp\/v2\/types\/page"}],"author":[{"embeddable":true,"href":"https:\/\/www.tuky.fi\/etusivu\/wp-json\/wp\/v2\/users\/1"}],"replies":[{"embeddable":true,"href":"https:\/\/www.tuky.fi\/etusivu\/wp-json\/wp\/v2\/comments?post=21626"}],"version-history":[{"count":28,"href":"https:\/\/www.tuky.fi\/etusivu\/wp-json\/wp\/v2\/pages\/21626\/revisions"}],"predecessor-version":[{"id":53884,"href":"https:\/\/www.tuky.fi\/etusivu\/wp-json\/wp\/v2\/pages\/21626\/revisions\/53884"}],"wp:attachment":[{"href":"https:\/\/www.tuky.fi\/etusivu\/wp-json\/wp\/v2\/media?parent=21626"}],"curies":[{"name":"wp","href":"https:\/\/api.w.org\/{rel}","templated":true}]}}