{"id":12463,"date":"2014-10-27T18:15:39","date_gmt":"2014-10-27T16:15:39","guid":{"rendered":"http:\/\/tuky.fi\/?page_id=12463"},"modified":"2026-04-08T14:37:28","modified_gmt":"2026-04-08T11:37:28","slug":"kulttuuri-ja-perinnevastaava","status":"publish","type":"page","link":"https:\/\/www.tuky.fi\/etusivu\/kulttuuri-ja-perinnevastaava\/","title":{"rendered":"Kulttuuri- ja perinnevastaava"},"content":{"rendered":"<p>[et_pb_section fb_built=&#8221;1&#8243; admin_label=&#8221;section&#8221; _builder_version=&#8221;4.16&#8243; global_colors_info=&#8221;{}&#8221;][et_pb_row _builder_version=&#8221;4.27.4&#8243; _module_preset=&#8221;default&#8221;][et_pb_column _builder_version=&#8221;4.27.4&#8243; _module_preset=&#8221;default&#8221; type=&#8221;4_4&#8243;][et_pb_text _builder_version=&#8221;4.27.4&#8243; _module_preset=&#8221;default&#8221; hover_enabled=&#8221;0&#8243; sticky_enabled=&#8221;0&#8243;]<\/p>\n<p>In Eglish below.<\/p>\n<p>[\/et_pb_text][\/et_pb_column][\/et_pb_row][et_pb_row column_structure=&#8221;3_4,1_4&#8243; _builder_version=&#8221;4.16&#8243; global_colors_info=&#8221;{}&#8221; custom_padding=&#8221;||118px|||&#8221;][et_pb_column type=&#8221;3_4&#8243; _builder_version=&#8221;4.16&#8243; custom_padding=&#8221;|||&#8221; global_colors_info=&#8221;{}&#8221; custom_padding__hover=&#8221;|||&#8221;][et_pb_text _builder_version=&#8221;4.27.4&#8243; hover_enabled=&#8221;0&#8243; global_colors_info=&#8221;{}&#8221; sticky_enabled=&#8221;0&#8243;]<\/p>\n<h1>Kulttuuri- ja perinnevastaava<\/h1>\n<p>&nbsp;<\/p>\n<h4><span style=\"color: #000000;\">Mit\u00e4 hallituspestiini kuuluu?<\/span><\/h4>\n<p><span style=\"color: #000000;\"><\/span><\/p>\n<p><span style=\"font-weight: 400;\">Kulttuuri- ja perinnevastaava johtaa tittelins\u00e4 mukaisesti Turun KY:n kulttuurisektoria. Kulttuuri- ja perinnevastaavan pestiin kuuluu paljon muutakin kuin kulttuurijaoston puheenjohtajana toimiminen, vaikka se onkin suuri osa pesti\u00e4.<\/span><\/p>\n<p><span style=\"font-weight: 400;\">Kulttuurivastaava on vastuussa Turun KY:n vuosijuhlien sek\u00e4 TuKY-Speksin toteutumisesta, eli esimerkiksi hakee n\u00e4ille tuottajat sek\u00e4 tukee projektien j\u00e4rjest\u00e4j\u00e4tiimej\u00e4. Lis\u00e4ksi kulttuurivastaava istuu mandaattipaikalla huomionosoitustoimikunnassa, joka valmistelee ehdotukset huomionosoitusten saajista.<\/span><\/p>\n<p><span style=\"font-weight: 400;\">Kulttuuri- ja perinnevastaava j\u00e4rjest\u00e4\u00e4 historiaan ja perinteisiin liittyen juhlallisia tapahtumia, kuten vuosijuhlakauden avajaiset yhteisty\u00f6ss\u00e4 sosiaalipoliittisen vastaavan kanssa sek\u00e4 ylioppilaskuntien yhdistymisen vuosip\u00e4iv\u00e4n juhlallisuudet yhdess\u00e4 TYYn hallituksen kanssa.<\/span><\/p>\n<p><span style=\"font-weight: 400;\">Mit\u00e4 tulee kulttuurijaostoon, Kulttis j\u00e4rjest\u00e4\u00e4 sek\u00e4 perinteisi\u00e4 ett\u00e4 uusia, kulttuuriin liittyvi\u00e4 tapahtumia. K\u00e4yt\u00e4nn\u00f6ss\u00e4 Kulttiksen puheenjohtajana p\u00e4\u00e4see vapaasti tuottamaan juuri sellaisia kulttuuritapahtumia jaostonsa kanssa, joista on itse aina haaveillut. Puheenjohtajana jaoston toimintaa p\u00e4\u00e4see viem\u00e4\u00e4n tekij\u00f6idens\u00e4 n\u00e4k\u00f6iseen suuntaan ja esimerkiksi tekem\u00e4\u00e4n yhteisty\u00f6t\u00e4 eri sidosryhmien kanssa.<\/span><\/p>\n<p><span style=\"font-weight: 400;\">Edell\u00e4mainitun toiminnan lis\u00e4ksi kaikki TuKYn hallituksen j\u00e4senet osallistuvat hallitustoimintaan, joka k\u00e4sitt\u00e4\u00e4 niin edunvalvontaa, edustamista, p\u00e4\u00e4t\u00f6ksentekoa kuin tapahtumien j\u00e4rjest\u00e4mist\u00e4kin.<\/span><\/p>\n<p><span style=\"font-weight: 400;\">Jos jokin j\u00e4i viel\u00e4 mietitytt\u00e4m\u00e4\u00e4n, laitathan s\u00e4hk\u00f6postia osoitteeseen kulttuuri@tuky.fi. Tsemppi\u00e4 hakuun! &lt;3<\/span><\/p>\n<p>&nbsp;<\/p>\n<p><b style=\"color: #000000;\"><br style=\"font-weight: 400;\" \/>Kysymykset:<\/b><\/p>\n<p><b><\/b><\/p>\n<p><strong>Yleiset:<\/strong><\/p>\n<ol>\n<li style=\"font-weight: 400;\" aria-level=\"1\"><span style=\"font-weight: 400;\">Nimi ja vuosikurssi<\/span><\/li>\n<li style=\"font-weight: 400;\" aria-level=\"1\"><span style=\"font-weight: 400;\">Aktiivisuutesi Turun KY:ll\u00e4 ja muut aiemmat luottamustoimet?<\/span><\/li>\n<li style=\"font-weight: 400;\" aria-level=\"1\"><span style=\"font-weight: 400;\">Ensi vuoden suunnitelmasi (ts. muut mahdolliset p\u00e4\u00e4llekk\u00e4iset projektit)<\/span><\/li>\n<\/ol>\n<p><span><\/span><\/p>\n<p><strong>Sektorikohtaiset:<\/strong><strong><\/strong><\/p>\n<ol>\n<li style=\"font-weight: 400;\" aria-level=\"1\"><span style=\"font-weight: 400;\">Mik\u00e4 motivoi sinua hakemaan kulttuuri- ja perinnevastaavaksi?<\/span><\/li>\n<li style=\"font-weight: 400;\" aria-level=\"1\"><span style=\"font-weight: 400;\">Millaiseksi koet TuKYn kulttuurisektorin toiminnan t\u00e4ll\u00e4 hetkell\u00e4 ja miten sit\u00e4 voisi kehitt\u00e4\u00e4?<\/span><\/li>\n<li style=\"font-weight: 400;\" aria-level=\"1\"><span style=\"font-weight: 400;\">Kulttiksella on t\u00e4rke\u00e4 rooli TuKYn tapahtumakent\u00e4ss\u00e4, joka on kuitenkin hyvin laaja. Miten varmistat, ett\u00e4 Kulttis erottuu jatkossakin selke\u00e4sti muista tapahtumanj\u00e4rjest\u00e4jist\u00e4?<\/span><\/li>\n<\/ol>\n<p>[\/et_pb_text][\/et_pb_column][et_pb_column type=&#8221;1_4&#8243; _builder_version=&#8221;4.16&#8243; custom_padding=&#8221;|||&#8221; global_colors_info=&#8221;{}&#8221; custom_padding__hover=&#8221;|||&#8221;][et_pb_team_member name=&#8221;Anna Helin&#8221; position=&#8221;Kulttuuri- ja perinnevastaava&#8221; image_url=&#8221;https:\/\/www.tuky.fi\/wp-content\/uploads\/2025\/03\/Anna-Helin-scaled.jpg&#8221; _builder_version=&#8221;4.27.4&#8243; header_text_color=&#8221;#000000&#8243; global_colors_info=&#8221;{}&#8221;]<\/p>\n<p>kulttuuri@tuky.fi<\/p>\n<p>[\/et_pb_team_member][\/et_pb_column][\/et_pb_row][et_pb_row column_structure=&#8221;3_4,1_4&#8243; _builder_version=&#8221;4.16&#8243; global_colors_info=&#8221;{}&#8221;][et_pb_column type=&#8221;3_4&#8243; _builder_version=&#8221;4.16&#8243; custom_padding=&#8221;|||&#8221; global_colors_info=&#8221;{}&#8221; custom_padding__hover=&#8221;|||&#8221;][et_pb_text _builder_version=&#8221;4.27.4&#8243; hover_enabled=&#8221;0&#8243; global_colors_info=&#8221;{}&#8221; sticky_enabled=&#8221;0&#8243;]<\/p>\n<h1>Head of Culture and Traditions<\/h1>\n<p>&nbsp;<\/p>\n<h4><span style=\"color: #000000;\">What does my board position include?<\/span><\/h4>\n<p><span style=\"color: #000000;\"><\/span><\/p>\n<p><span style=\"font-weight: 400;\">The Head of Culture and Traditions is, true to the title, responsible for leading the cultural sector of Turun KY. The position includes much more than just acting as the chair of The Cultural Committee, although that is a major part of the role.<\/span><\/p>\n<p><span style=\"font-weight: 400;\">The Head of Culture and Traditions is responsible for organizing Turun KY\u2019s Annual Ball and TuKY-Speksi, meaning they are responsible for recruiting producers for these projects and supporting the organizing teams throughout the process. In addition, The Head of Culture and Traditions holds a mandated seat in The Honorary Committee, which prepares proposals for recipients of acknowledgements and awards.<\/span><\/p>\n<p><span style=\"font-weight: 400;\">The Head of Culture and Traditions also organizes formal events related to the association\u2019s history and traditions, such as The Opening of the Annual Ball Season (in cooperation with The Head of Social Affairs) and the Anniversary Celebration of the Student Unions\u2019 Merger together with the TYY Board.<\/span><\/p>\n<p><span style=\"font-weight: 400;\">As for The Cultural Committee, Kulttis organizes both traditional and new culture-related events. As the chair of the committee, you have the freedom to produce exactly the kinds of cultural events you and your committee have always dreamed of. The chairperson has the opportunity to guide the committee\u2019s activities in a direction that reflects its members\u2019 ideas and to collaborate with various stakeholders.<\/span><\/p>\n<p><span style=\"font-weight: 400;\">In addition to the above, all members of Turku KY\u2019s Board participate in general board work, which includes advocacy, representation, decision-making, and event organization.<\/span><\/p>\n<p><span style=\"font-weight: 400;\">If you have any questions, please don\u2019t hesitate to email me via kulttuuri@tuky.fi. Good luck with the application process! &lt;3<\/span><\/p>\n<p>&nbsp;<\/p>\n<p>&nbsp;<\/p>\n<p><b style=\"color: #000000;\"><br style=\"font-weight: 400;\" \/>Questions:<\/b><\/p>\n<p><b><\/b><\/p>\n<p><strong>General:<\/strong><\/p>\n<ol>\n<li><span>Your name and class? <\/span><\/li>\n<li><span>Your activity within Turun KY and other previous positions of trust:<\/span><\/li>\n<li><span>Your plans for the upcoming year (i.e. any other potential overlapping projects):<\/span><\/li>\n<\/ol>\n<p><span><\/span><\/p>\n<p><strong>Sector-specific:<\/strong><strong><\/strong><\/p>\n<ol>\n<li style=\"font-weight: 400;\" aria-level=\"1\"><span style=\"font-weight: 400;\">What is your motivation for applying to be The Head of Culture and Traditions?<\/span><\/li>\n<li style=\"font-weight: 400;\" aria-level=\"1\"><span style=\"font-weight: 400;\">How do you perceive TuKY\u2019s cultural sector at the moment and how could it be developed?<\/span><\/li>\n<li style=\"font-weight: 400;\" aria-level=\"1\"><span style=\"font-weight: 400;\">Kulttis has an important role in the event field of TuKY, which is very broad. How do you make sure that Kulttis continues to stand out from other event organizers?<\/span><\/li>\n<\/ol>\n<p>[\/et_pb_text][\/et_pb_column][et_pb_column type=&#8221;1_4&#8243; _builder_version=&#8221;4.16&#8243; custom_padding=&#8221;|||&#8221; global_colors_info=&#8221;{}&#8221; custom_padding__hover=&#8221;|||&#8221;][et_pb_team_member name=&#8221;Anna Helin&#8221; position=&#8221;Kulttuuri- ja perinnevastaava&#8221; image_url=&#8221;https:\/\/www.tuky.fi\/wp-content\/uploads\/2025\/03\/Anna-Helin-scaled.jpg&#8221; _builder_version=&#8221;4.27.4&#8243; header_text_color=&#8221;#000000&#8243; global_colors_info=&#8221;{}&#8221;]<\/p>\n<p>kulttuuri@tuky.fi<\/p>\n<p>[\/et_pb_team_member][\/et_pb_column][\/et_pb_row][\/et_pb_section]<\/p>\n","protected":false},"excerpt":{"rendered":"<p>In Eglish below.Kulttuuri- ja perinnevastaava &nbsp; Mit\u00e4 hallituspestiini kuuluu? Kulttuuri- ja perinnevastaava johtaa tittelins\u00e4 mukaisesti Turun KY:n kulttuurisektoria. Kulttuuri- ja perinnevastaavan pestiin kuuluu paljon muutakin kuin kulttuurijaoston puheenjohtajana toimiminen, vaikka [&hellip;]<\/p>\n","protected":false},"author":1,"featured_media":15883,"parent":0,"menu_order":5,"comment_status":"open","ping_status":"open","template":"","meta":{"_et_pb_use_builder":"on","_et_pb_old_content":"\u00a0\r\n\r\n[caption id=\"attachment_17785\" align=\"aligncenter\" width=\"230\"]<img class=\"wp-image-17785\" src=\"http:\/\/turunky.fi\/wordpress\/wp-content\/uploads\/2016\/02\/Mave2-840x1024.jpg\" alt=\"Mave2\" width=\"230\" height=\"281\" \/> Eveliina Mauno[\/caption]\r\n\r\n\u00a0\r\n\r\n<strong>Mit\u00e4 hallituspestiini kuuluu?<\/strong>\r\n\r\nKulttuuri- ja perinnevastaava on tittelin mukaisesti vastuussa perinteiden vaalimisesta ja kulttuuritarjonnasta Turun KY:ss\u00e4. Kulttuuri- ja perinnevastaavan pestiin kuuluu paljon muutakin kuin kulttuurijaoston puheenjohtajana toimiminen, vaikka se onkin yksi suuri osa pesti\u00e4.\r\n\r\nKulttuurivastaava on loppuk\u00e4dess\u00e4 vastuussa vuosijuhlien sek\u00e4 speksin toteutumisesta, eli kulttuurivastaavan hommana on hakea tuottajat tapahtumille ja varmistaa, ett\u00e4 kaikki sujuu hyvin.\r\n\r\nPestiin kuuluu siis historia ja perinteet, joista esimerkkin\u00e4 kulttuuri- ja perinnevastaava j\u00e4rjest\u00e4\u00e4 juhlallisia tapahtumia, kuten vuosijuhlaviikon avajaiset ja pupujen lakitustilaisuuden sek\u00e4 ylioppilaskuntien yhdistymisen vuosip\u00e4iv\u00e4n juhlallisuudet. Lis\u00e4ksi kulttuurivastaavalla on mandaattipaikka huomionosoitustoimikunnassa.\r\n\r\nMit\u00e4 tulee kultturijaostoon, Kulttis j\u00e4rjest\u00e4\u00e4 perinteisi\u00e4 ja uusia tapahtumia, monipuolisia kulttuuriexcuja ja mit\u00e4 tahansa hauskaa kulttuuriaiheista tuleekaan mieleen. Kev\u00e4\u00e4ll\u00e4 j\u00e4rjestett\u00e4v\u00e4 Kulttuuriviikko on yksi suurimmista Kulttiksen vuosittain j\u00e4rjest\u00e4mist\u00e4 tapahtumista.\r\n\r\nN\u00e4iden lis\u00e4ksi kaikki TuKYn hallituksen j\u00e4senet osallistuvat hallitustoimintaan, joka k\u00e4sitt\u00e4\u00e4 niin edunvalvontaa, edustamista, p\u00e4\u00e4t\u00f6ksentekoa kuin kaikkea muutakin.\r\n\r\nMik\u00e4li sinulla on kysytt\u00e4v\u00e4\u00e4 hallituspestiini liittyen, voit laittaa s\u00e4hk\u00f6postia osoitteeseen<a href=\"mailto:kulttuuri@tuky.fi\">kulttuuri@tuky.fi<\/a>.\r\n\r\n[separator]\r\n\r\n<strong>Kysymykset:<\/strong>\r\n\r\nYleiset:\r\n\r\n1. Nimi ja vuosikurssi\r\n2. Aktiivisuutesi Turun KY:ll\u00e4 ja muut aiemmat luottamustoimet?\r\n3. Ensi vuoden suunnitelmasi\u00a0(ts. muut mahdolliset p\u00e4\u00e4llekk\u00e4iset projektit)\r\n\r\nSektorikohtaiset:\r\n\r\n1. Miten kehitt\u00e4isit Kulttuurijaoston toimintaa?\r\n2. Millaisena n\u00e4et kulttuurivastaavan toimenkuvan vuosijuhlien suhteen? Ent\u00e4 Speksin?\r\n3. Millainen olisi j\u00e4rjest\u00e4m\u00e4si aivan uusi kulttuuritapahtuma?\r\n4. Mitk\u00e4 asiat koet t\u00e4rkeimmiksi Turun KY:n perinteiss\u00e4?\r\n\r\n\u00a0","_et_gb_content_width":"","footnotes":""},"class_list":["post-12463","page","type-page","status-publish","has-post-thumbnail","hentry"],"yoast_head":"<!-- This site is optimized with the Yoast SEO plugin v27.2 - https:\/\/yoast.com\/product\/yoast-seo-wordpress\/ -->\n<title>Turun KY Kulttuuri- ja perinnevastaava<\/title>\n<meta name=\"robots\" content=\"index, follow, max-snippet:-1, max-image-preview:large, max-video-preview:-1\" \/>\n<link rel=\"canonical\" href=\"https:\/\/www.tuky.fi\/etusivu\/kulttuuri-ja-perinnevastaava\/\" \/>\n<meta property=\"og:locale\" content=\"fi_FI\" \/>\n<meta property=\"og:type\" content=\"article\" \/>\n<meta property=\"og:title\" content=\"Turun KY Kulttuuri- ja perinnevastaava\" \/>\n<meta property=\"og:description\" content=\"In Eglish below.Kulttuuri- ja perinnevastaava &nbsp; Mit\u00e4 hallituspestiini kuuluu? Kulttuuri- ja perinnevastaava johtaa tittelins\u00e4 mukaisesti Turun KY:n kulttuurisektoria. Kulttuuri- ja perinnevastaavan pestiin kuuluu paljon muutakin kuin kulttuurijaoston puheenjohtajana toimiminen, vaikka [&hellip;]\" \/>\n<meta property=\"og:url\" content=\"https:\/\/www.tuky.fi\/etusivu\/kulttuuri-ja-perinnevastaava\/\" \/>\n<meta property=\"og:site_name\" content=\"Turun KY\" \/>\n<meta property=\"article:modified_time\" content=\"2026-04-08T11:37:28+00:00\" \/>\n<meta name=\"twitter:card\" content=\"summary_large_image\" \/>\n<meta name=\"twitter:label1\" content=\"Arvioitu lukuaika\" \/>\n\t<meta name=\"twitter:data1\" content=\"3 minuuttia\" \/>\n<script type=\"application\/ld+json\" class=\"yoast-schema-graph\">{\"@context\":\"https:\/\/schema.org\",\"@graph\":[{\"@type\":\"WebPage\",\"@id\":\"https:\/\/www.tuky.fi\/etusivu\/kulttuuri-ja-perinnevastaava\/\",\"url\":\"https:\/\/www.tuky.fi\/etusivu\/kulttuuri-ja-perinnevastaava\/\",\"name\":\"Turun KY Kulttuuri- ja perinnevastaava\",\"isPartOf\":{\"@id\":\"https:\/\/www.tuky.fi\/etusivu\/#website\"},\"primaryImageOfPage\":{\"@id\":\"https:\/\/www.tuky.fi\/etusivu\/kulttuuri-ja-perinnevastaava\/#primaryimage\"},\"image\":{\"@id\":\"https:\/\/www.tuky.fi\/etusivu\/kulttuuri-ja-perinnevastaava\/#primaryimage\"},\"thumbnailUrl\":\"\",\"datePublished\":\"2014-10-27T16:15:39+00:00\",\"dateModified\":\"2026-04-08T11:37:28+00:00\",\"breadcrumb\":{\"@id\":\"https:\/\/www.tuky.fi\/etusivu\/kulttuuri-ja-perinnevastaava\/#breadcrumb\"},\"inLanguage\":\"fi\",\"potentialAction\":[{\"@type\":\"ReadAction\",\"target\":[\"https:\/\/www.tuky.fi\/etusivu\/kulttuuri-ja-perinnevastaava\/\"]}]},{\"@type\":\"ImageObject\",\"inLanguage\":\"fi\",\"@id\":\"https:\/\/www.tuky.fi\/etusivu\/kulttuuri-ja-perinnevastaava\/#primaryimage\",\"url\":\"\",\"contentUrl\":\"\"},{\"@type\":\"BreadcrumbList\",\"@id\":\"https:\/\/www.tuky.fi\/etusivu\/kulttuuri-ja-perinnevastaava\/#breadcrumb\",\"itemListElement\":[{\"@type\":\"ListItem\",\"position\":1,\"name\":\"Etusivu\",\"item\":\"https:\/\/www.tuky.fi\/etusivu\/\"},{\"@type\":\"ListItem\",\"position\":2,\"name\":\"Kulttuuri- ja perinnevastaava\"}]},{\"@type\":\"WebSite\",\"@id\":\"https:\/\/www.tuky.fi\/etusivu\/#website\",\"url\":\"https:\/\/www.tuky.fi\/etusivu\/\",\"name\":\"Turun KY\",\"description\":\"TuKY\",\"publisher\":{\"@id\":\"https:\/\/www.tuky.fi\/etusivu\/#organization\"},\"alternateName\":\"TuKY\",\"potentialAction\":[{\"@type\":\"SearchAction\",\"target\":{\"@type\":\"EntryPoint\",\"urlTemplate\":\"https:\/\/www.tuky.fi\/etusivu\/?s={search_term_string}\"},\"query-input\":{\"@type\":\"PropertyValueSpecification\",\"valueRequired\":true,\"valueName\":\"search_term_string\"}}],\"inLanguage\":\"fi\"},{\"@type\":\"Organization\",\"@id\":\"https:\/\/www.tuky.fi\/etusivu\/#organization\",\"name\":\"Turun KY\",\"alternateName\":\"TuKY\",\"url\":\"https:\/\/www.tuky.fi\/etusivu\/\",\"logo\":{\"@type\":\"ImageObject\",\"inLanguage\":\"fi\",\"@id\":\"https:\/\/www.tuky.fi\/etusivu\/#\/schema\/logo\/image\/\",\"url\":\"https:\/\/www.tuky.fi\/wp-content\/uploads\/2024\/09\/TuKY-logo-kulta-1.png\",\"contentUrl\":\"https:\/\/www.tuky.fi\/wp-content\/uploads\/2024\/09\/TuKY-logo-kulta-1.png\",\"width\":1080,\"height\":1080,\"caption\":\"Turun KY\"},\"image\":{\"@id\":\"https:\/\/www.tuky.fi\/etusivu\/#\/schema\/logo\/image\/\"},\"sameAs\":[\"https:\/\/instagram.com\/turunky\",\"https:\/\/linkedin.com\/turunky\"]}]}<\/script>\n<!-- \/ Yoast SEO plugin. -->","yoast_head_json":{"title":"Turun KY Kulttuuri- ja perinnevastaava","robots":{"index":"index","follow":"follow","max-snippet":"max-snippet:-1","max-image-preview":"max-image-preview:large","max-video-preview":"max-video-preview:-1"},"canonical":"https:\/\/www.tuky.fi\/etusivu\/kulttuuri-ja-perinnevastaava\/","og_locale":"fi_FI","og_type":"article","og_title":"Turun KY Kulttuuri- ja perinnevastaava","og_description":"In Eglish below.Kulttuuri- ja perinnevastaava &nbsp; Mit\u00e4 hallituspestiini kuuluu? Kulttuuri- ja perinnevastaava johtaa tittelins\u00e4 mukaisesti Turun KY:n kulttuurisektoria. Kulttuuri- ja perinnevastaavan pestiin kuuluu paljon muutakin kuin kulttuurijaoston puheenjohtajana toimiminen, vaikka [&hellip;]","og_url":"https:\/\/www.tuky.fi\/etusivu\/kulttuuri-ja-perinnevastaava\/","og_site_name":"Turun KY","article_modified_time":"2026-04-08T11:37:28+00:00","twitter_card":"summary_large_image","twitter_misc":{"Arvioitu lukuaika":"3 minuuttia"},"schema":{"@context":"https:\/\/schema.org","@graph":[{"@type":"WebPage","@id":"https:\/\/www.tuky.fi\/etusivu\/kulttuuri-ja-perinnevastaava\/","url":"https:\/\/www.tuky.fi\/etusivu\/kulttuuri-ja-perinnevastaava\/","name":"Turun KY Kulttuuri- ja perinnevastaava","isPartOf":{"@id":"https:\/\/www.tuky.fi\/etusivu\/#website"},"primaryImageOfPage":{"@id":"https:\/\/www.tuky.fi\/etusivu\/kulttuuri-ja-perinnevastaava\/#primaryimage"},"image":{"@id":"https:\/\/www.tuky.fi\/etusivu\/kulttuuri-ja-perinnevastaava\/#primaryimage"},"thumbnailUrl":"","datePublished":"2014-10-27T16:15:39+00:00","dateModified":"2026-04-08T11:37:28+00:00","breadcrumb":{"@id":"https:\/\/www.tuky.fi\/etusivu\/kulttuuri-ja-perinnevastaava\/#breadcrumb"},"inLanguage":"fi","potentialAction":[{"@type":"ReadAction","target":["https:\/\/www.tuky.fi\/etusivu\/kulttuuri-ja-perinnevastaava\/"]}]},{"@type":"ImageObject","inLanguage":"fi","@id":"https:\/\/www.tuky.fi\/etusivu\/kulttuuri-ja-perinnevastaava\/#primaryimage","url":"","contentUrl":""},{"@type":"BreadcrumbList","@id":"https:\/\/www.tuky.fi\/etusivu\/kulttuuri-ja-perinnevastaava\/#breadcrumb","itemListElement":[{"@type":"ListItem","position":1,"name":"Etusivu","item":"https:\/\/www.tuky.fi\/etusivu\/"},{"@type":"ListItem","position":2,"name":"Kulttuuri- ja perinnevastaava"}]},{"@type":"WebSite","@id":"https:\/\/www.tuky.fi\/etusivu\/#website","url":"https:\/\/www.tuky.fi\/etusivu\/","name":"Turun KY","description":"TuKY","publisher":{"@id":"https:\/\/www.tuky.fi\/etusivu\/#organization"},"alternateName":"TuKY","potentialAction":[{"@type":"SearchAction","target":{"@type":"EntryPoint","urlTemplate":"https:\/\/www.tuky.fi\/etusivu\/?s={search_term_string}"},"query-input":{"@type":"PropertyValueSpecification","valueRequired":true,"valueName":"search_term_string"}}],"inLanguage":"fi"},{"@type":"Organization","@id":"https:\/\/www.tuky.fi\/etusivu\/#organization","name":"Turun KY","alternateName":"TuKY","url":"https:\/\/www.tuky.fi\/etusivu\/","logo":{"@type":"ImageObject","inLanguage":"fi","@id":"https:\/\/www.tuky.fi\/etusivu\/#\/schema\/logo\/image\/","url":"https:\/\/www.tuky.fi\/wp-content\/uploads\/2024\/09\/TuKY-logo-kulta-1.png","contentUrl":"https:\/\/www.tuky.fi\/wp-content\/uploads\/2024\/09\/TuKY-logo-kulta-1.png","width":1080,"height":1080,"caption":"Turun KY"},"image":{"@id":"https:\/\/www.tuky.fi\/etusivu\/#\/schema\/logo\/image\/"},"sameAs":["https:\/\/instagram.com\/turunky","https:\/\/linkedin.com\/turunky"]}]}},"lang":"fi","translations":{"fi":12463,"en":51547},"pll_sync_post":{"fi":true},"_links":{"self":[{"href":"https:\/\/www.tuky.fi\/etusivu\/wp-json\/wp\/v2\/pages\/12463","targetHints":{"allow":["GET"]}}],"collection":[{"href":"https:\/\/www.tuky.fi\/etusivu\/wp-json\/wp\/v2\/pages"}],"about":[{"href":"https:\/\/www.tuky.fi\/etusivu\/wp-json\/wp\/v2\/types\/page"}],"author":[{"embeddable":true,"href":"https:\/\/www.tuky.fi\/etusivu\/wp-json\/wp\/v2\/users\/1"}],"replies":[{"embeddable":true,"href":"https:\/\/www.tuky.fi\/etusivu\/wp-json\/wp\/v2\/comments?post=12463"}],"version-history":[{"count":1,"href":"https:\/\/www.tuky.fi\/etusivu\/wp-json\/wp\/v2\/pages\/12463\/revisions"}],"predecessor-version":[{"id":53152,"href":"https:\/\/www.tuky.fi\/etusivu\/wp-json\/wp\/v2\/pages\/12463\/revisions\/53152"}],"wp:featuredmedia":[{"embeddable":true,"href":"https:\/\/www.tuky.fi\/etusivu\/wp-json\/"}],"wp:attachment":[{"href":"https:\/\/www.tuky.fi\/etusivu\/wp-json\/wp\/v2\/media?parent=12463"}],"curies":[{"name":"wp","href":"https:\/\/api.w.org\/{rel}","templated":true}]}}