{"id":12392,"date":"2014-10-23T22:22:34","date_gmt":"2014-10-23T20:22:34","guid":{"rendered":"http:\/\/tuky.fi\/?page_id=12392"},"modified":"2026-04-10T18:48:43","modified_gmt":"2026-04-10T15:48:43","slug":"viestintavastaava","status":"publish","type":"page","link":"https:\/\/www.tuky.fi\/etusivu\/viestintavastaava\/","title":{"rendered":"Viestint\u00e4vastaava"},"content":{"rendered":"<p>[et_pb_section fb_built=&#8221;1&#8243; admin_label=&#8221;section&#8221; _builder_version=&#8221;4.16&#8243; global_colors_info=&#8221;{}&#8221;][et_pb_row _builder_version=&#8221;4.27.4&#8243; _module_preset=&#8221;default&#8221; global_colors_info=&#8221;{}&#8221;][et_pb_column type=&#8221;4_4&#8243; _builder_version=&#8221;4.27.4&#8243; _module_preset=&#8221;default&#8221; global_colors_info=&#8221;{}&#8221;][et_pb_text _builder_version=&#8221;4.27.4&#8243; _module_preset=&#8221;default&#8221; global_colors_info=&#8221;{}&#8221;]<\/p>\n<p style=\"text-align: left;\">In English below.<\/p>\n<p>[\/et_pb_text][\/et_pb_column][\/et_pb_row][et_pb_row column_structure=&#8221;3_4,1_4&#8243; _builder_version=&#8221;4.27.4&#8243; _module_preset=&#8221;default&#8221; global_colors_info=&#8221;{}&#8221;][et_pb_column type=&#8221;3_4&#8243; _builder_version=&#8221;4.27.4&#8243; _module_preset=&#8221;default&#8221; global_colors_info=&#8221;{}&#8221;][et_pb_text _builder_version=&#8221;4.27.4&#8243; _module_preset=&#8221;default&#8221; global_colors_info=&#8221;{}&#8221; custom_margin=&#8221;||133px|||&#8221;]<\/p>\n<h1><b>Viestint\u00e4sektori<\/b><\/h1>\n<p><b>\u00a0<\/b><\/p>\n<p><span style=\"font-weight: 400;\">Viestint\u00e4sektori vastaa kaikesta Turun KY:n alla tapahtuvasta viestinn\u00e4st\u00e4 sek\u00e4 siit\u00e4, ett\u00e4 viestint\u00e4 on ohjeiden ja yhdistyksen br\u00e4ndin mukaista. Viestint\u00e4sektorin vastuulla on my\u00f6s yleisesti Turun KY:n br\u00e4ndi sek\u00e4 viestinn\u00e4n pitk\u00e4n aikav\u00e4lin suunnittelu ja kehitt\u00e4minen yhdess\u00e4 muun hallituksen, viestint\u00e4tiimin sek\u00e4 erin\u00e4isten projektien kanssa.<\/span><\/p>\n<p><span style=\"font-weight: 400;\">Turun KY:n hallitus on valmistellut viestint\u00e4sektorin jakoa kahteen erilliseen pestiin tulevalle hallituskaudelle. Viestint\u00e4sektori tullaan jakamaan viestint\u00e4vastaavan ja mediavastaavan erillisiin pesteihin. Viestint\u00e4sektorin tulee perehty\u00e4 tarkasti Turun KY:n organisaatioon ja toimintaan, jotta p\u00e4ivitt\u00e4inen viestint\u00e4 eri kanavissa on sujuvaa ja ajankohtaista sek\u00e4 tavoittaa toivotun yleis\u00f6n. Pesteihin kuuluu my\u00f6s paljon operatiivista toimintaa, kuten s\u00e4hk\u00f6postiviestien ja somemaateriaalien moderointia, viikkotiedotteiden luomista ja neuvonantoa toimijoille. Operatiivinen ty\u00f6 tullaan jakamaan sektorin kesken vuoroviikoille.<\/span><\/p>\n<p><span style=\"font-weight: 400;\">\u00a0<\/span><\/p>\n<p><b>Viestint\u00e4vastaava<\/b><\/p>\n<p><span style=\"font-weight: 400;\">Operatiivisen ty\u00f6n lis\u00e4ksi viestint\u00e4vastaava vastaa Turun KY:n kirjallisesta viestinn\u00e4st\u00e4 ja sen laadusta. Teht\u00e4v\u00e4\u00e4n kuuluu muun muassa tiedotteiden, julkaisujen, kannanottojen ja virallisten dokumenttien kieliasusta ja selkeydest\u00e4 huolehtimien. Viestint\u00e4vastaava yll\u00e4pit\u00e4\u00e4 my\u00f6s yhdistyksen nettisivuja ja huolehtii niiden ajantasaisuudesta. Lis\u00e4ksi teht\u00e4v\u00e4\u00e4n kuuluu s\u00e4hk\u00f6postilistojen moderointi, nettisivujen k\u00e4ytt\u00e4j\u00e4tunnusten hallinta sek\u00e4 toimijoiden viestint\u00e4koulutuksen organisointi.<\/span><\/p>\n<p><span style=\"font-weight: 400;\">Viestint\u00e4vastaava puheenjohtaa viestint\u00e4tiimi\u00e4, yht\u00e4 Turun KY:n asiantuntijaelimist\u00e4. Viestint\u00e4tiimi toimittaa KYlisteen viisi kertaa vuodessa sek\u00e4 ideoi, miten Turun KY:n viestint\u00e4\u00e4 voitaisiin kehitt\u00e4\u00e4. Viestint\u00e4tiimi toimii viestint\u00e4sektorin tukena erilaisissa teht\u00e4viss\u00e4.<\/span><\/p>\n<p><span style=\"font-weight: 400;\">Viestint\u00e4vastaavan pestiss\u00e4 p\u00e4\u00e4set kehitt\u00e4m\u00e4\u00e4n omaa osaamistasi niin viestinn\u00e4n, kirjoittamisen kuin WordPressin parissa. Hallitusvuosi antaa valtavasti ev\u00e4it\u00e4 ty\u00f6el\u00e4m\u00e4\u00e4n niin konkreettisten viestinn\u00e4n taitojen kuin tiimity\u00f6skentelyn, esihenkil\u00f6kokemuksen ja paineensietokyvyn muodossa.<\/span><\/p>\n<p><span style=\"font-weight: 400;\">\u00a0<\/span><\/p>\n<p><b>Mediavastaava<\/b><\/p>\n<p><span style=\"font-weight: 400;\">Operatiivisen ty\u00f6n lis\u00e4ksi mediavastaava vastaa Turun KY:n viestinn\u00e4n visuaalisesta ilmeest\u00e4 ja sen yhten\u00e4isyydest\u00e4. Teht\u00e4v\u00e4\u00e4n kuuluu yhdistyken p\u00e4ivitt\u00e4isen visuaalisen viestinn\u00e4n, kuten sosiaalisen median julkaisujen ja\u00a0 s\u00e4hk\u00f6postibannereiden- sek\u00e4 hallitusgallerian ja muiden virallisten graafisten materiaalien suunnittelu ja toteutus. Mediavastaava vastaa Turun KY:n sosiaalisen median kanavista sek\u00e4 vastaa my\u00f6s Pupuoppaan ja Bunny Guiden kokoamisesta ja taitosta. Teht\u00e4v\u00e4\u00e4n kuuluu my\u00f6s osallistuminen viestint\u00e4koulutusten j\u00e4rjest\u00e4miseen.\u00a0<\/span><\/p>\n<p><span style=\"font-weight: 400;\">Mediavastaava toimii sihteerin\u00e4 viestint\u00e4tiimiss\u00e4, yhdess\u00e4 Turun KY:n asiantuntijaelimist\u00e4. Viestint\u00e4tiimi toimittaa KYlisteen viisi kertaa vuodessa sek\u00e4 ideoi, miten Turun KY:n viestint\u00e4\u00e4 voitaisiin kehitt\u00e4\u00e4. Viestint\u00e4tiimi toimii viestint\u00e4sektorin tukena erilaisissa teht\u00e4viss\u00e4.<\/span><\/p>\n<p><span style=\"font-weight: 400;\">Mediavastaavan pestiss\u00e4 p\u00e4\u00e4set kehitt\u00e4m\u00e4\u00e4n omaa visuaalista osaamista ja viestinn\u00e4n taitoja monipuolisesti sosiaalisen median alustojen, Adoben CC ohjemien ja Canvan parissa. Hallitusvuosi antaa arvokasta kokemusta ty\u00f6el\u00e4m\u00e4\u00e4n tiimity\u00f6skentelyn, projektihallinnan, paineensietokyvyn ja luovan suunnittelun parissa.<\/span><\/p>\n<p><span style=\"font-weight: 400;\">\u00a0<\/span><\/p>\n<p><span style=\"font-weight: 400;\">\u00a0<\/span><span style=\"font-weight: 400;\">\u00a0<\/span><span style=\"font-weight: 400;\">\u00a0<\/span><\/p>\n<p><span style=\"font-weight: 400;\">Aikaisempaa kokemusta mist\u00e4\u00e4n yll\u00e4 mainituista teht\u00e4vist\u00e4 tai ohjelmien k\u00e4yt\u00f6st\u00e4 ei pesteihin vaadita, vaan teht\u00e4viin perehdytet\u00e4\u00e4n perusteellisesti. Omalla kiinnostuksella ja motivaatiolla p\u00e4\u00e4see todella pitk\u00e4lle! Haettavia pestej\u00e4 on kaksi, joten sektorin sis\u00e4inen yhteisty\u00f6 tulee olemaan tiivist\u00e4.\u00a0<\/span><\/p>\n<p><span style=\"font-weight: 400;\">Mik\u00e4li sinulla on kysytt\u00e4v\u00e4\u00e4 viestint\u00e4sektorin pesteihin liittyen, voit laittaa s\u00e4hk\u00f6postia osoitteeseen <\/span><span style=\"font-weight: 400;\">viestinta@tuky.fi<\/span><span style=\"font-weight: 400;\"> tai tulla nyk\u00e4isem\u00e4\u00e4n hihasta koululla! Tsemppi\u00e4 hakuun! &lt;3<\/span><\/p>\n<p>&nbsp;<\/p>\n<h3><b>Kysymykset:<\/b><\/h3>\n<p><b>Yleiset:<\/b><\/p>\n<ol>\n<li style=\"font-weight: 400;\" aria-level=\"1\"><span style=\"font-weight: 400;\">Nimi ja vuosikurssi<\/span><\/li>\n<li style=\"font-weight: 400;\" aria-level=\"1\"><span style=\"font-weight: 400;\">Aktiivisuutesi Turun KY:ll\u00e4 ja muut aiemmat luottamustoimet?<\/span><\/li>\n<li style=\"font-weight: 400;\" aria-level=\"1\"><span style=\"font-weight: 400;\">Ensi vuoden suunnitelmasi (ts. muut mahdolliset p\u00e4\u00e4llekk\u00e4iset projektit)<\/span><\/li>\n<\/ol>\n<p>&nbsp;<\/p>\n<p><b>Viestint\u00e4vastaavan\u00a0 kysymykset:<\/b><\/p>\n<ol>\n<li style=\"font-weight: 400;\" aria-level=\"1\"><span style=\"font-weight: 400;\">Millainen on mielest\u00e4si Turun KY:n br\u00e4ndi ja miten kehitt\u00e4isit sit\u00e4 eteenp\u00e4in eri kanavissa?<\/span><\/li>\n<li style=\"font-weight: 400;\" aria-level=\"1\"><span style=\"font-weight: 400;\">Mik\u00e4 on mielest\u00e4si Turun KY:n t\u00e4rkein viestint\u00e4kanava ja miten kehitt\u00e4isit sit\u00e4 eteenp\u00e4in?<\/span><\/li>\n<li style=\"font-weight: 400;\" aria-level=\"1\"><span style=\"font-weight: 400;\">Millaisena n\u00e4et nettisivujen roolin TuKYn viestint\u00e4kanavana? Miten l\u00e4htisit uudistamaan niit\u00e4 tulevaisuudessa?<\/span><\/li>\n<\/ol>\n<p>&nbsp;<\/p>\n<p><b>Mediavastaavan\u00a0 kysymykset:<\/b><\/p>\n<ol>\n<li style=\"font-weight: 400;\" aria-level=\"1\"><span style=\"font-weight: 400;\">Millainen on mielest\u00e4si Turun KY:n br\u00e4ndi ja miten kehitt\u00e4isit sit\u00e4 eteenp\u00e4in eri kanavissa?<\/span><\/li>\n<li style=\"font-weight: 400;\" aria-level=\"1\"><span style=\"font-weight: 400;\">Mik\u00e4 on mielest\u00e4si Turun KY:n t\u00e4rkein viestint\u00e4kanava ja miten kehitt\u00e4isit sit\u00e4 eteenp\u00e4in?<\/span><\/li>\n<li style=\"font-weight: 400;\" aria-level=\"1\"><span style=\"font-weight: 400;\">\u00a0<\/span><span style=\"font-weight: 400;\">Millaisena n\u00e4et TuKYn somepresenssin? Miten sit\u00e4 voisi kehitt\u00e4\u00e4 tulevaisuudessa?<\/span><\/li>\n<\/ol>\n<p><span style=\"font-weight: 400;\"><\/span><\/p>\n<p><span style=\"font-weight: 400;\"><\/span><\/p>\n<p>[\/et_pb_text][\/et_pb_column][et_pb_column type=&#8221;1_4&#8243; _builder_version=&#8221;4.27.4&#8243; _module_preset=&#8221;default&#8221; global_colors_info=&#8221;{}&#8221;][et_pb_team_member name=&#8221;Helmi K\u00e4rj\u00e4&#8221; position=&#8221;Viestint\u00e4vastaava&#8221; image_url=&#8221;https:\/\/www.tuky.fi\/wp-content\/uploads\/2025\/03\/Helmi-Karja.jpeg&#8221; _builder_version=&#8221;4.27.4&#8243; _module_preset=&#8221;default&#8221; header_text_color=&#8221;#000000&#8243; global_colors_info=&#8221;{}&#8221;]<\/p>\n<p>viestinta<\/p>\n<p>[\/et_pb_team_member][\/et_pb_column][\/et_pb_row][et_pb_row column_structure=&#8221;3_4,1_4&#8243; _builder_version=&#8221;3.25&#8243; custom_padding=&#8221;0px|0px|59px|0px&#8221; custom_css_main_element=&#8221;Hallitus 2017&#8243; global_module=&#8221;25715&#8243; saved_tabs=&#8221;all&#8221; global_colors_info=&#8221;{}&#8221;][et_pb_column type=&#8221;3_4&#8243; _builder_version=&#8221;4.16&#8243; background_position=&#8221;top_left&#8221; custom_padding=&#8221;|||&#8221; global_colors_info=&#8221;{}&#8221; custom_padding__hover=&#8221;|||&#8221;][et_pb_text _builder_version=&#8221;4.27.4&#8243; text_text_color=&#8221;#000000&#8243; header_text_color=&#8221;#000000&#8243; global_colors_info=&#8221;{}&#8221;]<\/p>\n<h5><\/h5>\n<h1 class=\"Title\"><span style=\"color: #000000;\">Communications sector<\/span><\/h1>\n<p>&nbsp;<\/p>\n<p><span style=\"font-weight: 400;\">The communications sector is responsible for all communications under Turun KY and for ensuring that communications comply with guidelines and the association&#8217;s brand. The communications sector is also responsible for the overall brand of Turun KY and the long-term planning and development of communications in collaboration with the rest of the board, the Communications Team and various projects.<\/span><span style=\"font-weight: 400;\">\u00a0<\/span><\/p>\n<p><span style=\"font-weight: 400;\">Turun KY\u2019s board has prepared to divide the communications sector into two separate positions for the upcoming board term. The communications sector will be divided into separate positions for Head of Communications and Head of Media. The communications sector must be thoroughly familiar with the organization and its activities in order to ensure that daily communications across different channels are smooth and timely, and reach the desired audience. The positions also involve a lot of operational work, such as moderating emails and social media content, creating weekly newsletters, and advising operators. The operational work will be divided between the sector on a weekly basis.<\/span><\/p>\n<p>&nbsp;<\/p>\n<p><b>Head of Communications<\/b><\/p>\n<p><span style=\"font-weight: 400;\">\u00a0<\/span><span style=\"font-weight: 400;\">In addition to operational work, the Head of Communications is responsible for Turun KY&#8217;s written communications and their quality. The role includes ensuring the linguistic quality and clarity of publications, statements, and official documents. The Head of Communications also maintains the association&#8217;s website and ensures that it is kept up to date. In addition, the role includes moderating email lists, managing website user accounts, and organizing communication training for operators.<\/span><\/p>\n<p><span style=\"font-weight: 400;\">The Head of Communications chairs the Communications Team, one of Turun KY&#8217;s expert institutions. The communications team publishes KYliste five times a year and comes up with ideas on how to develop Turun KY&#8217;s communications. The Communications Team supports the communications sector in various tasks.<\/span><span style=\"font-weight: 400;\">\u00a0<\/span><\/p>\n<p><span style=\"font-weight: 400;\">As the Head of Communications, you will have the opportunity to develop your skills in communications, writing, and WordPress. A year on the board provides valuable experience for working life in the form of concrete communications skills, teamwork experience, leadership experience, and the ability to work under pressure.<\/span><\/p>\n<p>&nbsp;<\/p>\n<p><b>Head of Media<\/b><\/p>\n<p><span style=\"font-weight: 400;\">In addition to operational work, the Head of Media is responsible for the visual identity and consistency of Turun KY&#8217;s communications. The role involves the design and implementation of the association&#8217;s daily visual communications, such as social media posts and email banners among the board gallery, and other official graphic materials. The Head of Media is responsible for Turun KY&#8217;s social media channels and also for compiling and editing the Pupuopas and the Bunny Guide. The role also involves participating in the organization of communication training.<\/span><\/p>\n<p><span style=\"font-weight: 400;\">The Head of Media acts as the secretary to the Communications Team, one of Turun KY&#8217;s expert institutions. The Communications Team publishes KYliste five times a year and comes up with ideas on how to develop Turun KY&#8217;s communications. The Communications Team supports the communications sector in various tasks.<\/span><\/p>\n<p><span style=\"font-weight: 400;\">As the Head of Media, you will have the opportunity to develop your visual and communication skills in a variety of ways using social media platforms, Adobe CC software, and Canva. A year on the board provides valuable experience for working life in teamwork, project management, ability to work under pressure, and creative planning.<\/span><\/p>\n<p>&nbsp;<\/p>\n<p><span style=\"font-weight: 400;\">No previous experience of any of the above tasks or using programs is required for the positions, as you will receive thorough training. Your own interest and motivation will take you a long way! There are two positions available, so there will be close cooperation within the sector.\u00a0<\/span><\/p>\n<p><span style=\"font-weight: 400;\">If you have any questions about the communications sector posts, please send an email to viestinta@tuky.fi or come and talk to us at school! Good luck with the application process! &lt;3<\/span><\/p>\n<p><span style=\"font-weight: 400;\"><\/span><\/p>\n<h3>Questions:<\/h3>\n<p><strong>General:<\/strong><\/p>\n<ol>\n<li><span>Your name and class? <\/span><\/li>\n<li><span>Your activity within Turun KY and other previous positions of trust:<\/span><\/li>\n<li><span>Your plans for the upcoming year (i.e. any other potential overlapping projects):<\/span><\/li>\n<\/ol>\n<p><span><\/span><\/p>\n<p><b>Questions for the Head of Communications:<\/b><\/p>\n<ol>\n<li style=\"font-weight: 400;\" aria-level=\"1\"><span style=\"font-weight: 400;\">What do you think Turun KY&#8217;s brand is like, and how would you develop it further in different channels?<\/span><\/li>\n<li style=\"font-weight: 400;\" aria-level=\"1\"><span style=\"font-weight: 400;\">What do you think is Turun KY&#8217;s most important communication channel and how would you develop it further?<\/span><\/li>\n<li style=\"font-weight: 400;\" aria-level=\"1\"><span style=\"font-weight: 400;\">How do you see the role of TuKY&#8217;s website as a communication channel and how would you start to renew it in the future?<\/span><\/li>\n<\/ol>\n<p>&nbsp;<\/p>\n<p><b>Questions for the Head of Media:<\/b><\/p>\n<ol>\n<li style=\"font-weight: 400;\" aria-level=\"1\"><span style=\"font-weight: 400;\">What do you think Turun KY&#8217;s brand is like and how would you develop it further in different channels?<\/span><\/li>\n<li style=\"font-weight: 400;\" aria-level=\"1\"><span style=\"font-weight: 400;\">What do you think is Turun KY&#8217;s most important communication channel and how would you develop it further?<\/span><\/li>\n<li style=\"font-weight: 400;\" aria-level=\"1\"><span style=\"font-weight: 400;\">How do you see TuKY&#8217;s social media presence? How could it be developed in the future?<\/span><\/li>\n<\/ol>\n<ol><\/ol>\n<ol><\/ol>\n<p>[\/et_pb_text][\/et_pb_column][et_pb_column type=&#8221;1_4&#8243; _builder_version=&#8221;4.16&#8243; background_position=&#8221;top_left&#8221; custom_padding=&#8221;|||&#8221; global_colors_info=&#8221;{}&#8221; custom_padding__hover=&#8221;|||&#8221;][et_pb_team_member name=&#8221;Helmi K\u00e4rj\u00e4&#8221; position=&#8221;Viestint\u00e4vastaava&#8221; image_url=&#8221;https:\/\/www.tuky.fi\/wp-content\/uploads\/2025\/03\/Helmi-Karja.jpeg&#8221; _builder_version=&#8221;4.27.4&#8243; header_text_color=&#8221;#000000&#8243; global_colors_info=&#8221;{}&#8221;]<\/p>\n<p>viestinta@tuky.fi<\/p>\n<p>[\/et_pb_team_member][\/et_pb_column][\/et_pb_row][\/et_pb_section]<\/p>\n","protected":false},"excerpt":{"rendered":"<p>In English below.Viestint\u00e4sektori \u00a0 Viestint\u00e4sektori vastaa kaikesta Turun KY:n alla tapahtuvasta viestinn\u00e4st\u00e4 sek\u00e4 siit\u00e4, ett\u00e4 viestint\u00e4 on ohjeiden ja yhdistyksen br\u00e4ndin mukaista. Viestint\u00e4sektorin vastuulla on my\u00f6s yleisesti Turun KY:n br\u00e4ndi [&hellip;]<\/p>\n","protected":false},"author":1,"featured_media":15864,"parent":0,"menu_order":11,"comment_status":"open","ping_status":"closed","template":"","meta":{"_et_pb_use_builder":"on","_et_pb_old_content":"\u00a0\r\n\r\n[caption id=\"attachment_17831\" align=\"aligncenter\" width=\"230\"]<img class=\"wp-image-17831\" src=\"http:\/\/turunky.fi\/wordpress\/wp-content\/uploads\/2016\/03\/Anna2-726x1024.jpg\" alt=\"Anna2\" width=\"230\" height=\"324\" \/> Anna Nukarinen[\/caption]\r\n\r\n\u00a0\r\n\r\n<b>Mit\u00e4 hallituspestiini kuuluu?<\/b>\r\n\r\n<span style=\"line-height: 1.5;\">Viestint\u00e4vastaavalla on vastuu kaikesta Turun KY:n viestinn\u00e4st\u00e4 sek\u00e4 siit\u00e4, ett\u00e4 se on s\u00e4\u00e4nt\u00f6jen ja ohjeiden mukaista. My\u00f6s viestinn\u00e4n pitk\u00e4n aikav\u00e4lin suunnittelu on harteillani yhdess\u00e4 hallituksen kanssa.<\/span>\r\n\r\nPestiin kuuluu paljon my\u00f6s operatiivista toimintaa: s\u00e4hk\u00f6postilistojen moderointia, KYr\u00e4ilij\u00e4n tekoa, sosiaalisen median yll\u00e4pitoa, neuvojenantoa ihmisille ja perehdytyst\u00e4 Turun KY:n viestinn\u00e4n saloihin. Taidot, kuten\u00a0valokuvaus, Adobe Photoshop tai InDesign ovat eritt\u00e4in hy\u00f6dyllisi\u00e4.\u00a0Viestint\u00e4vastaavan pestiss\u00e4 yksi parhaimpia asioita onkin ollut se, ett\u00e4 olen p\u00e4\u00e4ssyt k\u00e4ytt\u00e4m\u00e4\u00e4n luovuutta niin tapahtumacovereiden, julisteiden kuin\u00a0instagram-p\u00e4ivitystenkin suunnittelussa.\r\n\r\nT\u00e4rkeit\u00e4 ominaisuuksia ovat huolellisuus, avuliaisuus ja tunnollisuus. Viestint\u00e4vastaavan t\u00e4ytyy olla hyvin perill\u00e4 Turun KY:n organisaatiosta ja toiminnasta, jotta p\u00e4ivitt\u00e4inen viestint\u00e4 eri kanavissa on oikeaa ja ajankohtaista.\r\n\r\nMik\u00e4li sinulla on kysytt\u00e4v\u00e4\u00e4 hallituspestiini liittyen, voit laittaa s\u00e4hk\u00f6postia osoitteeseen <a href=\"mailto:viestinta@tuky.fi\">viestinta@tuky.fi<\/a>.\r\n\r\n[separator]\r\n\r\n<strong>Kysymykset:<\/strong>\r\n\r\nYleiset:\r\n\r\n1. Nimi ja vuosikurssi\r\n2. Aktiivisuutesi Turun KY:ll\u00e4 ja muut aiemmat luottamustoimet?\r\n3. Ensi vuoden suunnitelmasi\u00a0(ts. muut mahdolliset p\u00e4\u00e4llekk\u00e4iset projektit)\r\n\r\nSektorikohtaiset:\r\n\r\n1.\u00a0Mik\u00e4 on Turun KY:n t\u00e4rkein viestint\u00e4kanava ja miten kehitt\u00e4isit sit\u00e4?\r\n2.\u00a0Mink\u00e4lainen viestint\u00e4vastaavan suhde\u00a0jaostojen ja toimijaryhmien tiedottajiin pit\u00e4isi mielest\u00e4si olla?\r\n3. Miten kehitt\u00e4isit KYr\u00e4ilij\u00e4-viikkotiedotetta?\r\n4. Jos saisit toteuttaa mink\u00e4 vain viestint\u00e4\u00e4n liittyv\u00e4n projektin Turun KY:ll\u00e4, mik\u00e4 se olisi?","_et_gb_content_width":"","footnotes":""},"class_list":["post-12392","page","type-page","status-publish","has-post-thumbnail","hentry"],"yoast_head":"<!-- This site is optimized with the Yoast SEO plugin v27.2 - https:\/\/yoast.com\/product\/yoast-seo-wordpress\/ -->\n<title>Turun KY Viestint\u00e4vastaava<\/title>\n<meta name=\"robots\" content=\"index, follow, max-snippet:-1, max-image-preview:large, max-video-preview:-1\" \/>\n<link rel=\"canonical\" href=\"https:\/\/www.tuky.fi\/etusivu\/viestintavastaava\/\" \/>\n<meta property=\"og:locale\" content=\"fi_FI\" \/>\n<meta property=\"og:type\" content=\"article\" \/>\n<meta property=\"og:title\" content=\"Turun KY Viestint\u00e4vastaava\" \/>\n<meta property=\"og:description\" content=\"In English below.Viestint\u00e4sektori \u00a0 Viestint\u00e4sektori vastaa kaikesta Turun KY:n alla tapahtuvasta viestinn\u00e4st\u00e4 sek\u00e4 siit\u00e4, ett\u00e4 viestint\u00e4 on ohjeiden ja yhdistyksen br\u00e4ndin mukaista. Viestint\u00e4sektorin vastuulla on my\u00f6s yleisesti Turun KY:n br\u00e4ndi [&hellip;]\" \/>\n<meta property=\"og:url\" content=\"https:\/\/www.tuky.fi\/etusivu\/viestintavastaava\/\" \/>\n<meta property=\"og:site_name\" content=\"Turun KY\" \/>\n<meta property=\"article:modified_time\" content=\"2026-04-10T15:48:43+00:00\" \/>\n<meta name=\"twitter:card\" content=\"summary_large_image\" \/>\n<meta name=\"twitter:label1\" content=\"Arvioitu lukuaika\" \/>\n\t<meta name=\"twitter:data1\" content=\"5 minuuttia\" \/>\n<script type=\"application\/ld+json\" class=\"yoast-schema-graph\">{\"@context\":\"https:\/\/schema.org\",\"@graph\":[{\"@type\":\"WebPage\",\"@id\":\"https:\/\/www.tuky.fi\/etusivu\/viestintavastaava\/\",\"url\":\"https:\/\/www.tuky.fi\/etusivu\/viestintavastaava\/\",\"name\":\"Turun KY Viestint\u00e4vastaava\",\"isPartOf\":{\"@id\":\"https:\/\/www.tuky.fi\/etusivu\/#website\"},\"primaryImageOfPage\":{\"@id\":\"https:\/\/www.tuky.fi\/etusivu\/viestintavastaava\/#primaryimage\"},\"image\":{\"@id\":\"https:\/\/www.tuky.fi\/etusivu\/viestintavastaava\/#primaryimage\"},\"thumbnailUrl\":\"\",\"datePublished\":\"2014-10-23T20:22:34+00:00\",\"dateModified\":\"2026-04-10T15:48:43+00:00\",\"breadcrumb\":{\"@id\":\"https:\/\/www.tuky.fi\/etusivu\/viestintavastaava\/#breadcrumb\"},\"inLanguage\":\"fi\",\"potentialAction\":[{\"@type\":\"ReadAction\",\"target\":[\"https:\/\/www.tuky.fi\/etusivu\/viestintavastaava\/\"]}]},{\"@type\":\"ImageObject\",\"inLanguage\":\"fi\",\"@id\":\"https:\/\/www.tuky.fi\/etusivu\/viestintavastaava\/#primaryimage\",\"url\":\"\",\"contentUrl\":\"\"},{\"@type\":\"BreadcrumbList\",\"@id\":\"https:\/\/www.tuky.fi\/etusivu\/viestintavastaava\/#breadcrumb\",\"itemListElement\":[{\"@type\":\"ListItem\",\"position\":1,\"name\":\"Etusivu\",\"item\":\"https:\/\/www.tuky.fi\/etusivu\/\"},{\"@type\":\"ListItem\",\"position\":2,\"name\":\"Viestint\u00e4vastaava\"}]},{\"@type\":\"WebSite\",\"@id\":\"https:\/\/www.tuky.fi\/etusivu\/#website\",\"url\":\"https:\/\/www.tuky.fi\/etusivu\/\",\"name\":\"Turun KY\",\"description\":\"TuKY\",\"publisher\":{\"@id\":\"https:\/\/www.tuky.fi\/etusivu\/#organization\"},\"alternateName\":\"TuKY\",\"potentialAction\":[{\"@type\":\"SearchAction\",\"target\":{\"@type\":\"EntryPoint\",\"urlTemplate\":\"https:\/\/www.tuky.fi\/etusivu\/?s={search_term_string}\"},\"query-input\":{\"@type\":\"PropertyValueSpecification\",\"valueRequired\":true,\"valueName\":\"search_term_string\"}}],\"inLanguage\":\"fi\"},{\"@type\":\"Organization\",\"@id\":\"https:\/\/www.tuky.fi\/etusivu\/#organization\",\"name\":\"Turun KY\",\"alternateName\":\"TuKY\",\"url\":\"https:\/\/www.tuky.fi\/etusivu\/\",\"logo\":{\"@type\":\"ImageObject\",\"inLanguage\":\"fi\",\"@id\":\"https:\/\/www.tuky.fi\/etusivu\/#\/schema\/logo\/image\/\",\"url\":\"https:\/\/www.tuky.fi\/wp-content\/uploads\/2024\/09\/TuKY-logo-kulta-1.png\",\"contentUrl\":\"https:\/\/www.tuky.fi\/wp-content\/uploads\/2024\/09\/TuKY-logo-kulta-1.png\",\"width\":1080,\"height\":1080,\"caption\":\"Turun KY\"},\"image\":{\"@id\":\"https:\/\/www.tuky.fi\/etusivu\/#\/schema\/logo\/image\/\"},\"sameAs\":[\"https:\/\/instagram.com\/turunky\",\"https:\/\/linkedin.com\/turunky\"]}]}<\/script>\n<!-- \/ Yoast SEO plugin. -->","yoast_head_json":{"title":"Turun KY Viestint\u00e4vastaava","robots":{"index":"index","follow":"follow","max-snippet":"max-snippet:-1","max-image-preview":"max-image-preview:large","max-video-preview":"max-video-preview:-1"},"canonical":"https:\/\/www.tuky.fi\/etusivu\/viestintavastaava\/","og_locale":"fi_FI","og_type":"article","og_title":"Turun KY Viestint\u00e4vastaava","og_description":"In English below.Viestint\u00e4sektori \u00a0 Viestint\u00e4sektori vastaa kaikesta Turun KY:n alla tapahtuvasta viestinn\u00e4st\u00e4 sek\u00e4 siit\u00e4, ett\u00e4 viestint\u00e4 on ohjeiden ja yhdistyksen br\u00e4ndin mukaista. Viestint\u00e4sektorin vastuulla on my\u00f6s yleisesti Turun KY:n br\u00e4ndi [&hellip;]","og_url":"https:\/\/www.tuky.fi\/etusivu\/viestintavastaava\/","og_site_name":"Turun KY","article_modified_time":"2026-04-10T15:48:43+00:00","twitter_card":"summary_large_image","twitter_misc":{"Arvioitu lukuaika":"5 minuuttia"},"schema":{"@context":"https:\/\/schema.org","@graph":[{"@type":"WebPage","@id":"https:\/\/www.tuky.fi\/etusivu\/viestintavastaava\/","url":"https:\/\/www.tuky.fi\/etusivu\/viestintavastaava\/","name":"Turun KY Viestint\u00e4vastaava","isPartOf":{"@id":"https:\/\/www.tuky.fi\/etusivu\/#website"},"primaryImageOfPage":{"@id":"https:\/\/www.tuky.fi\/etusivu\/viestintavastaava\/#primaryimage"},"image":{"@id":"https:\/\/www.tuky.fi\/etusivu\/viestintavastaava\/#primaryimage"},"thumbnailUrl":"","datePublished":"2014-10-23T20:22:34+00:00","dateModified":"2026-04-10T15:48:43+00:00","breadcrumb":{"@id":"https:\/\/www.tuky.fi\/etusivu\/viestintavastaava\/#breadcrumb"},"inLanguage":"fi","potentialAction":[{"@type":"ReadAction","target":["https:\/\/www.tuky.fi\/etusivu\/viestintavastaava\/"]}]},{"@type":"ImageObject","inLanguage":"fi","@id":"https:\/\/www.tuky.fi\/etusivu\/viestintavastaava\/#primaryimage","url":"","contentUrl":""},{"@type":"BreadcrumbList","@id":"https:\/\/www.tuky.fi\/etusivu\/viestintavastaava\/#breadcrumb","itemListElement":[{"@type":"ListItem","position":1,"name":"Etusivu","item":"https:\/\/www.tuky.fi\/etusivu\/"},{"@type":"ListItem","position":2,"name":"Viestint\u00e4vastaava"}]},{"@type":"WebSite","@id":"https:\/\/www.tuky.fi\/etusivu\/#website","url":"https:\/\/www.tuky.fi\/etusivu\/","name":"Turun KY","description":"TuKY","publisher":{"@id":"https:\/\/www.tuky.fi\/etusivu\/#organization"},"alternateName":"TuKY","potentialAction":[{"@type":"SearchAction","target":{"@type":"EntryPoint","urlTemplate":"https:\/\/www.tuky.fi\/etusivu\/?s={search_term_string}"},"query-input":{"@type":"PropertyValueSpecification","valueRequired":true,"valueName":"search_term_string"}}],"inLanguage":"fi"},{"@type":"Organization","@id":"https:\/\/www.tuky.fi\/etusivu\/#organization","name":"Turun KY","alternateName":"TuKY","url":"https:\/\/www.tuky.fi\/etusivu\/","logo":{"@type":"ImageObject","inLanguage":"fi","@id":"https:\/\/www.tuky.fi\/etusivu\/#\/schema\/logo\/image\/","url":"https:\/\/www.tuky.fi\/wp-content\/uploads\/2024\/09\/TuKY-logo-kulta-1.png","contentUrl":"https:\/\/www.tuky.fi\/wp-content\/uploads\/2024\/09\/TuKY-logo-kulta-1.png","width":1080,"height":1080,"caption":"Turun KY"},"image":{"@id":"https:\/\/www.tuky.fi\/etusivu\/#\/schema\/logo\/image\/"},"sameAs":["https:\/\/instagram.com\/turunky","https:\/\/linkedin.com\/turunky"]}]}},"lang":"fi","translations":{"fi":12392,"en":51554},"pll_sync_post":{"fi":true},"_links":{"self":[{"href":"https:\/\/www.tuky.fi\/etusivu\/wp-json\/wp\/v2\/pages\/12392","targetHints":{"allow":["GET"]}}],"collection":[{"href":"https:\/\/www.tuky.fi\/etusivu\/wp-json\/wp\/v2\/pages"}],"about":[{"href":"https:\/\/www.tuky.fi\/etusivu\/wp-json\/wp\/v2\/types\/page"}],"author":[{"embeddable":true,"href":"https:\/\/www.tuky.fi\/etusivu\/wp-json\/wp\/v2\/users\/1"}],"replies":[{"embeddable":true,"href":"https:\/\/www.tuky.fi\/etusivu\/wp-json\/wp\/v2\/comments?post=12392"}],"version-history":[{"count":1,"href":"https:\/\/www.tuky.fi\/etusivu\/wp-json\/wp\/v2\/pages\/12392\/revisions"}],"predecessor-version":[{"id":53160,"href":"https:\/\/www.tuky.fi\/etusivu\/wp-json\/wp\/v2\/pages\/12392\/revisions\/53160"}],"wp:featuredmedia":[{"embeddable":true,"href":"https:\/\/www.tuky.fi\/etusivu\/wp-json\/"}],"wp:attachment":[{"href":"https:\/\/www.tuky.fi\/etusivu\/wp-json\/wp\/v2\/media?parent=12392"}],"curies":[{"name":"wp","href":"https:\/\/api.w.org\/{rel}","templated":true}]}}